{"id":1581,"date":"2022-06-06T08:41:24","date_gmt":"2022-06-06T08:41:24","guid":{"rendered":"https:\/\/web.di.uminho.pt\/sitedi\/?page_id=1581"},"modified":"2025-07-28T14:28:58","modified_gmt":"2025-07-28T14:28:58","slug":"join","status":"publish","type":"page","link":"https:\/\/web.di.uminho.pt\/sitedi\/join\/","title":{"rendered":"Jornadas"},"content":{"rendered":"\t\t<div data-elementor-type=\"wp-page\" data-elementor-id=\"1581\" class=\"elementor elementor-1581\">\n\t\t\t\t\t\t<section class=\"ob-is-breaking-bad elementor-section elementor-top-section elementor-element elementor-element-5d520df5 elementor-section-boxed elementor-section-height-default elementor-section-height-default\" data-id=\"5d520df5\" data-element_type=\"section\" data-e-type=\"section\" data-settings=\"{&quot;_ob_bbad_use_it&quot;:&quot;yes&quot;,&quot;_ob_bbad_sssic_use&quot;:&quot;no&quot;,&quot;_ob_glider_is_slider&quot;:&quot;no&quot;}\">\n\t\t\t\t\t\t<div class=\"elementor-container elementor-column-gap-default\">\n\t\t\t\t\t<div class=\"elementor-column elementor-col-100 elementor-top-column elementor-element elementor-element-63298168\" data-id=\"63298168\" data-element_type=\"column\" data-e-type=\"column\" data-settings=\"{&quot;_ob_bbad_is_stalker&quot;:&quot;no&quot;,&quot;_ob_teleporter_use&quot;:false,&quot;_ob_column_hoveranimator&quot;:&quot;no&quot;,&quot;_ob_column_has_pseudo&quot;:&quot;no&quot;}\">\n\t\t\t<div class=\"elementor-widget-wrap elementor-element-populated\">\n\t\t\t\t\t\t<div class=\"elementor-element elementor-element-3d15e88e ob-harakiri-inherit ob-has-background-overlay elementor-widget elementor-widget-text-editor\" data-id=\"3d15e88e\" data-element_type=\"widget\" data-e-type=\"widget\" data-settings=\"{&quot;_ob_use_harakiri&quot;:&quot;yes&quot;,&quot;_ob_harakiri_writing_mode&quot;:&quot;inherit&quot;,&quot;_ob_postman_use&quot;:&quot;no&quot;,&quot;_ob_perspektive_use&quot;:&quot;no&quot;,&quot;_ob_poopart_use&quot;:&quot;yes&quot;,&quot;_ob_shadough_use&quot;:&quot;no&quot;,&quot;_ob_allow_hoveranimator&quot;:&quot;no&quot;,&quot;_ob_widget_stalker_use&quot;:&quot;no&quot;}\" data-widget_type=\"text-editor.default\">\n\t\t\t\t<div class=\"elementor-widget-container\">\n\t\t\t\t\t\t\t\t\t<img decoding=\"async\" style=\"padding: 1%\" title=\"CG-E\" src=\"https:\/\/web.di.uminho.pt\/sitedi\/wp-content\/uploads\/sites\/11\/2022\/07\/join.jpg\" width=\"30%\" align=\"right\" \/>\nA <strong>JOIN<\/strong> (<strong>JO<\/strong>rnadas de <strong>IN<\/strong>form\u00e1tica) \u00e9 um evento anual que visa promover a intera\u00e7\u00e3o entre os alunos dos cursos de tr\u00eas ciclos de estudos da Universidade do Minho e o meio empresarial, regional ou nacional, que tem sido a sua maior for\u00e7a empregadora.<img decoding=\"async\" style=\"padding: 1%\" title=\"CG-E\" src=\"https:\/\/arquivojoin.di.uminho.pt\/join2014\/fotos\/Join2014_foto_063.jpg\" width=\"50%\" align=\"right\" \/>\n<ul>\n \t<li><a class=\"web\" href=\"http:\/\/join.di.uminho.pt\" target=\"new\">\u00faltima edi\u00e7\u00e3o<\/a><\/li>\n \t<li><a class=\"web\" href=\"https:\/\/2022.join.di.uminho.pt\/\" target=\"new\">edi\u00e7\u00e3o 2022<\/a><\/li>\n \t<li><a class=\"web\" href=\"http:\/\/arquivojoin.di.uminho.pt\/join2019\" target=\"new\">edi\u00e7\u00e3o 2019<\/a><\/li>\n \t<li><a class=\"web\" href=\"http:\/\/arquivojoin.di.uminho.pt\/join2018\" target=\"new\">edi\u00e7\u00e3o 2018<\/a><\/li>\n \t<li><a class=\"web\" href=\"http:\/\/arquivojoin.di.uminho.pt\/join2017\" target=\"new\">edi\u00e7\u00e3o 2017<\/a><\/li>\n \t<li><a class=\"web\" href=\"http:\/\/arquivojoin.di.uminho.pt\/join2016\" target=\"new\">edi\u00e7\u00e3o 2016<\/a><\/li>\n \t<li><a class=\"web\" href=\"http:\/\/arquivojoin.di.uminho.pt\/join2015\" target=\"new\">edi\u00e7\u00e3o 2015<\/a><\/li>\n \t<li><a class=\"web\" href=\"http:\/\/arquivojoin.di.uminho.pt\/join2014\" target=\"new\">edi\u00e7\u00e3o 2014<\/a><\/li>\n \t<li><a class=\"web\" href=\"http:\/\/arquivojoin.di.uminho.pt\/join2013\" target=\"new\">edi\u00e7\u00e3o 2013<\/a><\/li>\n \t<li><a class=\"web\" href=\"http:\/\/arquivojoin.di.uminho.pt\/join2012\" target=\"new\">edi\u00e7\u00e3o 2012<\/a><\/li>\n \t<li><a class=\"web\" href=\"http:\/\/arquivojoin.di.uminho.pt\/join2011\" target=\"new\">edi\u00e7\u00e3o 2011<\/a><\/li>\n \t<li><a class=\"web\" href=\"http:\/\/arquivojoin.di.uminho.pt\/join2010\" target=\"new\">edi\u00e7\u00e3o 2010<\/a><\/li>\n \t<li><a class=\"web\" href=\"http:\/\/arquivojoin.di.uminho.pt\/join2009\" target=\"new\">edi\u00e7\u00e3o 2009<\/a><\/li>\n \t<li><a class=\"web\" href=\"http:\/\/arquivojoin.di.uminho.pt\/join2008\" target=\"new\">edi\u00e7\u00e3o 2008<\/a><\/li>\n \t<li><a class=\"web\" href=\"https:\/\/web.di.uminho.pt\/sitedi\/wp-content\/uploads\/sites\/11\/2025\/07\/join-03.pdf\" target=\"new\">edi\u00e7\u00e3o 2003<\/a><\/li>\n<\/ul>\t\t\t\t\t\t\t\t<\/div>\n\t\t\t\t<\/div>\n\t\t\t\t\t<\/div>\n\t\t<\/div>\n\t\t\t\t\t<\/div>\n\t\t<\/section>\n\t\t\t\t<\/div>\n\t\t","protected":false},"excerpt":{"rendered":"<p>A JOIN (JOrnadas de INform\u00e1tica) \u00e9 um evento anual que visa promover a intera\u00e7\u00e3o entre os alunos dos cursos de tr\u00eas ciclos de estudos da Universidade do Minho e o &#8230;<\/p>\n","protected":false},"author":5,"featured_media":0,"parent":0,"menu_order":0,"comment_status":"closed","ping_status":"closed","template":"","meta":{"_exactmetrics_skip_tracking":false,"_exactmetrics_sitenote_active":false,"_exactmetrics_sitenote_note":"","_exactmetrics_sitenote_category":0,"_themeisle_gutenberg_block_has_review":false,"footnotes":""},"class_list":["post-1581","page","type-page","status-publish","hentry"],"_links":{"self":[{"href":"https:\/\/web.di.uminho.pt\/sitedi\/wp-json\/wp\/v2\/pages\/1581","targetHints":{"allow":["GET"]}}],"collection":[{"href":"https:\/\/web.di.uminho.pt\/sitedi\/wp-json\/wp\/v2\/pages"}],"about":[{"href":"https:\/\/web.di.uminho.pt\/sitedi\/wp-json\/wp\/v2\/types\/page"}],"author":[{"embeddable":true,"href":"https:\/\/web.di.uminho.pt\/sitedi\/wp-json\/wp\/v2\/users\/5"}],"replies":[{"embeddable":true,"href":"https:\/\/web.di.uminho.pt\/sitedi\/wp-json\/wp\/v2\/comments?post=1581"}],"version-history":[{"count":43,"href":"https:\/\/web.di.uminho.pt\/sitedi\/wp-json\/wp\/v2\/pages\/1581\/revisions"}],"predecessor-version":[{"id":4378,"href":"https:\/\/web.di.uminho.pt\/sitedi\/wp-json\/wp\/v2\/pages\/1581\/revisions\/4378"}],"wp:attachment":[{"href":"https:\/\/web.di.uminho.pt\/sitedi\/wp-json\/wp\/v2\/media?parent=1581"}],"curies":[{"name":"wp","href":"https:\/\/api.w.org\/{rel}","templated":true}]}}