{"id":1778,"date":"2022-06-09T07:34:30","date_gmt":"2022-06-09T07:34:30","guid":{"rendered":"https:\/\/web.di.uminho.pt\/sitedi\/?page_id=1778"},"modified":"2026-02-27T18:41:31","modified_gmt":"2026-02-27T18:41:31","slug":"ucs","status":"publish","type":"page","link":"https:\/\/web.di.uminho.pt\/sitedi\/ucs\/","title":{"rendered":"Unidades curriculares"},"content":{"rendered":"\t\t<div data-elementor-type=\"wp-page\" data-elementor-id=\"1778\" class=\"elementor elementor-1778\">\n\t\t\t\t\t\t<section class=\"ob-is-breaking-bad elementor-section elementor-top-section elementor-element elementor-element-5d520df5 elementor-section-boxed elementor-section-height-default elementor-section-height-default\" data-id=\"5d520df5\" data-element_type=\"section\" data-e-type=\"section\" data-settings=\"{&quot;_ob_bbad_use_it&quot;:&quot;yes&quot;,&quot;_ob_bbad_sssic_use&quot;:&quot;no&quot;,&quot;_ob_glider_is_slider&quot;:&quot;no&quot;}\">\n\t\t\t\t\t\t<div class=\"elementor-container elementor-column-gap-default\">\n\t\t\t\t\t<div class=\"elementor-column elementor-col-100 elementor-top-column elementor-element elementor-element-63298168\" data-id=\"63298168\" data-element_type=\"column\" data-e-type=\"column\" data-settings=\"{&quot;_ob_bbad_is_stalker&quot;:&quot;no&quot;,&quot;_ob_teleporter_use&quot;:false,&quot;_ob_column_hoveranimator&quot;:&quot;no&quot;,&quot;_ob_column_has_pseudo&quot;:&quot;no&quot;}\">\n\t\t\t<div class=\"elementor-widget-wrap elementor-element-populated\">\n\t\t\t\t\t\t<div class=\"elementor-element elementor-element-3d15e88e ob-harakiri-inherit ob-has-background-overlay elementor-widget elementor-widget-text-editor\" data-id=\"3d15e88e\" data-element_type=\"widget\" data-e-type=\"widget\" data-settings=\"{&quot;_ob_use_harakiri&quot;:&quot;yes&quot;,&quot;_ob_harakiri_writing_mode&quot;:&quot;inherit&quot;,&quot;_ob_postman_use&quot;:&quot;no&quot;,&quot;_ob_perspektive_use&quot;:&quot;no&quot;,&quot;_ob_poopart_use&quot;:&quot;yes&quot;,&quot;_ob_shadough_use&quot;:&quot;no&quot;,&quot;_ob_allow_hoveranimator&quot;:&quot;no&quot;,&quot;_ob_widget_stalker_use&quot;:&quot;no&quot;}\" data-widget_type=\"text-editor.default\">\n\t\t\t\t<div class=\"elementor-widget-container\">\n\t\t\t\t\t\t\t\t\t<div class=\"row\">\n  <div class=\"column\" style=\"background-color:#fff;width:80%\">\n    O quadro abaixo elenca as 238 <strong>unidades curriculares<\/strong> em que participam actualmente (ano lectivo 2025\/26) os <a href=\"https:\/\/web.di.uminho.pt\/sitedi\/pessoal\/\">docentes<\/a> do <a href=\"https:\/\/web.di.uminho.pt\/sitedi\/\"><strong>DIUM<\/strong><\/a>.<!--, num total de 18318 horas anuais.-->\n<h6><\/h6>Este quadro, que \u00e9 orden\u00e1vel e pesquis\u00e1vel, \u00e9 complementado pelo que lista todos os <strong><a href=\"https:\/\/web.di.uminho.pt\/sitedi\/cursos\/\">cursos<\/a><\/strong>  de que essas disciplinas fazem parte.\n<h6><\/h6>(<strong>NB<\/strong>: Se necess\u00e1rio, consultar <a href=\"https:\/\/web.di.uminho.pt\/sitedi\/abrevs\/\">esta p\u00e1gina<\/a> de abreviaturas.)\n\n  <\/div>\n  <div class=\"column\" style=\"background-color:#fff;width:20%\">\n    <img decoding=\"async\" style=\"padding: 4%\" title=\"CG-E7\" src=\"https:\/\/web.di.uminho.pt\/sitedi\/wp-content\/uploads\/sites\/11\/2022\/07\/e7.jpg\" width=\"100%\" align=\"right\" \/>\n\n  <\/div>\n<\/div>\n<h6><\/h6><hr><div class=\"row\">\n  <div class=\"column\" style=\"background-color:#fff;width:100%\">\n    \n\n<table id=\"tablepress-13\" class=\"tablepress tablepress-id-13\">\n<thead>\n<tr class=\"row-1\">\n\t<th class=\"column-1\">Regime<\/th><th class=\"column-2\">Designa\u00e7\u00e3o<\/th><th class=\"column-3\">Curso<\/th><th class=\"column-4\">Contacto<\/th><th class=\"column-5\">Equipa docente<\/th>\n<\/tr>\n<\/thead>\n<tbody class=\"row-striping row-hover\">\n<tr class=\"row-2\">\n\t<td class=\"column-1\">S1<\/td><td class=\"column-2\"><a href=\"https:\/\/www.di.uminho.pt\/~jno\/sitedi\/uc_4605T4.html\">Tratamento Digital da Informa\u00e7\u00e3o<\/a><\/td><td class=\"column-3\"><a href=\"https:\/\/www.uminho.pt\/PT\/ensino\/oferta-educativa\/Cursos-Conferentes-a-Grau\/_layouts\/15\/UMinho.PortalUM.UI\/Pages\/CatalogoCursoDetail.aspx?itemId=5354&amp;catId=16\">Licenciatura em Arqueologia<\/a> [ARQUEOL]<\/td><td class=\"column-4\"><a href=\"https:\/\/www.di.uminho.pt\/~jno\/sitedi\/nm_14986.html\">Hugo Daniel dos Santos Macedo<\/a><\/td><td class=\"column-5\"><a href=\"https:\/\/www.di.uminho.pt\/~jno\/sitedi\/nm_7712.html\">Cristiana Esteves Ara\u00fajo<\/a><\/td>\n<\/tr>\n<tr class=\"row-3\">\n\t<td class=\"column-1\">S1<\/td><td class=\"column-2\"><a href=\"https:\/\/www.di.uminho.pt\/~jno\/sitedi\/uc_8503O8.html\">Algoritmos e Complexidade<\/a><\/td><td class=\"column-3\"><a href=\"https:\/\/www.uminho.pt\/PT\/ensino\/oferta-educativa\/Cursos-Conferentes-a-Grau\/_layouts\/15\/UMinho.PortalUM.UI\/Pages\/CatalogoCursoDetail.aspx?itemId=5276&amp;catId=16\">Licenciatura em Ci\u00eancias da Computa\u00e7\u00e3o<\/a> [CCOM]<\/td><td class=\"column-4\"><a href=\"https:\/\/www.di.uminho.pt\/~jno\/sitedi\/nm_595.html\">Jos\u00e9 Bernardo Santos Monteiro Vieira Barros<\/a><\/td><td class=\"column-5\"><a href=\"https:\/\/www.di.uminho.pt\/~jno\/sitedi\/nm_1936.html\">Jorge Miguel Matos Sousa Pinto<\/a>, <a href=\"https:\/\/www.di.uminho.pt\/~jno\/sitedi\/nm_5832.html\">Renato Jorge Ara\u00fajo Neves<\/a> e <a href=\"https:\/\/www.di.uminho.pt\/~jno\/sitedi\/nm_595.html\">Jos\u00e9 Bernardo Santos Monteiro Vieira Barros<\/a><\/td>\n<\/tr>\n<tr class=\"row-4\">\n\t<td class=\"column-1\">S1<\/td><td class=\"column-2\"><a href=\"https:\/\/www.di.uminho.pt\/~jno\/sitedi\/uc_8505S2.html\">C\u00e1lculo de Programas<\/a><\/td><td class=\"column-3\"><a href=\"https:\/\/www.uminho.pt\/PT\/ensino\/oferta-educativa\/Cursos-Conferentes-a-Grau\/_layouts\/15\/UMinho.PortalUM.UI\/Pages\/CatalogoCursoDetail.aspx?itemId=5276&amp;catId=16\">Licenciatura em Ci\u00eancias da Computa\u00e7\u00e3o<\/a> [CCOM]<\/td><td class=\"column-4\"><a href=\"https:\/\/www.di.uminho.pt\/~jno\/sitedi\/nm_956.html\">Olga Maria Gomes Martins Pacheco<\/a><\/td><td class=\"column-5\"><a href=\"https:\/\/www.di.uminho.pt\/~jno\/sitedi\/nm_956.html\">Olga Maria Gomes Martins Pacheco<\/a><\/td>\n<\/tr>\n<tr class=\"row-5\">\n\t<td class=\"column-1\">S1<\/td><td class=\"column-2\"><a href=\"https:\/\/www.di.uminho.pt\/~jno\/sitedi\/uc_8501R4.html\">Laborat\u00f3rios de Programa\u00e7\u00e3o I<\/a><\/td><td class=\"column-3\"><a href=\"https:\/\/www.uminho.pt\/PT\/ensino\/oferta-educativa\/Cursos-Conferentes-a-Grau\/_layouts\/15\/UMinho.PortalUM.UI\/Pages\/CatalogoCursoDetail.aspx?itemId=5276&amp;catId=16\">Licenciatura em Ci\u00eancias da Computa\u00e7\u00e3o<\/a> [CCOM]<\/td><td class=\"column-4\"><a href=\"https:\/\/www.di.uminho.pt\/~jno\/sitedi\/nm_7119.html\">Hugo Jos\u00e9 Pereira Pacheco<\/a><\/td><td class=\"column-5\"><a href=\"https:\/\/www.di.uminho.pt\/~jno\/sitedi\/nm_12736.html\">Xavier Gomes Pinho<\/a>, <a href=\"https:\/\/www.di.uminho.pt\/~jno\/sitedi\/nm_7119.html\">Hugo Jos\u00e9 Pereira Pacheco<\/a> e <a href=\"https:\/\/www.di.uminho.pt\/~jno\/sitedi\/nm_956.html\">Olga Maria Gomes Martins Pacheco<\/a><\/td>\n<\/tr>\n<tr class=\"row-6\">\n\t<td class=\"column-1\">S1<\/td><td class=\"column-2\"><a href=\"https:\/\/www.di.uminho.pt\/~jno\/sitedi\/uc_8505O5.html\">L\u00f3gica Computacional<\/a><\/td><td class=\"column-3\"><a href=\"https:\/\/www.uminho.pt\/PT\/ensino\/oferta-educativa\/Cursos-Conferentes-a-Grau\/_layouts\/15\/UMinho.PortalUM.UI\/Pages\/CatalogoCursoDetail.aspx?itemId=5276&amp;catId=16\">Licenciatura em Ci\u00eancias da Computa\u00e7\u00e3o<\/a> [CCOM]<\/td><td class=\"column-4\"><a href=\"https:\/\/www.di.uminho.pt\/~jno\/sitedi\/nm_28.html\">Jos\u00e9 Manuel Esgalhado Valen\u00e7a<\/a><\/td><td class=\"column-5\"><a href=\"https:\/\/www.di.uminho.pt\/~jno\/sitedi\/nm_14362.html\">Bruno Filipe Jardim Machado<\/a> e <a href=\"https:\/\/www.di.uminho.pt\/~jno\/sitedi\/nm_28.html\">Jos\u00e9 Manuel Esgalhado Valen\u00e7a<\/a><\/td>\n<\/tr>\n<tr class=\"row-7\">\n\t<td class=\"column-1\">S1<\/td><td class=\"column-2\"><a href=\"https:\/\/www.di.uminho.pt\/~jno\/sitedi\/uc_8505O7.html\">Processamento de Linguagens e Compiladores<\/a><\/td><td class=\"column-3\"><a href=\"https:\/\/www.uminho.pt\/PT\/ensino\/oferta-educativa\/Cursos-Conferentes-a-Grau\/_layouts\/15\/UMinho.PortalUM.UI\/Pages\/CatalogoCursoDetail.aspx?itemId=5276&amp;catId=16\">Licenciatura em Ci\u00eancias da Computa\u00e7\u00e3o<\/a> [CCOM]<\/td><td class=\"column-4\"><a href=\"https:\/\/www.di.uminho.pt\/~jno\/sitedi\/nm_1513.html\">Jos\u00e9 Carlos Leite Ramalho<\/a><\/td><td class=\"column-5\"><a href=\"https:\/\/www.di.uminho.pt\/~jno\/sitedi\/nm_1513.html\">Jos\u00e9 Carlos Leite Ramalho<\/a> e <a href=\"https:\/\/www.di.uminho.pt\/~jno\/sitedi\/nm_6210.html\">Nuno Filipe Moreira Macedo<\/a><\/td>\n<\/tr>\n<tr class=\"row-8\">\n\t<td class=\"column-1\">S1<\/td><td class=\"column-2\"><a href=\"https:\/\/www.di.uminho.pt\/~jno\/sitedi\/uc_8501Q8.html\">Programa\u00e7\u00e3o Funcional<\/a><\/td><td class=\"column-3\"><a href=\"https:\/\/www.uminho.pt\/PT\/ensino\/oferta-educativa\/Cursos-Conferentes-a-Grau\/_layouts\/15\/UMinho.PortalUM.UI\/Pages\/CatalogoCursoDetail.aspx?itemId=5276&amp;catId=16\">Licenciatura em Ci\u00eancias da Computa\u00e7\u00e3o<\/a> [CCOM]<\/td><td class=\"column-4\"><a href=\"https:\/\/www.di.uminho.pt\/~jno\/sitedi\/nm_595.html\">Jos\u00e9 Bernardo Santos Monteiro Vieira Barros<\/a><\/td><td class=\"column-5\"><a href=\"https:\/\/www.di.uminho.pt\/~jno\/sitedi\/nm_1550.html\">Jo\u00e3o Alexandre Baptista Vieira Saraiva<\/a> e <a href=\"https:\/\/www.di.uminho.pt\/~jno\/sitedi\/nm_595.html\">Jos\u00e9 Bernardo Santos Monteiro Vieira Barros<\/a><\/td>\n<\/tr>\n<tr class=\"row-9\">\n\t<td class=\"column-1\">S1<\/td><td class=\"column-2\"><a href=\"https:\/\/www.di.uminho.pt\/~jno\/sitedi\/uc_8503P1.html\">Sistemas de Comunica\u00e7\u00e3o e Redes<\/a><\/td><td class=\"column-3\"><a href=\"https:\/\/www.uminho.pt\/PT\/ensino\/oferta-educativa\/Cursos-Conferentes-a-Grau\/_layouts\/15\/UMinho.PortalUM.UI\/Pages\/CatalogoCursoDetail.aspx?itemId=5276&amp;catId=16\">Licenciatura em Ci\u00eancias da Computa\u00e7\u00e3o<\/a> [CCOM]<\/td><td class=\"column-4\"><a href=\"https:\/\/www.di.uminho.pt\/~jno\/sitedi\/nm_1327.html\">Maria Solange Pires Ferreira Rito Lima<\/a><\/td><td class=\"column-5\"><a href=\"https:\/\/www.di.uminho.pt\/~jno\/sitedi\/nm_1327.html\">Maria Solange Pires Ferreira Rito Lima<\/a><\/td>\n<\/tr>\n<tr class=\"row-10\">\n\t<td class=\"column-1\">S2<\/td><td class=\"column-2\"><a href=\"https:\/\/www.di.uminho.pt\/~jno\/sitedi\/uc_8506R2.html\">Aprendizagem Computacional<\/a><\/td><td class=\"column-3\"><a href=\"https:\/\/www.uminho.pt\/PT\/ensino\/oferta-educativa\/Cursos-Conferentes-a-Grau\/_layouts\/15\/UMinho.PortalUM.UI\/Pages\/CatalogoCursoDetail.aspx?itemId=5276&amp;catId=16\">Licenciatura em Ci\u00eancias da Computa\u00e7\u00e3o<\/a> [CCOM]<\/td><td class=\"column-4\"><a href=\"https:\/\/www.di.uminho.pt\/~jno\/sitedi\/nm_2035.html\">Miguel Francisco Almeida Pereira Rocha<\/a><\/td><td class=\"column-5\"><a href=\"https:\/\/www.di.uminho.pt\/~jno\/sitedi\/nm_12155.html\">Nuno Miguel Caetano Alves<\/a>, <a href=\"https:\/\/www.di.uminho.pt\/~jno\/sitedi\/nm_1671.html\">Rui Manuel Ribeiro Castro Mendes<\/a> e <a href=\"https:\/\/www.di.uminho.pt\/~jno\/sitedi\/nm_2035.html\">Miguel Francisco Almeida Pereira Rocha<\/a><\/td>\n<\/tr>\n<tr class=\"row-11\">\n\t<td class=\"column-1\">S2<\/td><td class=\"column-2\"><a href=\"https:\/\/www.di.uminho.pt\/~jno\/sitedi\/uc_8504P7.html\">Bases de Dados<\/a><\/td><td class=\"column-3\"><a href=\"https:\/\/www.uminho.pt\/PT\/ensino\/oferta-educativa\/Cursos-Conferentes-a-Grau\/_layouts\/15\/UMinho.PortalUM.UI\/Pages\/CatalogoCursoDetail.aspx?itemId=5276&amp;catId=16\">Licenciatura em Ci\u00eancias da Computa\u00e7\u00e3o<\/a> [CCOM]<\/td><td class=\"column-4\"><a href=\"https:\/\/www.di.uminho.pt\/~jno\/sitedi\/nm_725.html\">Ant\u00f3nio Carlos Silva Abelha<\/a><\/td><td class=\"column-5\"><a href=\"https:\/\/www.di.uminho.pt\/~jno\/sitedi\/nm_12033.html\">Ana Regina Coelho Sousa<\/a>, <a href=\"https:\/\/www.di.uminho.pt\/~jno\/sitedi\/nm_725.html\">Ant\u00f3nio Carlos Silva Abelha<\/a> e <a href=\"https:\/\/www.di.uminho.pt\/~jno\/sitedi\/nm_8115.html\">Cristiana Marisa Pereira Neto<\/a><\/td>\n<\/tr>\n<tr class=\"row-12\">\n\t<td class=\"column-1\">S2<\/td><td class=\"column-2\"><a href=\"https:\/\/www.di.uminho.pt\/~jno\/sitedi\/uc_8506R6.html\">Computa\u00e7\u00e3o Gr\u00e1fica<\/a><\/td><td class=\"column-3\"><a href=\"https:\/\/www.uminho.pt\/PT\/ensino\/oferta-educativa\/Cursos-Conferentes-a-Grau\/_layouts\/15\/UMinho.PortalUM.UI\/Pages\/CatalogoCursoDetail.aspx?itemId=5276&amp;catId=16\">Licenciatura em Ci\u00eancias da Computa\u00e7\u00e3o<\/a> [CCOM]<\/td><td class=\"column-4\"><a href=\"https:\/\/www.di.uminho.pt\/~jno\/sitedi\/nm_1243.html\">Ant\u00f3nio Jos\u00e9 Borba Ramires Fernandes<\/a><\/td><td class=\"column-5\"><a href=\"https:\/\/www.di.uminho.pt\/~jno\/sitedi\/nm_1243.html\">Ant\u00f3nio Jos\u00e9 Borba Ramires Fernandes<\/a><\/td>\n<\/tr>\n<tr class=\"row-13\">\n\t<td class=\"column-1\">S2<\/td><td class=\"column-2\"><a href=\"https:\/\/www.di.uminho.pt\/~jno\/sitedi\/uc_8506R3.html\">Fundamentos de Criptografia e Seguran\u00e7a da Informa\u00e7\u00e3o CC<\/a><\/td><td class=\"column-3\"><a href=\"https:\/\/www.uminho.pt\/PT\/ensino\/oferta-educativa\/Cursos-Conferentes-a-Grau\/_layouts\/15\/UMinho.PortalUM.UI\/Pages\/CatalogoCursoDetail.aspx?itemId=5276&amp;catId=16\">Licenciatura em Ci\u00eancias da Computa\u00e7\u00e3o<\/a> [CCOM]<\/td><td class=\"column-4\"><a href=\"https:\/\/www.di.uminho.pt\/~jno\/sitedi\/nm_1719.html\">Jos\u00e9 Carlos Bacelar Ferreira Junqueira Almeida<\/a><\/td><td class=\"column-5\"><a href=\"https:\/\/www.di.uminho.pt\/~jno\/sitedi\/nm_1719.html\">Jos\u00e9 Carlos Bacelar Ferreira Junqueira Almeida<\/a><\/td>\n<\/tr>\n<tr class=\"row-14\">\n\t<td class=\"column-1\">S2<\/td><td class=\"column-2\"><a href=\"https:\/\/www.di.uminho.pt\/~jno\/sitedi\/uc_8502U5.html\">Laborat\u00f3rios de Programa\u00e7\u00e3o II<\/a><\/td><td class=\"column-3\"><a href=\"https:\/\/www.uminho.pt\/PT\/ensino\/oferta-educativa\/Cursos-Conferentes-a-Grau\/_layouts\/15\/UMinho.PortalUM.UI\/Pages\/CatalogoCursoDetail.aspx?itemId=5276&amp;catId=16\">Licenciatura em Ci\u00eancias da Computa\u00e7\u00e3o<\/a> [CCOM]<\/td><td class=\"column-4\"><a href=\"https:\/\/www.di.uminho.pt\/~jno\/sitedi\/nm_1671.html\">Rui Manuel Ribeiro Castro Mendes<\/a><\/td><td class=\"column-5\"><a href=\"https:\/\/www.di.uminho.pt\/~jno\/sitedi\/nm_12736.html\">Xavier Gomes Pinho<\/a>, <a href=\"https:\/\/www.di.uminho.pt\/~jno\/sitedi\/nm_1671.html\">Rui Manuel Ribeiro Castro Mendes<\/a> e <a href=\"https:\/\/www.di.uminho.pt\/~jno\/sitedi\/nm_1962.html\">Paulo Jorge Sousa Azevedo<\/a><\/td>\n<\/tr>\n<tr class=\"row-15\">\n\t<td class=\"column-1\">S2<\/td><td class=\"column-2\"><a href=\"https:\/\/www.di.uminho.pt\/~jno\/sitedi\/uc_8506O6.html\">Programa\u00e7\u00e3o Concorrente<\/a><\/td><td class=\"column-3\"><a href=\"https:\/\/www.uminho.pt\/PT\/ensino\/oferta-educativa\/Cursos-Conferentes-a-Grau\/_layouts\/15\/UMinho.PortalUM.UI\/Pages\/CatalogoCursoDetail.aspx?itemId=5276&amp;catId=16\">Licenciatura em Ci\u00eancias da Computa\u00e7\u00e3o<\/a> [CCOM]<\/td><td class=\"column-4\"><a href=\"https:\/\/www.di.uminho.pt\/~jno\/sitedi\/nm_1362.html\">Paulo S\u00e9rgio Soares Almeida<\/a><\/td><td class=\"column-5\"><a href=\"https:\/\/www.di.uminho.pt\/~jno\/sitedi\/nm_1362.html\">Paulo S\u00e9rgio Soares Almeida<\/a><\/td>\n<\/tr>\n<tr class=\"row-16\">\n\t<td class=\"column-1\">S2<\/td><td class=\"column-2\"><a href=\"https:\/\/www.di.uminho.pt\/~jno\/sitedi\/uc_8502T4.html\">Programa\u00e7\u00e3o Imperativa<\/a><\/td><td class=\"column-3\"><a href=\"https:\/\/www.uminho.pt\/PT\/ensino\/oferta-educativa\/Cursos-Conferentes-a-Grau\/_layouts\/15\/UMinho.PortalUM.UI\/Pages\/CatalogoCursoDetail.aspx?itemId=5276&amp;catId=16\">Licenciatura em Ci\u00eancias da Computa\u00e7\u00e3o<\/a> [CCOM]<\/td><td class=\"column-4\"><a href=\"https:\/\/www.di.uminho.pt\/~jno\/sitedi\/nm_595.html\">Jos\u00e9 Bernardo Santos Monteiro Vieira Barros<\/a><\/td><td class=\"column-5\"><a href=\"https:\/\/www.di.uminho.pt\/~jno\/sitedi\/nm_13427.html\">Maria Jos\u00e9 Costa Ramos<\/a>, <a href=\"https:\/\/www.di.uminho.pt\/~jno\/sitedi\/nm_14394.html\">Rui Pedro Esteves Vasques Correia de Oliveira<\/a> e <a href=\"https:\/\/www.di.uminho.pt\/~jno\/sitedi\/nm_595.html\">Jos\u00e9 Bernardo Santos Monteiro Vieira Barros<\/a><\/td>\n<\/tr>\n<tr class=\"row-17\">\n\t<td class=\"column-1\">S2<\/td><td class=\"column-2\"><a href=\"https:\/\/www.di.uminho.pt\/~jno\/sitedi\/uc_8504P4.html\">Programa\u00e7\u00e3o Orientada aos Objetos<\/a><\/td><td class=\"column-3\"><a href=\"https:\/\/www.uminho.pt\/PT\/ensino\/oferta-educativa\/Cursos-Conferentes-a-Grau\/_layouts\/15\/UMinho.PortalUM.UI\/Pages\/CatalogoCursoDetail.aspx?itemId=5276&amp;catId=16\">Licenciatura em Ci\u00eancias da Computa\u00e7\u00e3o<\/a> [CCOM]<\/td><td class=\"column-4\"><a href=\"https:\/\/www.di.uminho.pt\/~jno\/sitedi\/nm_1551.html\">Ant\u00f3nio Manuel Nestor Ribeiro<\/a><\/td><td class=\"column-5\"><a href=\"https:\/\/www.di.uminho.pt\/~jno\/sitedi\/nm_14112.html\">Pedro Miguel Braga Moreira<\/a>, <a href=\"https:\/\/www.di.uminho.pt\/~jno\/sitedi\/nm_1551.html\">Ant\u00f3nio Manuel Nestor Ribeiro<\/a> e <a href=\"https:\/\/www.di.uminho.pt\/~jno\/sitedi\/nm_617.html\">Jos\u00e9 Orlando Roque Nascimento Pereira<\/a><\/td>\n<\/tr>\n<tr class=\"row-18\">\n\t<td class=\"column-1\">S2<\/td><td class=\"column-2\"><a href=\"https:\/\/www.di.uminho.pt\/~jno\/sitedi\/uc_8506O8.html\">Sem\u00e2ntica das Linguagens de Programa\u00e7\u00e3o<\/a><\/td><td class=\"column-3\"><a href=\"https:\/\/www.uminho.pt\/PT\/ensino\/oferta-educativa\/Cursos-Conferentes-a-Grau\/_layouts\/15\/UMinho.PortalUM.UI\/Pages\/CatalogoCursoDetail.aspx?itemId=5276&amp;catId=16\">Licenciatura em Ci\u00eancias da Computa\u00e7\u00e3o<\/a> [CCOM]<\/td><td class=\"column-4\"><a href=\"https:\/\/www.di.uminho.pt\/~jno\/sitedi\/nm_1171.html\">Maria Jo\u00e3o Gomes Frade<\/a><\/td><td class=\"column-5\"><a href=\"https:\/\/www.di.uminho.pt\/~jno\/sitedi\/nm_1171.html\">Maria Jo\u00e3o Gomes Frade<\/a><\/td>\n<\/tr>\n<tr class=\"row-19\">\n\t<td class=\"column-1\">S2<\/td><td class=\"column-2\"><a href=\"https:\/\/www.di.uminho.pt\/~jno\/sitedi\/uc_8504P5.html\">Sistemas Operativos<\/a><\/td><td class=\"column-3\"><a href=\"https:\/\/www.uminho.pt\/PT\/ensino\/oferta-educativa\/Cursos-Conferentes-a-Grau\/_layouts\/15\/UMinho.PortalUM.UI\/Pages\/CatalogoCursoDetail.aspx?itemId=5276&amp;catId=16\">Licenciatura em Ci\u00eancias da Computa\u00e7\u00e3o<\/a> [CCOM]<\/td><td class=\"column-4\"><a href=\"https:\/\/www.di.uminho.pt\/~jno\/sitedi\/nm_4747.html\">Jo\u00e3o Tiago Medeiros Paulo<\/a><\/td><td class=\"column-5\"><a href=\"https:\/\/www.di.uminho.pt\/~jno\/sitedi\/nm_14301.html\">R\u00faben Daniel Almeida Ad\u00e3o<\/a>, <a href=\"https:\/\/www.di.uminho.pt\/~jno\/sitedi\/nm_1546.html\">Vitor Francisco Mendes Freitas Gomes Fonte<\/a> e <a href=\"https:\/\/www.di.uminho.pt\/~jno\/sitedi\/nm_4199.html\">Ana Lu\u00edsa Parreira Nunes Alonso<\/a><\/td>\n<\/tr>\n<tr class=\"row-20\">\n\t<td class=\"column-1\">S2<\/td><td class=\"column-2\"><a href=\"https:\/\/www.di.uminho.pt\/~jno\/sitedi\/uc_8502N6.html\">Sistemas de Computa\u00e7\u00e3o<\/a><\/td><td class=\"column-3\"><a href=\"https:\/\/www.uminho.pt\/PT\/ensino\/oferta-educativa\/Cursos-Conferentes-a-Grau\/_layouts\/15\/UMinho.PortalUM.UI\/Pages\/CatalogoCursoDetail.aspx?itemId=5276&amp;catId=16\">Licenciatura em Ci\u00eancias da Computa\u00e7\u00e3o<\/a> [CCOM]<\/td><td class=\"column-4\"><a href=\"https:\/\/www.di.uminho.pt\/~jno\/sitedi\/nm_1240.html\">Jo\u00e3o Miguel Lobo Fernandes<\/a><\/td><td class=\"column-5\"><a href=\"https:\/\/www.di.uminho.pt\/~jno\/sitedi\/nm_4949.html\">Rui Ant\u00f3nio Sabino Casti\u00e7o Silva<\/a> e <a href=\"https:\/\/www.di.uminho.pt\/~jno\/sitedi\/nm_7039.html\">Carlos Eduardo Teixeira Tavares<\/a><\/td>\n<\/tr>\n<tr class=\"row-21\">\n\t<td class=\"column-1\">S1<\/td><td class=\"column-2\"><a href=\"https:\/\/www.di.uminho.pt\/~jno\/sitedi\/uc_L305N2.html\">Ambientes Distribu\u00eddos de Processamento de Dados<\/a><\/td><td class=\"column-3\"><a href=\"https:\/\/www.uminho.pt\/PT\/ensino\/oferta-educativa\/Cursos-Conferentes-a-Grau\/_layouts\/15\/UMinho.PortalUM.UI\/Pages\/CatalogoCursoDetail.aspx?itemId=5520&amp;catId=16\">Licenciatura em Ci\u00eancia de Dados<\/a> [CDADOS]<\/td><td class=\"column-4\"><a href=\"https:\/\/www.di.uminho.pt\/~jno\/sitedi\/nm_617.html\">Jos\u00e9 Orlando Roque Nascimento Pereira<\/a><\/td><td class=\"column-5\"><a href=\"https:\/\/www.di.uminho.pt\/~jno\/sitedi\/nm_617.html\">Jos\u00e9 Orlando Roque Nascimento Pereira<\/a><\/td>\n<\/tr>\n<tr class=\"row-22\">\n\t<td class=\"column-1\">S1<\/td><td class=\"column-2\"><a href=\"https:\/\/www.di.uminho.pt\/~jno\/sitedi\/uc_L303N4.html\">Ambientes e Linguagens de Programa\u00e7\u00e3o para Ci\u00eancia de Dados<\/a><\/td><td class=\"column-3\"><a href=\"https:\/\/www.uminho.pt\/PT\/ensino\/oferta-educativa\/Cursos-Conferentes-a-Grau\/_layouts\/15\/UMinho.PortalUM.UI\/Pages\/CatalogoCursoDetail.aspx?itemId=5520&amp;catId=16\">Licenciatura em Ci\u00eancia de Dados<\/a> [CDADOS]<\/td><td class=\"column-4\"><a href=\"https:\/\/www.di.uminho.pt\/~jno\/sitedi\/nm_6210.html\">Nuno Filipe Moreira Macedo<\/a><\/td><td class=\"column-5\"><a href=\"https:\/\/www.di.uminho.pt\/~jno\/sitedi\/nm_12476.html\">Tiago Jo\u00e3o Fernandes Baptista<\/a><\/td>\n<\/tr>\n<tr class=\"row-23\">\n\t<td class=\"column-1\">S1<\/td><td class=\"column-2\"><a href=\"https:\/\/www.di.uminho.pt\/~jno\/sitedi\/uc_L303N5.html\">Fundamentos de Comunica\u00e7\u00f5es e Redes<\/a><\/td><td class=\"column-3\"><a href=\"https:\/\/www.uminho.pt\/PT\/ensino\/oferta-educativa\/Cursos-Conferentes-a-Grau\/_layouts\/15\/UMinho.PortalUM.UI\/Pages\/CatalogoCursoDetail.aspx?itemId=5520&amp;catId=16\">Licenciatura em Ci\u00eancia de Dados<\/a> [CDADOS]<\/td><td class=\"column-4\"><a href=\"https:\/\/www.di.uminho.pt\/~jno\/sitedi\/nm_13616.html\">Fl\u00e1vio Oliveira Silva<\/a><\/td><td class=\"column-5\"><a href=\"https:\/\/www.di.uminho.pt\/~jno\/sitedi\/nm_13616.html\">Fl\u00e1vio Oliveira Silva<\/a><\/td>\n<\/tr>\n<tr class=\"row-24\">\n\t<td class=\"column-1\">S1<\/td><td class=\"column-2\"><a href=\"https:\/\/www.di.uminho.pt\/~jno\/sitedi\/uc_L305O3.html\">Introdu\u00e7\u00e3o \u00e0 Ci\u00eancia de Dados Qu\u00e2ntica<\/a><\/td><td class=\"column-3\"><a href=\"https:\/\/www.uminho.pt\/PT\/ensino\/oferta-educativa\/Cursos-Conferentes-a-Grau\/_layouts\/15\/UMinho.PortalUM.UI\/Pages\/CatalogoCursoDetail.aspx?itemId=5520&amp;catId=16\">Licenciatura em Ci\u00eancia de Dados<\/a> [CDADOS]<\/td><td class=\"column-4\"><a href=\"https:\/\/www.di.uminho.pt\/~jno\/sitedi\/nm_1063.html\">Lu\u00eds Paulo Peixoto Santos<\/a><\/td><td class=\"column-5\"><a href=\"https:\/\/www.di.uminho.pt\/~jno\/sitedi\/nm_1063.html\">Lu\u00eds Paulo Peixoto Santos<\/a>, <a href=\"https:\/\/www.di.uminho.pt\/~jno\/sitedi\/nm_12955.html\">Andr\u00e9 Manuel Resende Sequeira<\/a> e <a href=\"https:\/\/www.di.uminho.pt\/~jno\/sitedi\/nm_683.html\">Lu\u00eds Manuel Dias Coelho Soares Barbosa<\/a><\/td>\n<\/tr>\n<tr class=\"row-25\">\n\t<td class=\"column-1\">S1<\/td><td class=\"column-2\"><a href=\"https:\/\/www.di.uminho.pt\/~jno\/sitedi\/uc_L301N6.html\">Programa\u00e7\u00e3o Declarativa para Ci\u00eancia de Dados<\/a><\/td><td class=\"column-3\"><a href=\"https:\/\/www.uminho.pt\/PT\/ensino\/oferta-educativa\/Cursos-Conferentes-a-Grau\/_layouts\/15\/UMinho.PortalUM.UI\/Pages\/CatalogoCursoDetail.aspx?itemId=5520&amp;catId=16\">Licenciatura em Ci\u00eancia de Dados<\/a> [CDADOS]<\/td><td class=\"column-4\"><a href=\"https:\/\/www.di.uminho.pt\/~jno\/sitedi\/nm_1356.html\">Jorge Gustavo Pereira Bastos Rocha<\/a><\/td><td class=\"column-5\"><a href=\"https:\/\/www.di.uminho.pt\/~jno\/sitedi\/nm_1356.html\">Jorge Gustavo Pereira Bastos Rocha<\/a><\/td>\n<\/tr>\n<tr class=\"row-26\">\n\t<td class=\"column-1\">S1<\/td><td class=\"column-2\"><a href=\"https:\/\/www.di.uminho.pt\/~jno\/sitedi\/uc_L305N5.html\">Sistemas Conexionistas para Aprendizagem Autom\u00e1tica<\/a><\/td><td class=\"column-3\"><a href=\"https:\/\/www.uminho.pt\/PT\/ensino\/oferta-educativa\/Cursos-Conferentes-a-Grau\/_layouts\/15\/UMinho.PortalUM.UI\/Pages\/CatalogoCursoDetail.aspx?itemId=5520&amp;catId=16\">Licenciatura em Ci\u00eancia de Dados<\/a> [CDADOS]<\/td><td class=\"column-4\"><a href=\"https:\/\/www.di.uminho.pt\/~jno\/sitedi\/nm_1573.html\">C\u00e9sar Analide Freitas Silva Costa Rodrigues<\/a><\/td><td class=\"column-5\"><a href=\"https:\/\/www.di.uminho.pt\/~jno\/sitedi\/nm_1573.html\">C\u00e9sar Analide Freitas Silva Costa Rodrigues<\/a> e <a href=\"https:\/\/www.di.uminho.pt\/~jno\/sitedi\/nm_8117.html\">Diana Lisandra Azevedo Ferreira<\/a><\/td>\n<\/tr>\n<tr class=\"row-27\">\n\t<td class=\"column-1\">S1<\/td><td class=\"column-2\"><a href=\"https:\/\/www.di.uminho.pt\/~jno\/sitedi\/uc_L301N3.html\">Sistemas de Computa\u00e7\u00e3o<\/a><\/td><td class=\"column-3\"><a href=\"https:\/\/www.uminho.pt\/PT\/ensino\/oferta-educativa\/Cursos-Conferentes-a-Grau\/_layouts\/15\/UMinho.PortalUM.UI\/Pages\/CatalogoCursoDetail.aspx?itemId=5520&amp;catId=16\">Licenciatura em Ci\u00eancia de Dados<\/a> [CDADOS]<\/td><td class=\"column-4\"><a href=\"https:\/\/www.di.uminho.pt\/~jno\/sitedi\/nm_1728.html\">Ant\u00f3nio Joaquim Andr\u00e9 Esteves<\/a><\/td><td class=\"column-5\"><a href=\"https:\/\/www.di.uminho.pt\/~jno\/sitedi\/nm_1728.html\">Ant\u00f3nio Joaquim Andr\u00e9 Esteves<\/a><\/td>\n<\/tr>\n<tr class=\"row-28\">\n\t<td class=\"column-1\">S2<\/td><td class=\"column-2\"><a href=\"https:\/\/www.di.uminho.pt\/~jno\/sitedi\/uc_L306N2.html\">Ci\u00eancia de Dados em Grande Escala<\/a><\/td><td class=\"column-3\"><a href=\"https:\/\/www.uminho.pt\/PT\/ensino\/oferta-educativa\/Cursos-Conferentes-a-Grau\/_layouts\/15\/UMinho.PortalUM.UI\/Pages\/CatalogoCursoDetail.aspx?itemId=5520&amp;catId=16\">Licenciatura em Ci\u00eancia de Dados<\/a> [CDADOS]<\/td><td class=\"column-4\"><a href=\"https:\/\/www.di.uminho.pt\/~jno\/sitedi\/nm_762.html\">Orlando Manuel Oliveira Belo<\/a><\/td><td class=\"column-5\"><a href=\"https:\/\/www.di.uminho.pt\/~jno\/sitedi\/nm_12724.html\">Ant\u00f3nio Jorge Monteiro Chaves<\/a> e <a href=\"https:\/\/www.di.uminho.pt\/~jno\/sitedi\/nm_762.html\">Orlando Manuel Oliveira Belo<\/a><\/td>\n<\/tr>\n<tr class=\"row-29\">\n\t<td class=\"column-1\">S2<\/td><td class=\"column-2\"><a href=\"https:\/\/www.di.uminho.pt\/~jno\/sitedi\/uc_L304N3.html\">Fundamentos de Intelig\u00eancia Artificial<\/a><\/td><td class=\"column-3\"><a href=\"https:\/\/www.uminho.pt\/PT\/ensino\/oferta-educativa\/Cursos-Conferentes-a-Grau\/_layouts\/15\/UMinho.PortalUM.UI\/Pages\/CatalogoCursoDetail.aspx?itemId=5520&amp;catId=16\">Licenciatura em Ci\u00eancia de Dados<\/a> [CDADOS]<\/td><td class=\"column-4\"><a href=\"https:\/\/www.di.uminho.pt\/~jno\/sitedi\/nm_12166.html\">Dalila Alves Dur\u00e3es<\/a><\/td><td class=\"column-5\"><a href=\"https:\/\/www.di.uminho.pt\/~jno\/sitedi\/nm_12166.html\">Dalila Alves Dur\u00e3es<\/a> e <a href=\"https:\/\/www.di.uminho.pt\/~jno\/sitedi\/nm_8115.html\">Cristiana Marisa Pereira Neto<\/a><\/td>\n<\/tr>\n<tr class=\"row-30\">\n\t<td class=\"column-1\">S2<\/td><td class=\"column-2\"><a href=\"https:\/\/www.di.uminho.pt\/~jno\/sitedi\/uc_L302N2.html\">T\u00e9cnicas Algor\u00edtmicas e Computabilidade<\/a><\/td><td class=\"column-3\"><a href=\"https:\/\/www.uminho.pt\/PT\/ensino\/oferta-educativa\/Cursos-Conferentes-a-Grau\/_layouts\/15\/UMinho.PortalUM.UI\/Pages\/CatalogoCursoDetail.aspx?itemId=5520&amp;catId=16\">Licenciatura em Ci\u00eancia de Dados<\/a> [CDADOS]<\/td><td class=\"column-4\"><a href=\"https:\/\/www.di.uminho.pt\/~jno\/sitedi\/nm_1962.html\">Paulo Jorge Sousa Azevedo<\/a><\/td><td class=\"column-5\"><a href=\"https:\/\/www.di.uminho.pt\/~jno\/sitedi\/nm_1962.html\">Paulo Jorge Sousa Azevedo<\/a><\/td>\n<\/tr>\n<tr class=\"row-31\">\n\t<td class=\"column-1\">S1<\/td><td class=\"column-2\"><a href=\"https:\/\/www.di.uminho.pt\/~jno\/sitedi\/uc_L203N3.html\">Intelig\u00eancia Artificial e Ci\u00eancia dos Dados para a Engenharia Aeroespacial<\/a><\/td><td class=\"column-3\"><a href=\"https:\/\/www.uminho.pt\/PT\/ensino\/oferta-educativa\/Cursos-Conferentes-a-Grau\/_layouts\/15\/UMinho.PortalUM.UI\/Pages\/CatalogoCursoDetail.aspx?itemId=5519&amp;catId=16\">Licenciatura em Engenharia Aeroespacial<\/a> [ENGAERO]<\/td><td class=\"column-4\"><a href=\"https:\/\/www.di.uminho.pt\/~jno\/sitedi\/nm_12166.html\">Dalila Alves Dur\u00e3es<\/a><\/td><td class=\"column-5\"><a href=\"https:\/\/www.di.uminho.pt\/~jno\/sitedi\/nm_12166.html\">Dalila Alves Dur\u00e3es<\/a> e <a href=\"https:\/\/www.di.uminho.pt\/~jno\/sitedi\/nm_13413.html\">Renata Sofia Vieira Magalh\u00e3es<\/a><\/td>\n<\/tr>\n<tr class=\"row-32\">\n\t<td class=\"column-1\">S1<\/td><td class=\"column-2\"><a href=\"https:\/\/www.di.uminho.pt\/~jno\/sitedi\/uc_L201N6.html\">Programa\u00e7\u00e3o e Algoritmia<\/a><\/td><td class=\"column-3\"><a href=\"https:\/\/www.uminho.pt\/PT\/ensino\/oferta-educativa\/Cursos-Conferentes-a-Grau\/_layouts\/15\/UMinho.PortalUM.UI\/Pages\/CatalogoCursoDetail.aspx?itemId=5519&amp;catId=16\">Licenciatura em Engenharia Aeroespacial<\/a> [ENGAERO]<\/td><td class=\"column-4\"><a href=\"https:\/\/www.di.uminho.pt\/~jno\/sitedi\/nm_5743.html\">Tiago Filipe Azevedo Oliveira<\/a><\/td><td class=\"column-5\"><a href=\"https:\/\/www.di.uminho.pt\/~jno\/sitedi\/nm_5743.html\">Tiago Filipe Azevedo Oliveira<\/a><\/td>\n<\/tr>\n<tr class=\"row-33\">\n\t<td class=\"column-1\">S1<\/td><td class=\"column-2\"><a href=\"https:\/\/www.di.uminho.pt\/~jno\/sitedi\/uc_J203N2.html\">Algoritmos e T\u00e9cnicas de Programa\u00e7\u00e3o<\/a><\/td><td class=\"column-3\"><a href=\"https:\/\/www.uminho.pt\/PT\/ensino\/oferta-educativa\/Cursos-Conferentes-a-Grau\/_layouts\/15\/UMinho.PortalUM.UI\/Pages\/CatalogoCursoDetail.aspx?itemId=5475&amp;catId=16\">Licenciatura em Engenharia Biom\u00e9dica<\/a> [ENGBIOM]<\/td><td class=\"column-4\"><a href=\"https:\/\/www.di.uminho.pt\/~jno\/sitedi\/nm_1513.html\">Jos\u00e9 Carlos Leite Ramalho<\/a><\/td><td class=\"column-5\"><a href=\"https:\/\/www.di.uminho.pt\/~jno\/sitedi\/nm_12959.html\">Lu\u00eds Filipe Costa Cunha<\/a> e <a href=\"https:\/\/www.di.uminho.pt\/~jno\/sitedi\/nm_1513.html\">Jos\u00e9 Carlos Leite Ramalho<\/a><\/td>\n<\/tr>\n<tr class=\"row-34\">\n\t<td class=\"column-1\">S1<\/td><td class=\"column-2\"><a href=\"https:\/\/www.di.uminho.pt\/~jno\/sitedi\/uc_J205N3.html\">Intelig\u00eancia Artificial em Engenharia Biom\u00e9dica<\/a><\/td><td class=\"column-3\"><a href=\"https:\/\/www.uminho.pt\/PT\/ensino\/oferta-educativa\/Cursos-Conferentes-a-Grau\/_layouts\/15\/UMinho.PortalUM.UI\/Pages\/CatalogoCursoDetail.aspx?itemId=5475&amp;catId=16\">Licenciatura em Engenharia Biom\u00e9dica<\/a> [ENGBIOM]<\/td><td class=\"column-4\"><a href=\"https:\/\/www.di.uminho.pt\/~jno\/sitedi\/nm_1573.html\">C\u00e9sar Analide Freitas Silva Costa Rodrigues<\/a><\/td><td class=\"column-5\"><a href=\"https:\/\/www.di.uminho.pt\/~jno\/sitedi\/nm_14031.html\">Jo\u00e3o Delfim Cruz Pereira<\/a> e <a href=\"https:\/\/www.di.uminho.pt\/~jno\/sitedi\/nm_1573.html\">C\u00e9sar Analide Freitas Silva Costa Rodrigues<\/a><\/td>\n<\/tr>\n<tr class=\"row-35\">\n\t<td class=\"column-1\">S2<\/td><td class=\"column-2\"><a href=\"https:\/\/www.di.uminho.pt\/~jno\/sitedi\/uc_J206N3.html\">Bases de Dados Cl\u00ednicas e de Gest\u00e3o Hospitalar<\/a><\/td><td class=\"column-3\"><a href=\"https:\/\/www.uminho.pt\/PT\/ensino\/oferta-educativa\/Cursos-Conferentes-a-Grau\/_layouts\/15\/UMinho.PortalUM.UI\/Pages\/CatalogoCursoDetail.aspx?itemId=5475&amp;catId=16\">Licenciatura em Engenharia Biom\u00e9dica<\/a> [ENGBIOM]<\/td><td class=\"column-4\"><a href=\"https:\/\/www.di.uminho.pt\/~jno\/sitedi\/nm_931.html\">Jos\u00e9 Manuel Ferreira Machado<\/a><\/td><td class=\"column-5\"><a href=\"https:\/\/www.di.uminho.pt\/~jno\/sitedi\/nm_14006.html\">L\u00eddia Ana\u00eds Coelho Sousa<\/a>, <a href=\"https:\/\/www.di.uminho.pt\/~jno\/sitedi\/nm_7616.html\">Hugo Daniel Abreu Peixoto<\/a> e <a href=\"https:\/\/www.di.uminho.pt\/~jno\/sitedi\/nm_931.html\">Jos\u00e9 Manuel Ferreira Machado<\/a><\/td>\n<\/tr>\n<tr class=\"row-36\">\n\t<td class=\"column-1\">S2<\/td><td class=\"column-2\"><a href=\"https:\/\/www.di.uminho.pt\/~jno\/sitedi\/uc_J204N3.html\">Introdu\u00e7\u00e3o aos Paradigmas da Programa\u00e7\u00e3o<\/a><\/td><td class=\"column-3\"><a href=\"https:\/\/www.uminho.pt\/PT\/ensino\/oferta-educativa\/Cursos-Conferentes-a-Grau\/_layouts\/15\/UMinho.PortalUM.UI\/Pages\/CatalogoCursoDetail.aspx?itemId=5475&amp;catId=16\">Licenciatura em Engenharia Biom\u00e9dica<\/a> [ENGBIOM]<\/td><td class=\"column-4\"><a href=\"https:\/\/www.di.uminho.pt\/~jno\/sitedi\/nm_12166.html\">Dalila Alves Dur\u00e3es<\/a><\/td><td class=\"column-5\"><a href=\"https:\/\/www.di.uminho.pt\/~jno\/sitedi\/nm_12166.html\">Dalila Alves Dur\u00e3es<\/a>, <a href=\"https:\/\/www.di.uminho.pt\/~jno\/sitedi\/nm_14006.html\">L\u00eddia Ana\u00eds Coelho Sousa<\/a> e <a href=\"https:\/\/www.di.uminho.pt\/~jno\/sitedi\/nm_7266.html\">Filipa Tinoco Ferraz<\/a><\/td>\n<\/tr>\n<tr class=\"row-37\">\n\t<td class=\"column-1\">S2<\/td><td class=\"column-2\"><a href=\"https:\/\/www.di.uminho.pt\/~jno\/sitedi\/uc_J206N6.html\">Projeto Integrador em Engenharia Biom\u00e9dica<\/a><\/td><td class=\"column-3\"><a href=\"https:\/\/www.uminho.pt\/PT\/ensino\/oferta-educativa\/Cursos-Conferentes-a-Grau\/_layouts\/15\/UMinho.PortalUM.UI\/Pages\/CatalogoCursoDetail.aspx?itemId=5475&amp;catId=16\">Licenciatura em Engenharia Biom\u00e9dica<\/a> [ENGBIOM]<\/td><td class=\"column-4\"><a href=\"https:\/\/www.ceb.uminho.pt\/People\/Details\/7c1534da-144f-4645-afa5-5194cf160c6c\">Mariana Contente Rangel Henriques<\/a><\/td><td class=\"column-5\"><a href=\"\">Carlos Manuel Greg\u00f3rio Santos Lima<\/a>, <a href=\"\">Eurico Augusto Rodrigues Seabra<\/a>, <a href=\"https:\/\/avmachado-lab.org\">Ana Vera Alves Machado Nobrega<\/a>, <a href=\"https:\/\/www.ceb.uminho.pt\/People\/Details\/7c1534da-144f-4645-afa5-5194cf160c6c\">Mariana Contente Rangel Henriques<\/a> e <a href=\"https:\/\/www.di.uminho.pt\/~jno\/sitedi\/nm_1358.html\">Victor Manuel Rodrigues Alves<\/a><\/td>\n<\/tr>\n<tr class=\"row-38\">\n\t<td class=\"column-1\">S2<\/td><td class=\"column-2\"><a href=\"https:\/\/www.di.uminho.pt\/~jno\/sitedi\/uc_J202N6.html\">Semin\u00e1rios em Engenharia Biom\u00e9dica<\/a><\/td><td class=\"column-3\"><a href=\"https:\/\/www.uminho.pt\/PT\/ensino\/oferta-educativa\/Cursos-Conferentes-a-Grau\/_layouts\/15\/UMinho.PortalUM.UI\/Pages\/CatalogoCursoDetail.aspx?itemId=5475&amp;catId=16\">Licenciatura em Engenharia Biom\u00e9dica<\/a> [ENGBIOM]<\/td><td class=\"column-4\"><a href=\"https:\/\/www.ceb.uminho.pt\/People\/Details\/7c1534da-144f-4645-afa5-5194cf160c6c\">Mariana Contente Rangel Henriques<\/a><\/td><td class=\"column-5\"><a href=\"\">Carlos Manuel Greg\u00f3rio Santos Lima<\/a>, <a href=\"\">Eurico Augusto Rodrigues Seabra<\/a>, <a href=\"https:\/\/avmachado-lab.org\">Ana Vera Alves Machado Nobrega<\/a>, <a href=\"https:\/\/www.ceb.uminho.pt\/People\/Details\/7c1534da-144f-4645-afa5-5194cf160c6c\">Mariana Contente Rangel Henriques<\/a> e <a href=\"https:\/\/www.di.uminho.pt\/~jno\/sitedi\/nm_931.html\">Jos\u00e9 Manuel Ferreira Machado<\/a><\/td>\n<\/tr>\n<tr class=\"row-39\">\n\t<td class=\"column-1\">S1<\/td><td class=\"column-2\"><a href=\"https:\/\/www.di.uminho.pt\/~jno\/sitedi\/uc_J901N5.html\">Introdu\u00e7\u00e3o \u00e0 Programa\u00e7\u00e3o Funcional<\/a><\/td><td class=\"column-3\"><a href=\"https:\/\/www.eng.uminho.pt\/pt\/Estudar\/_layouts\/15\/UMinho.PortaisUOEI.UI\/Pages\/CatalogoCursoDetail.aspx?itemId=5495&amp;catId=16\">Licenciatura em Engenharia F\u00edsica<\/a> [ENGFIS]<\/td><td class=\"column-4\"><a href=\"https:\/\/www.di.uminho.pt\/~jno\/sitedi\/nm_595.html\">Jos\u00e9 Bernardo Santos Monteiro Vieira Barros<\/a><\/td><td class=\"column-5\"><a href=\"https:\/\/www.di.uminho.pt\/~jno\/sitedi\/nm_956.html\">Olga Maria Gomes Martins Pacheco<\/a><\/td>\n<\/tr>\n<tr class=\"row-40\">\n\t<td class=\"column-1\">S1<\/td><td class=\"column-2\"><a href=\"https:\/\/www.di.uminho.pt\/~jno\/sitedi\/uc_J905N5.html\">Programa\u00e7\u00e3o Paralela<\/a><\/td><td class=\"column-3\"><a href=\"https:\/\/www.eng.uminho.pt\/pt\/Estudar\/_layouts\/15\/UMinho.PortaisUOEI.UI\/Pages\/CatalogoCursoDetail.aspx?itemId=5495&amp;catId=16\">Licenciatura em Engenharia F\u00edsica<\/a> [ENGFIS]<\/td><td class=\"column-4\"><a href=\"https:\/\/www.di.uminho.pt\/~jno\/sitedi\/nm_1835.html\">Jo\u00e3o Lu\u00eds Ferreira Sobral<\/a><\/td><td class=\"column-5\"><a href=\"https:\/\/www.di.uminho.pt\/~jno\/sitedi\/nm_1835.html\">Jo\u00e3o Lu\u00eds Ferreira Sobral<\/a> e <a href=\"https:\/\/www.di.uminho.pt\/~jno\/sitedi\/nm_6571.html\">Andr\u00e9 Martins Pereira<\/a><\/td>\n<\/tr>\n<tr class=\"row-41\">\n\t<td class=\"column-1\">S2<\/td><td class=\"column-2\"><a href=\"https:\/\/www.di.uminho.pt\/~jno\/sitedi\/uc_J902N4.html\">Dados e Computa\u00e7\u00e3o<\/a><\/td><td class=\"column-3\"><a href=\"https:\/\/www.eng.uminho.pt\/pt\/Estudar\/_layouts\/15\/UMinho.PortaisUOEI.UI\/Pages\/CatalogoCursoDetail.aspx?itemId=5495&amp;catId=16\">Licenciatura em Engenharia F\u00edsica<\/a> [ENGFIS]<\/td><td class=\"column-4\"><a href=\"https:\/\/www.di.uminho.pt\/~jno\/sitedi\/nm_1936.html\">Jorge Miguel Matos Sousa Pinto<\/a><\/td><td class=\"column-5\"><a href=\"https:\/\/www.di.uminho.pt\/~jno\/sitedi\/nm_1936.html\">Jorge Miguel Matos Sousa Pinto<\/a><\/td>\n<\/tr>\n<tr class=\"row-42\">\n\t<td class=\"column-1\">S2<\/td><td class=\"column-2\"><a href=\"https:\/\/www.di.uminho.pt\/~jno\/sitedi\/uc_J904N3.html\">Programa\u00e7\u00e3o Imperativa<\/a><\/td><td class=\"column-3\"><a href=\"https:\/\/www.eng.uminho.pt\/pt\/Estudar\/_layouts\/15\/UMinho.PortaisUOEI.UI\/Pages\/CatalogoCursoDetail.aspx?itemId=5495&amp;catId=16\">Licenciatura em Engenharia F\u00edsica<\/a> [ENGFIS]<\/td><td class=\"column-4\"><a href=\"https:\/\/www.di.uminho.pt\/~jno\/sitedi\/nm_595.html\">Jos\u00e9 Bernardo Santos Monteiro Vieira Barros<\/a><\/td><td class=\"column-5\"><a href=\"https:\/\/www.di.uminho.pt\/~jno\/sitedi\/nm_14299.html\">Sim\u00e3o Pedro S\u00e1 Cunha<\/a><\/td>\n<\/tr>\n<tr class=\"row-43\">\n\t<td class=\"column-1\">S2<\/td><td class=\"column-2\"><a href=\"https:\/\/www.di.uminho.pt\/~jno\/sitedi\/uc_J904N4.html\">Sistemas de Computa\u00e7\u00e3o<\/a><\/td><td class=\"column-3\"><a href=\"https:\/\/www.eng.uminho.pt\/pt\/Estudar\/_layouts\/15\/UMinho.PortaisUOEI.UI\/Pages\/CatalogoCursoDetail.aspx?itemId=5495&amp;catId=16\">Licenciatura em Engenharia F\u00edsica<\/a> [ENGFIS]<\/td><td class=\"column-4\"><a href=\"https:\/\/www.di.uminho.pt\/~jno\/sitedi\/nm_1240.html\">Jo\u00e3o Miguel Lobo Fernandes<\/a><\/td><td class=\"column-5\"><a href=\"https:\/\/www.di.uminho.pt\/~jno\/sitedi\/nm_14957.html\">Gon\u00e7alo Medeiros S\u00e3o Pedro Raposo<\/a> e <a href=\"https:\/\/www.di.uminho.pt\/~jno\/sitedi\/nm_6571.html\">Andr\u00e9 Martins Pereira<\/a><\/td>\n<\/tr>\n<tr class=\"row-44\">\n\t<td class=\"column-1\">S1<\/td><td class=\"column-2\"><a href=\"https:\/\/www.di.uminho.pt\/~jno\/sitedi\/uc_J303N6.html\">Algoritmos e Complexidade<\/a><\/td><td class=\"column-3\"><a href=\"https:\/\/lei.di.uminho.pt\">Licenciatura em Engenharia Inform\u00e1tica<\/a> [ENGINF]<\/td><td class=\"column-4\"><a href=\"https:\/\/www.di.uminho.pt\/~jno\/sitedi\/nm_595.html\">Jos\u00e9 Bernardo Santos Monteiro Vieira Barros<\/a><\/td><td class=\"column-5\"><a href=\"https:\/\/www.di.uminho.pt\/~jno\/sitedi\/nm_1719.html\">Jos\u00e9 Carlos Bacelar Ferreira Junqueira Almeida<\/a>, <a href=\"https:\/\/www.di.uminho.pt\/~jno\/sitedi\/nm_1936.html\">Jorge Miguel Matos Sousa Pinto<\/a>, <a href=\"https:\/\/www.di.uminho.pt\/~jno\/sitedi\/nm_5832.html\">Renato Jorge Ara\u00fajo Neves<\/a> e <a href=\"https:\/\/www.di.uminho.pt\/~jno\/sitedi\/nm_595.html\">Jos\u00e9 Bernardo Santos Monteiro Vieira Barros<\/a><\/td>\n<\/tr>\n<tr class=\"row-45\">\n\t<td class=\"column-1\">S1<\/td><td class=\"column-2\"><a href=\"https:\/\/www.di.uminho.pt\/~jno\/sitedi\/uc_J303N4.html\">Arquitetura de Computadores<\/a><\/td><td class=\"column-3\"><a href=\"https:\/\/lei.di.uminho.pt\">Licenciatura em Engenharia Inform\u00e1tica<\/a> [ENGINF]<\/td><td class=\"column-4\"><a href=\"https:\/\/www.di.uminho.pt\/~jno\/sitedi\/nm_1063.html\">Lu\u00eds Paulo Peixoto Santos<\/a><\/td><td class=\"column-5\"><a href=\"https:\/\/www.di.uminho.pt\/~jno\/sitedi\/nm_1063.html\">Lu\u00eds Paulo Peixoto Santos<\/a>, <a href=\"https:\/\/www.di.uminho.pt\/~jno\/sitedi\/nm_1728.html\">Ant\u00f3nio Joaquim Andr\u00e9 Esteves<\/a> e <a href=\"https:\/\/www.di.uminho.pt\/~jno\/sitedi\/nm_7157.html\">Paulo Rafael Costa Sousa<\/a><\/td>\n<\/tr>\n<tr class=\"row-46\">\n\t<td class=\"column-1\">S1<\/td><td class=\"column-2\"><a href=\"https:\/\/www.di.uminho.pt\/~jno\/sitedi\/uc_J303O1.html\">Bases de Dados<\/a><\/td><td class=\"column-3\"><a href=\"https:\/\/lei.di.uminho.pt\">Licenciatura em Engenharia Inform\u00e1tica<\/a> [ENGINF]<\/td><td class=\"column-4\"><a href=\"https:\/\/www.di.uminho.pt\/~jno\/sitedi\/nm_762.html\">Orlando Manuel Oliveira Belo<\/a><\/td><td class=\"column-5\"><a href=\"https:\/\/www.di.uminho.pt\/~jno\/sitedi\/nm_14006.html\">L\u00eddia Ana\u00eds Coelho Sousa<\/a>, <a href=\"https:\/\/www.di.uminho.pt\/~jno\/sitedi\/nm_14295.html\">Ana Filipa Barros Duarte<\/a>, <a href=\"https:\/\/www.di.uminho.pt\/~jno\/sitedi\/nm_6872.html\">Vasco Ant\u00f3nio Pinheiro Costa Abelha<\/a>, <a href=\"https:\/\/www.di.uminho.pt\/~jno\/sitedi\/nm_762.html\">Orlando Manuel Oliveira Belo<\/a>, <a href=\"https:\/\/www.di.uminho.pt\/~jno\/sitedi\/nm_8115.html\">Cristiana Marisa Pereira Neto<\/a> e <a href=\"https:\/\/www.di.uminho.pt\/~jno\/sitedi\/nm_8117.html\">Diana Lisandra Azevedo Ferreira<\/a><\/td>\n<\/tr>\n<tr class=\"row-47\">\n\t<td class=\"column-1\">S1<\/td><td class=\"column-2\"><a href=\"https:\/\/www.di.uminho.pt\/~jno\/sitedi\/uc_J305N5.html\">Comunica\u00e7\u00f5es por Computador<\/a><\/td><td class=\"column-3\"><a href=\"https:\/\/lei.di.uminho.pt\">Licenciatura em Engenharia Inform\u00e1tica<\/a> [ENGINF]<\/td><td class=\"column-4\"><a href=\"https:\/\/www.di.uminho.pt\/~jno\/sitedi\/nm_1698.html\">Ant\u00f3nio Lu\u00eds Duarte Costa<\/a><\/td><td class=\"column-5\"><a href=\"https:\/\/www.di.uminho.pt\/~jno\/sitedi\/nm_12267.html\">Jo\u00e3o Fernandes Pereira<\/a>, <a href=\"https:\/\/www.di.uminho.pt\/~jno\/sitedi\/nm_12943.html\">Pedro Miguel Silva Paiva Ant\u00f3nio<\/a>, <a href=\"https:\/\/www.di.uminho.pt\/~jno\/sitedi\/nm_14967.html\">Rodrigo Manuel Matos Pereira<\/a>, <a href=\"https:\/\/www.di.uminho.pt\/~jno\/sitedi\/nm_1698.html\">Ant\u00f3nio Lu\u00eds Duarte Costa<\/a> e <a href=\"https:\/\/www.di.uminho.pt\/~jno\/sitedi\/nm_8302.html\">Emanuel Ribeiro Lima<\/a><\/td>\n<\/tr>\n<tr class=\"row-48\">\n\t<td class=\"column-1\">S1<\/td><td class=\"column-2\"><a href=\"https:\/\/www.di.uminho.pt\/~jno\/sitedi\/uc_J305N1.html\">C\u00e1lculo de Programas<\/a><\/td><td class=\"column-3\"><a href=\"https:\/\/lei.di.uminho.pt\">Licenciatura em Engenharia Inform\u00e1tica<\/a> [ENGINF]<\/td><td class=\"column-4\"><a href=\"https:\/\/www.di.uminho.pt\/~jno\/sitedi\/nm_956.html\">Olga Maria Gomes Martins Pacheco<\/a><\/td><td class=\"column-5\"><a href=\"https:\/\/www.di.uminho.pt\/~jno\/sitedi\/nm_5832.html\">Renato Jorge Ara\u00fajo Neves<\/a>, <a href=\"https:\/\/www.di.uminho.pt\/~jno\/sitedi\/nm_6203.html\">Daniel Rodrigues Pacheco Murta<\/a>, <a href=\"https:\/\/www.di.uminho.pt\/~jno\/sitedi\/nm_88.html\">Jos\u00e9 Nuno Fonseca Oliveira<\/a> e <a href=\"https:\/\/www.di.uminho.pt\/~jno\/sitedi\/nm_956.html\">Olga Maria Gomes Martins Pacheco<\/a><\/td>\n<\/tr>\n<tr class=\"row-49\">\n\t<td class=\"column-1\">S1<\/td><td class=\"column-2\"><a href=\"https:\/\/www.di.uminho.pt\/~jno\/sitedi\/uc_J305N2.html\">Desenvolvimento de Sistemas de Software<\/a><\/td><td class=\"column-3\"><a href=\"https:\/\/lei.di.uminho.pt\">Licenciatura em Engenharia Inform\u00e1tica<\/a> [ENGINF]<\/td><td class=\"column-4\"><a href=\"https:\/\/www.di.uminho.pt\/~jno\/sitedi\/nm_1551.html\">Ant\u00f3nio Manuel Nestor Ribeiro<\/a><\/td><td class=\"column-5\"><a href=\"https:\/\/www.di.uminho.pt\/~jno\/sitedi\/nm_14998.html\">Afonso Rafael Carvalho Sousa<\/a>, <a href=\"https:\/\/www.di.uminho.pt\/~jno\/sitedi\/nm_1551.html\">Ant\u00f3nio Manuel Nestor Ribeiro<\/a> e <a href=\"https:\/\/www.di.uminho.pt\/~jno\/sitedi\/nm_5743.html\">Tiago Filipe Azevedo Oliveira<\/a><\/td>\n<\/tr>\n<tr class=\"row-50\">\n\t<td class=\"column-1\">S1<\/td><td class=\"column-2\"><a href=\"https:\/\/www.di.uminho.pt\/~jno\/sitedi\/uc_J303N5.html\">Fundamentos de Comunica\u00e7\u00e3o de Dados<\/a><\/td><td class=\"column-3\"><a href=\"https:\/\/lei.di.uminho.pt\">Licenciatura em Engenharia Inform\u00e1tica<\/a> [ENGINF]<\/td><td class=\"column-4\"><a href=\"https:\/\/www.di.uminho.pt\/~jno\/sitedi\/nm_2276.html\">Pedro Nuno Miranda Sousa<\/a><\/td><td class=\"column-5\"><a href=\"https:\/\/www.di.uminho.pt\/~jno\/sitedi\/nm_2276.html\">Pedro Nuno Miranda Sousa<\/a> e <a href=\"https:\/\/www.di.uminho.pt\/~jno\/sitedi\/nm_7768.html\">Vadym Serhiyovych Hapanchak<\/a><\/td>\n<\/tr>\n<tr class=\"row-51\">\n\t<td class=\"column-1\">S1<\/td><td class=\"column-2\"><a href=\"https:\/\/www.di.uminho.pt\/~jno\/sitedi\/uc_J305N3.html\">Intelig\u00eancia Artificial<\/a><\/td><td class=\"column-3\"><a href=\"https:\/\/lei.di.uminho.pt\">Licenciatura em Engenharia Inform\u00e1tica<\/a> [ENGINF]<\/td><td class=\"column-4\"><a href=\"https:\/\/www.di.uminho.pt\/~jno\/sitedi\/nm_12166.html\">Dalila Alves Dur\u00e3es<\/a><\/td><td class=\"column-5\"><a href=\"https:\/\/www.di.uminho.pt\/~jno\/sitedi\/nm_12166.html\">Dalila Alves Dur\u00e3es<\/a>, <a href=\"https:\/\/www.di.uminho.pt\/~jno\/sitedi\/nm_12758.html\">S\u00e9rgio Manuel Carvalho Gon\u00e7alves<\/a>, <a href=\"https:\/\/www.di.uminho.pt\/~jno\/sitedi\/nm_14560.html\">Guilherme Jo\u00e3o Fernandes Barbosa<\/a> e <a href=\"https:\/\/www.di.uminho.pt\/~jno\/sitedi\/nm_2263.html\">Manuel Fernando Silva Rodrigues<\/a><\/td>\n<\/tr>\n<tr class=\"row-52\">\n\t<td class=\"column-1\">S1<\/td><td class=\"column-2\"><a href=\"https:\/\/www.di.uminho.pt\/~jno\/sitedi\/uc_J305P1.html\">Interface Pessoa-M\u00e1quina<\/a><\/td><td class=\"column-3\"><a href=\"https:\/\/lei.di.uminho.pt\">Licenciatura em Engenharia Inform\u00e1tica<\/a> [ENGINF]<\/td><td class=\"column-4\"><a href=\"https:\/\/www.di.uminho.pt\/~jno\/sitedi\/nm_7119.html\">Hugo Jos\u00e9 Pereira Pacheco<\/a><\/td><td class=\"column-5\"><a href=\"https:\/\/www.di.uminho.pt\/~jno\/sitedi\/nm_12090.html\">In\u00eas Lucas Amorim Alves<\/a>, <a href=\"https:\/\/www.di.uminho.pt\/~jno\/sitedi\/nm_13414.html\">Rafael Braga Gomes Costa<\/a> e <a href=\"https:\/\/www.di.uminho.pt\/~jno\/sitedi\/nm_7119.html\">Hugo Jos\u00e9 Pereira Pacheco<\/a><\/td>\n<\/tr>\n<tr class=\"row-53\">\n\t<td class=\"column-1\">S1<\/td><td class=\"column-2\"><a href=\"https:\/\/www.di.uminho.pt\/~jno\/sitedi\/uc_J301N6.html\">Laborat\u00f3rios de Inform\u00e1tica I<\/a><\/td><td class=\"column-3\"><a href=\"https:\/\/lei.di.uminho.pt\">Licenciatura em Engenharia Inform\u00e1tica<\/a> [ENGINF]<\/td><td class=\"column-4\"><a href=\"https:\/\/www.di.uminho.pt\/~jno\/sitedi\/nm_7119.html\">Hugo Jos\u00e9 Pereira Pacheco<\/a><\/td><td class=\"column-5\"><a href=\"https:\/\/www.di.uminho.pt\/~jno\/sitedi\/nm_12733.html\">Nelson Miguel Oliveira Estev\u00e3o<\/a>, <a href=\"https:\/\/www.di.uminho.pt\/~jno\/sitedi\/nm_12736.html\">Xavier Gomes Pinho<\/a>, <a href=\"https:\/\/www.di.uminho.pt\/~jno\/sitedi\/nm_13177.html\">Sofia Guilherme Rodrigues Santos<\/a>, <a href=\"https:\/\/www.di.uminho.pt\/~jno\/sitedi\/nm_14960.html\">Jos\u00e9 Emanuel Silva Rodrigues<\/a>, <a href=\"https:\/\/www.di.uminho.pt\/~jno\/sitedi\/nm_7119.html\">Hugo Jos\u00e9 Pereira Pacheco<\/a> e <a href=\"https:\/\/www.di.uminho.pt\/~jno\/sitedi\/nm_956.html\">Olga Maria Gomes Martins Pacheco<\/a><\/td>\n<\/tr>\n<tr class=\"row-54\">\n\t<td class=\"column-1\">S1<\/td><td class=\"column-2\"><a href=\"https:\/\/www.di.uminho.pt\/~jno\/sitedi\/uc_J303N1.html\">Laborat\u00f3rios de Inform\u00e1tica III<\/a><\/td><td class=\"column-3\"><a href=\"https:\/\/lei.di.uminho.pt\">Licenciatura em Engenharia Inform\u00e1tica<\/a> [ENGINF]<\/td><td class=\"column-4\"><a href=\"https:\/\/www.di.uminho.pt\/~jno\/sitedi\/nm_1546.html\">Vitor Francisco Mendes Freitas Gomes Fonte<\/a><\/td><td class=\"column-5\"><a href=\"https:\/\/www.di.uminho.pt\/~jno\/sitedi\/nm_13847.html\">Diogo Pinto Ribeiro<\/a>, <a href=\"https:\/\/www.di.uminho.pt\/~jno\/sitedi\/nm_14955.html\">Adriano Novo Soto Maior<\/a>, <a href=\"https:\/\/www.di.uminho.pt\/~jno\/sitedi\/nm_14964.html\">Pedro Eira Sousa<\/a>, <a href=\"https:\/\/www.di.uminho.pt\/~jno\/sitedi\/nm_15001.html\">Rui Lopes Martins<\/a>, <a href=\"https:\/\/www.di.uminho.pt\/~jno\/sitedi\/nm_1546.html\">Vitor Francisco Mendes Freitas Gomes Fonte<\/a> e <a href=\"https:\/\/www.di.uminho.pt\/~jno\/sitedi\/nm_6263.html\">F\u00e1bio Andr\u00e9 Castanheira Lu\u00eds Coelho<\/a><\/td>\n<\/tr>\n<tr class=\"row-55\">\n\t<td class=\"column-1\">S1<\/td><td class=\"column-2\"><a href=\"https:\/\/www.di.uminho.pt\/~jno\/sitedi\/uc_J301N4.html\">Programa\u00e7\u00e3o Funcional<\/a><\/td><td class=\"column-3\"><a href=\"https:\/\/lei.di.uminho.pt\">Licenciatura em Engenharia Inform\u00e1tica<\/a> [ENGINF]<\/td><td class=\"column-4\"><a href=\"https:\/\/www.di.uminho.pt\/~jno\/sitedi\/nm_1171.html\">Maria Jo\u00e3o Gomes Frade<\/a><\/td><td class=\"column-5\"><a href=\"https:\/\/www.di.uminho.pt\/~jno\/sitedi\/nm_1171.html\">Maria Jo\u00e3o Gomes Frade<\/a>, <a href=\"https:\/\/www.di.uminho.pt\/~jno\/sitedi\/nm_1550.html\">Jo\u00e3o Alexandre Baptista Vieira Saraiva<\/a> e <a href=\"https:\/\/www.di.uminho.pt\/~jno\/sitedi\/nm_956.html\">Olga Maria Gomes Martins Pacheco<\/a><\/td>\n<\/tr>\n<tr class=\"row-56\">\n\t<td class=\"column-1\">S1<\/td><td class=\"column-2\"><a href=\"https:\/\/www.di.uminho.pt\/~jno\/sitedi\/uc_J305N4.html\">Sistemas Distribu\u00eddos<\/a><\/td><td class=\"column-3\"><a href=\"https:\/\/lei.di.uminho.pt\">Licenciatura em Engenharia Inform\u00e1tica<\/a> [ENGINF]<\/td><td class=\"column-4\"><a href=\"https:\/\/www.di.uminho.pt\/~jno\/sitedi\/nm_617.html\">Jos\u00e9 Orlando Roque Nascimento Pereira<\/a><\/td><td class=\"column-5\"><a href=\"https:\/\/www.di.uminho.pt\/~jno\/sitedi\/nm_12010.html\">Ricardo Gon\u00e7alves Macedo<\/a>, <a href=\"https:\/\/www.di.uminho.pt\/~jno\/sitedi\/nm_12956.html\">Nuno Filipe Pinto Faria<\/a>, <a href=\"https:\/\/www.di.uminho.pt\/~jno\/sitedi\/nm_1362.html\">Paulo S\u00e9rgio Soares Almeida<\/a>, <a href=\"https:\/\/www.di.uminho.pt\/~jno\/sitedi\/nm_617.html\">Jos\u00e9 Orlando Roque Nascimento Pereira<\/a> e <a href=\"https:\/\/www.di.uminho.pt\/~jno\/sitedi\/nm_8328.html\">Francisco Nuno Teixeira Neves<\/a><\/td>\n<\/tr>\n<tr class=\"row-57\">\n\t<td class=\"column-1\">S2<\/td><td class=\"column-2\"><a href=\"https:\/\/www.di.uminho.pt\/~jno\/sitedi\/uc_J306N7.html\">An\u00e1lise e Teste de Software<\/a><\/td><td class=\"column-3\"><a href=\"https:\/\/lei.di.uminho.pt\">Licenciatura em Engenharia Inform\u00e1tica<\/a> [ENGINF]<\/td><td class=\"column-4\"><a href=\"https:\/\/www.di.uminho.pt\/~jno\/sitedi\/nm_1550.html\">Jo\u00e3o Alexandre Baptista Vieira Saraiva<\/a><\/td><td class=\"column-5\"><a href=\"https:\/\/www.di.uminho.pt\/~jno\/sitedi\/nm_13177.html\">Sofia Guilherme Rodrigues Santos<\/a> e <a href=\"https:\/\/www.di.uminho.pt\/~jno\/sitedi\/nm_1550.html\">Jo\u00e3o Alexandre Baptista Vieira Saraiva<\/a><\/td>\n<\/tr>\n<tr class=\"row-58\">\n\t<td class=\"column-1\">S2<\/td><td class=\"column-2\"><a href=\"https:\/\/www.di.uminho.pt\/~jno\/sitedi\/uc_J306N5.html\">Aprendizagem e Decis\u00e3o Inteligentes<\/a><\/td><td class=\"column-3\"><a href=\"https:\/\/lei.di.uminho.pt\">Licenciatura em Engenharia Inform\u00e1tica<\/a> [ENGINF]<\/td><td class=\"column-4\"><a href=\"https:\/\/www.di.uminho.pt\/~jno\/sitedi\/nm_1573.html\">C\u00e9sar Analide Freitas Silva Costa Rodrigues<\/a><\/td><td class=\"column-5\"><a href=\"https:\/\/www.di.uminho.pt\/~jno\/sitedi\/nm_12085.html\">Pedro Jos\u00e9 Costa Oliveira<\/a>, <a href=\"https:\/\/www.di.uminho.pt\/~jno\/sitedi\/nm_14031.html\">Jo\u00e3o Delfim Cruz Pereira<\/a>, <a href=\"https:\/\/www.di.uminho.pt\/~jno\/sitedi\/nm_1573.html\">C\u00e9sar Analide Freitas Silva Costa Rodrigues<\/a> e <a href=\"https:\/\/www.di.uminho.pt\/~jno\/sitedi\/nm_8990.html\">Francisco Supino Marcondes<\/a><\/td>\n<\/tr>\n<tr class=\"row-59\">\n\t<td class=\"column-1\">S2<\/td><td class=\"column-2\"><a href=\"https:\/\/www.di.uminho.pt\/~jno\/sitedi\/uc_J306N2.html\">Computa\u00e7\u00e3o Gr\u00e1fica<\/a><\/td><td class=\"column-3\"><a href=\"https:\/\/lei.di.uminho.pt\">Licenciatura em Engenharia Inform\u00e1tica<\/a> [ENGINF]<\/td><td class=\"column-4\"><a href=\"https:\/\/www.di.uminho.pt\/~jno\/sitedi\/nm_1243.html\">Ant\u00f3nio Jos\u00e9 Borba Ramires Fernandes<\/a><\/td><td class=\"column-5\"><a href=\"https:\/\/www.di.uminho.pt\/~jno\/sitedi\/nm_1243.html\">Ant\u00f3nio Jos\u00e9 Borba Ramires Fernandes<\/a>, <a href=\"https:\/\/www.di.uminho.pt\/~jno\/sitedi\/nm_13415.html\">Paulo Alexandre Ferreira Barbosa<\/a> e <a href=\"https:\/\/www.di.uminho.pt\/~jno\/sitedi\/nm_6667.html\">Diogo Alberto Rocha Lopes<\/a><\/td>\n<\/tr>\n<tr class=\"row-60\">\n\t<td class=\"column-1\">S2<\/td><td class=\"column-2\"><a href=\"https:\/\/www.di.uminho.pt\/~jno\/sitedi\/uc_J306N8.html\">Engenharia Web<\/a><\/td><td class=\"column-3\"><a href=\"https:\/\/lei.di.uminho.pt\">Licenciatura em Engenharia Inform\u00e1tica<\/a> [ENGINF]<\/td><td class=\"column-4\"><a href=\"https:\/\/www.di.uminho.pt\/~jno\/sitedi\/nm_1513.html\">Jos\u00e9 Carlos Leite Ramalho<\/a><\/td><td class=\"column-5\"><a href=\"https:\/\/www.di.uminho.pt\/~jno\/sitedi\/nm_1513.html\">Jos\u00e9 Carlos Leite Ramalho<\/a><\/td>\n<\/tr>\n<tr class=\"row-61\">\n\t<td class=\"column-1\">S2<\/td><td class=\"column-2\"><a href=\"https:\/\/www.di.uminho.pt\/~jno\/sitedi\/uc_J306Q5.html\">Fundamentos da Computa\u00e7\u00e3o Qu\u00e2ntica<\/a><\/td><td class=\"column-3\"><a href=\"https:\/\/lei.di.uminho.pt\">Licenciatura em Engenharia Inform\u00e1tica<\/a> [ENGINF]<\/td><td class=\"column-4\"><a href=\"https:\/\/www.di.uminho.pt\/~jno\/sitedi\/nm_683.html\">Lu\u00eds Manuel Dias Coelho Soares Barbosa<\/a><\/td><td class=\"column-5\"><a href=\"https:\/\/www.di.uminho.pt\/~jno\/sitedi\/nm_12955.html\">Andr\u00e9 Manuel Resende Sequeira<\/a> e <a href=\"https:\/\/www.di.uminho.pt\/~jno\/sitedi\/nm_683.html\">Lu\u00eds Manuel Dias Coelho Soares Barbosa<\/a><\/td>\n<\/tr>\n<tr class=\"row-62\">\n\t<td class=\"column-1\">S2<\/td><td class=\"column-2\"><a href=\"https:\/\/www.di.uminho.pt\/~jno\/sitedi\/uc_J306N1.html\">Interface Pessoa-M\u00e1quina<\/a><\/td><td class=\"column-3\"><a href=\"https:\/\/lei.di.uminho.pt\">Licenciatura em Engenharia Inform\u00e1tica<\/a> [ENGINF]<\/td><td class=\"column-4\"><a href=\"https:\/\/www.di.uminho.pt\/~jno\/sitedi\/nm_7119.html\">Hugo Jos\u00e9 Pereira Pacheco<\/a><\/td><td class=\"column-5\"><a href=\"https:\/\/www.di.uminho.pt\/~jno\/sitedi\/nm_12090.html\">In\u00eas Lucas Amorim Alves<\/a>, <a href=\"https:\/\/www.di.uminho.pt\/~jno\/sitedi\/nm_13414.html\">Rafael Braga Gomes Costa<\/a>, <a href=\"https:\/\/www.di.uminho.pt\/~jno\/sitedi\/nm_6203.html\">Daniel Rodrigues Pacheco Murta<\/a> e <a href=\"https:\/\/www.di.uminho.pt\/~jno\/sitedi\/nm_7119.html\">Hugo Jos\u00e9 Pereira Pacheco<\/a><\/td>\n<\/tr>\n<tr class=\"row-63\">\n\t<td class=\"column-1\">S2<\/td><td class=\"column-2\"><a href=\"https:\/\/www.di.uminho.pt\/~jno\/sitedi\/uc_J302N6.html\">Laborat\u00f3rios de Inform\u00e1tica II<\/a><\/td><td class=\"column-3\"><a href=\"https:\/\/lei.di.uminho.pt\">Licenciatura em Engenharia Inform\u00e1tica<\/a> [ENGINF]<\/td><td class=\"column-4\"><a href=\"https:\/\/www.di.uminho.pt\/~jno\/sitedi\/nm_1671.html\">Rui Manuel Ribeiro Castro Mendes<\/a><\/td><td class=\"column-5\"><a href=\"https:\/\/www.di.uminho.pt\/~jno\/sitedi\/nm_12736.html\">Xavier Gomes Pinho<\/a>, <a href=\"https:\/\/www.di.uminho.pt\/~jno\/sitedi\/nm_12758.html\">S\u00e9rgio Manuel Carvalho Gon\u00e7alves<\/a>, <a href=\"https:\/\/www.di.uminho.pt\/~jno\/sitedi\/nm_1671.html\">Rui Manuel Ribeiro Castro Mendes<\/a>, <a href=\"https:\/\/www.di.uminho.pt\/~jno\/sitedi\/nm_1962.html\">Paulo Jorge Sousa Azevedo<\/a>, <a href=\"https:\/\/www.di.uminho.pt\/~jno\/sitedi\/nm_2263.html\">Manuel Fernando Silva Rodrigues<\/a> e <a href=\"https:\/\/www.di.uminho.pt\/~jno\/sitedi\/nm_6301.html\">Paulo Adelino Dias Almeida<\/a><\/td>\n<\/tr>\n<tr class=\"row-64\">\n\t<td class=\"column-1\">S2<\/td><td class=\"column-2\"><a href=\"https:\/\/www.di.uminho.pt\/~jno\/sitedi\/uc_J306Q3.html\">Laborat\u00f3rios de Inform\u00e1tica IV<\/a><\/td><td class=\"column-3\"><a href=\"https:\/\/lei.di.uminho.pt\">Licenciatura em Engenharia Inform\u00e1tica<\/a> [ENGINF]<\/td><td class=\"column-4\"><a href=\"https:\/\/www.di.uminho.pt\/~jno\/sitedi\/nm_762.html\">Orlando Manuel Oliveira Belo<\/a><\/td><td class=\"column-5\"><a href=\"https:\/\/www.di.uminho.pt\/~jno\/sitedi\/nm_6872.html\">Vasco Ant\u00f3nio Pinheiro Costa Abelha<\/a>, <a href=\"https:\/\/www.di.uminho.pt\/~jno\/sitedi\/nm_762.html\">Orlando Manuel Oliveira Belo<\/a> e <a href=\"https:\/\/www.di.uminho.pt\/~jno\/sitedi\/nm_8117.html\">Diana Lisandra Azevedo Ferreira<\/a><\/td>\n<\/tr>\n<tr class=\"row-65\">\n\t<td class=\"column-1\">S2<\/td><td class=\"column-2\"><a href=\"https:\/\/www.di.uminho.pt\/~jno\/sitedi\/uc_J306N4.html\">Processamento de Linguagens<\/a><\/td><td class=\"column-3\"><a href=\"https:\/\/lei.di.uminho.pt\">Licenciatura em Engenharia Inform\u00e1tica<\/a> [ENGINF]<\/td><td class=\"column-4\"><a href=\"https:\/\/www.di.uminho.pt\/~jno\/sitedi\/nm_6210.html\">Nuno Filipe Moreira Macedo<\/a><\/td><td class=\"column-5\"><a href=\"https:\/\/www.di.uminho.pt\/~jno\/sitedi\/nm_12476.html\">Tiago Jo\u00e3o Fernandes Baptista<\/a>, <a href=\"https:\/\/www.di.uminho.pt\/~jno\/sitedi\/nm_13753.html\">Tiago Manuel Queir\u00f3s Barata<\/a> e <a href=\"https:\/\/www.di.uminho.pt\/~jno\/sitedi\/nm_6210.html\">Nuno Filipe Moreira Macedo<\/a><\/td>\n<\/tr>\n<tr class=\"row-66\">\n\t<td class=\"column-1\">S2<\/td><td class=\"column-2\"><a href=\"https:\/\/www.di.uminho.pt\/~jno\/sitedi\/uc_J302N5.html\">Programa\u00e7\u00e3o Imperativa<\/a><\/td><td class=\"column-3\"><a href=\"https:\/\/lei.di.uminho.pt\">Licenciatura em Engenharia Inform\u00e1tica<\/a> [ENGINF]<\/td><td class=\"column-4\"><a href=\"https:\/\/www.di.uminho.pt\/~jno\/sitedi\/nm_5743.html\">Tiago Filipe Azevedo Oliveira<\/a><\/td><td class=\"column-5\"><a href=\"https:\/\/www.di.uminho.pt\/~jno\/sitedi\/nm_12733.html\">Nelson Miguel Oliveira Estev\u00e3o<\/a>, <a href=\"https:\/\/www.di.uminho.pt\/~jno\/sitedi\/nm_13427.html\">Maria Jos\u00e9 Costa Ramos<\/a>, <a href=\"https:\/\/www.di.uminho.pt\/~jno\/sitedi\/nm_14394.html\">Rui Pedro Esteves Vasques Correia de Oliveira<\/a>, <a href=\"https:\/\/www.di.uminho.pt\/~jno\/sitedi\/nm_1942.html\">Jos\u00e9 Augusto Domingues Fernandes Lima<\/a>, <a href=\"https:\/\/www.di.uminho.pt\/~jno\/sitedi\/nm_5743.html\">Tiago Filipe Azevedo Oliveira<\/a> e <a href=\"https:\/\/www.di.uminho.pt\/~jno\/sitedi\/nm_595.html\">Jos\u00e9 Bernardo Santos Monteiro Vieira Barros<\/a><\/td>\n<\/tr>\n<tr class=\"row-67\">\n\t<td class=\"column-1\">S2<\/td><td class=\"column-2\"><a href=\"https:\/\/www.di.uminho.pt\/~jno\/sitedi\/uc_J304N2.html\">Programa\u00e7\u00e3o Orientada aos Objetos<\/a><\/td><td class=\"column-3\"><a href=\"https:\/\/lei.di.uminho.pt\">Licenciatura em Engenharia Inform\u00e1tica<\/a> [ENGINF]<\/td><td class=\"column-4\"><a href=\"https:\/\/www.di.uminho.pt\/~jno\/sitedi\/nm_1551.html\">Ant\u00f3nio Manuel Nestor Ribeiro<\/a><\/td><td class=\"column-5\"><a href=\"https:\/\/www.di.uminho.pt\/~jno\/sitedi\/nm_14112.html\">Pedro Miguel Braga Moreira<\/a>, <a href=\"https:\/\/www.di.uminho.pt\/~jno\/sitedi\/nm_14296.html\">Beatriz Pedrosa Cepa<\/a>, <a href=\"https:\/\/www.di.uminho.pt\/~jno\/sitedi\/nm_14389.html\">Andr\u00e9 da Silva Gon\u00e7alves<\/a>, <a href=\"https:\/\/www.di.uminho.pt\/~jno\/sitedi\/nm_1551.html\">Ant\u00f3nio Manuel Nestor Ribeiro<\/a>, <a href=\"https:\/\/www.di.uminho.pt\/~jno\/sitedi\/nm_4743.html\">Francisco Miguel Carvalho Barros Cruz<\/a> e <a href=\"https:\/\/www.di.uminho.pt\/~jno\/sitedi\/nm_6263.html\">F\u00e1bio Andr\u00e9 Castanheira Lu\u00eds Coelho<\/a><\/td>\n<\/tr>\n<tr class=\"row-68\">\n\t<td class=\"column-1\">S2<\/td><td class=\"column-2\"><a href=\"https:\/\/www.di.uminho.pt\/~jno\/sitedi\/uc_J304N6.html\">Redes de Computadores<\/a><\/td><td class=\"column-3\"><a href=\"https:\/\/lei.di.uminho.pt\">Licenciatura em Engenharia Inform\u00e1tica<\/a> [ENGINF]<\/td><td class=\"column-4\"><a href=\"https:\/\/www.di.uminho.pt\/~jno\/sitedi\/nm_1542.html\">Paulo Manuel Martins Carvalho<\/a><\/td><td class=\"column-5\"><a href=\"https:\/\/www.di.uminho.pt\/~jno\/sitedi\/nm_12521.html\">Pedro Jorge Rito Lima<\/a>, <a href=\"https:\/\/www.di.uminho.pt\/~jno\/sitedi\/nm_12943.html\">Pedro Miguel Silva Paiva Ant\u00f3nio<\/a>, <a href=\"https:\/\/www.di.uminho.pt\/~jno\/sitedi\/nm_1327.html\">Maria Solange Pires Ferreira Rito Lima<\/a>, <a href=\"https:\/\/www.di.uminho.pt\/~jno\/sitedi\/nm_1542.html\">Paulo Manuel Martins Carvalho<\/a>, <a href=\"https:\/\/www.di.uminho.pt\/~jno\/sitedi\/nm_7912.html\">Bruno Alexandre Taraio Santos Antunes<\/a> e <a href=\"https:\/\/www.di.uminho.pt\/~jno\/sitedi\/nm_8302.html\">Emanuel Ribeiro Lima<\/a><\/td>\n<\/tr>\n<tr class=\"row-69\">\n\t<td class=\"column-1\">S2<\/td><td class=\"column-2\"><a href=\"https:\/\/www.di.uminho.pt\/~jno\/sitedi\/uc_J306N3.html\">Seguran\u00e7a de Sistemas Inform\u00e1ticos<\/a><\/td><td class=\"column-3\"><a href=\"https:\/\/lei.di.uminho.pt\">Licenciatura em Engenharia Inform\u00e1tica<\/a> [ENGINF]<\/td><td class=\"column-4\"><a href=\"https:\/\/www.di.uminho.pt\/~jno\/sitedi\/nm_1546.html\">Vitor Francisco Mendes Freitas Gomes Fonte<\/a><\/td><td class=\"column-5\"><a href=\"https:\/\/www.di.uminho.pt\/~jno\/sitedi\/nm_13847.html\">Diogo Pinto Ribeiro<\/a>, <a href=\"https:\/\/www.di.uminho.pt\/~jno\/sitedi\/nm_1546.html\">Vitor Francisco Mendes Freitas Gomes Fonte<\/a>, <a href=\"https:\/\/www.di.uminho.pt\/~jno\/sitedi\/nm_6687.html\">Jo\u00e3o Marco Cardoso Silva<\/a> e <a href=\"https:\/\/www.di.uminho.pt\/~jno\/sitedi\/nm_7119.html\">Hugo Jos\u00e9 Pereira Pacheco<\/a><\/td>\n<\/tr>\n<tr class=\"row-70\">\n\t<td class=\"column-1\">S2<\/td><td class=\"column-2\"><a href=\"https:\/\/www.di.uminho.pt\/~jno\/sitedi\/uc_J304N1.html\">Sistemas Operativos<\/a><\/td><td class=\"column-3\"><a href=\"https:\/\/lei.di.uminho.pt\">Licenciatura em Engenharia Inform\u00e1tica<\/a> [ENGINF]<\/td><td class=\"column-4\"><a href=\"https:\/\/www.di.uminho.pt\/~jno\/sitedi\/nm_4747.html\">Jo\u00e3o Tiago Medeiros Paulo<\/a><\/td><td class=\"column-5\"><a href=\"https:\/\/www.di.uminho.pt\/~jno\/sitedi\/nm_12729.html\">T\u00e2nia Concei\u00e7\u00e3o Ara\u00fajo Esteves<\/a>, <a href=\"https:\/\/www.di.uminho.pt\/~jno\/sitedi\/nm_12956.html\">Nuno Filipe Pinto Faria<\/a>, <a href=\"https:\/\/www.di.uminho.pt\/~jno\/sitedi\/nm_14110.html\">Jos\u00e9 Pedro Ribeiro Peixoto<\/a>, <a href=\"https:\/\/www.di.uminho.pt\/~jno\/sitedi\/nm_14301.html\">R\u00faben Daniel Almeida Ad\u00e3o<\/a>, <a href=\"https:\/\/www.di.uminho.pt\/~jno\/sitedi\/nm_4199.html\">Ana Lu\u00edsa Parreira Nunes Alonso<\/a>, <a href=\"https:\/\/www.di.uminho.pt\/~jno\/sitedi\/nm_4747.html\">Jo\u00e3o Tiago Medeiros Paulo<\/a> e <a href=\"https:\/\/www.di.uminho.pt\/~jno\/sitedi\/nm_8328.html\">Francisco Nuno Teixeira Neves<\/a><\/td>\n<\/tr>\n<tr class=\"row-71\">\n\t<td class=\"column-1\">S2<\/td><td class=\"column-2\"><a href=\"https:\/\/www.di.uminho.pt\/~jno\/sitedi\/uc_J302N1.html\">Sistemas de Computa\u00e7\u00e3o<\/a><\/td><td class=\"column-3\"><a href=\"https:\/\/lei.di.uminho.pt\">Licenciatura em Engenharia Inform\u00e1tica<\/a> [ENGINF]<\/td><td class=\"column-4\"><a href=\"https:\/\/www.di.uminho.pt\/~jno\/sitedi\/nm_1240.html\">Jo\u00e3o Miguel Lobo Fernandes<\/a><\/td><td class=\"column-5\"><a href=\"https:\/\/www.di.uminho.pt\/~jno\/sitedi\/nm_1240.html\">Jo\u00e3o Miguel Lobo Fernandes<\/a>, <a href=\"https:\/\/www.di.uminho.pt\/~jno\/sitedi\/nm_1728.html\">Ant\u00f3nio Joaquim Andr\u00e9 Esteves<\/a>, <a href=\"https:\/\/www.di.uminho.pt\/~jno\/sitedi\/nm_1835.html\">Jo\u00e3o Lu\u00eds Ferreira Sobral<\/a>, <a href=\"https:\/\/www.di.uminho.pt\/~jno\/sitedi\/nm_6859.html\">Andr\u00e9 Leite Ferreira<\/a> e <a href=\"https:\/\/www.di.uminho.pt\/~jno\/sitedi\/nm_7157.html\">Paulo Rafael Costa Sousa<\/a><\/td>\n<\/tr>\n<tr class=\"row-72\">\n\t<td class=\"column-1\">S2<\/td><td class=\"column-2\"><a href=\"https:\/\/www.di.uminho.pt\/~jno\/sitedi\/uc_J306Q6.html\">Tecnologias de Sistemas Operativos<\/a><\/td><td class=\"column-3\"><a href=\"https:\/\/lei.di.uminho.pt\">Licenciatura em Engenharia Inform\u00e1tica<\/a> [ENGINF]<\/td><td class=\"column-4\"><a href=\"https:\/\/www.di.uminho.pt\/~jno\/sitedi\/nm_4747.html\">Jo\u00e3o Tiago Medeiros Paulo<\/a><\/td><td class=\"column-5\"><a href=\"https:\/\/www.di.uminho.pt\/~jno\/sitedi\/nm_12729.html\">T\u00e2nia Concei\u00e7\u00e3o Ara\u00fajo Esteves<\/a> e <a href=\"https:\/\/www.di.uminho.pt\/~jno\/sitedi\/nm_4747.html\">Jo\u00e3o Tiago Medeiros Paulo<\/a><\/td>\n<\/tr>\n<tr class=\"row-73\">\n\t<td class=\"column-1\">S1<\/td><td class=\"column-2\"><a href=\"https:\/\/www.di.uminho.pt\/~jno\/sitedi\/uc_J401N3.html\">Computa\u00e7\u00e3o e Programa\u00e7\u00e3o<\/a><\/td><td class=\"column-3\"><a href=\"https:\/\/www.deb.uminho.pt\/Academics\/Degree?Sigla=LEQB\">Licenciatura em Engenharia Qu\u00edmica e Biol\u00f3gica<\/a> [ENGQUBIO]<\/td><td class=\"column-4\"><a href=\"https:\/\/www.di.uminho.pt\/~jno\/sitedi\/nm_1671.html\">Rui Manuel Ribeiro Castro Mendes<\/a><\/td><td class=\"column-5\"><a href=\"https:\/\/www.di.uminho.pt\/~jno\/sitedi\/nm_12155.html\">Nuno Miguel Caetano Alves<\/a> e <a href=\"https:\/\/www.di.uminho.pt\/~jno\/sitedi\/nm_12942.html\">Paulo Jorge Costa Concei\u00e7\u00e3o Mendes<\/a><\/td>\n<\/tr>\n<tr class=\"row-74\">\n\t<td class=\"column-1\">S1<\/td><td class=\"column-2\"><a href=\"https:\/\/www.di.uminho.pt\/~jno\/sitedi\/uc_J605N4.html\">Criptografia e Seguran\u00e7a em Redes<\/a><\/td><td class=\"column-3\"><a href=\"https:\/\/www.uminho.pt\/PT\/ensino\/oferta-educativa\/Cursos-Conferentes-a-Grau\/_layouts\/15\/UMinho.PortalUM.UI\/Pages\/CatalogoCursoDetail.aspx?itemId=5477&amp;catId=16\">Licenciatura em Engenharia de Telecomunica\u00e7\u00f5es e Inform\u00e1tica<\/a> [ENGTI]<\/td><td class=\"column-4\"><a href=\"https:\/\/www.di.uminho.pt\/~jno\/sitedi\/nm_6687.html\">Jo\u00e3o Marco Cardoso Silva<\/a><\/td><td class=\"column-5\"><a href=\"https:\/\/www.di.uminho.pt\/~jno\/sitedi\/nm_6687.html\">Jo\u00e3o Marco Cardoso Silva<\/a><\/td>\n<\/tr>\n<tr class=\"row-75\">\n\t<td class=\"column-1\">S1<\/td><td class=\"column-2\"><a href=\"https:\/\/www.di.uminho.pt\/~jno\/sitedi\/uc_J601N5.html\">Programa\u00e7\u00e3o Imperativa<\/a><\/td><td class=\"column-3\"><a href=\"https:\/\/www.uminho.pt\/PT\/ensino\/oferta-educativa\/Cursos-Conferentes-a-Grau\/_layouts\/15\/UMinho.PortalUM.UI\/Pages\/CatalogoCursoDetail.aspx?itemId=5477&amp;catId=16\">Licenciatura em Engenharia de Telecomunica\u00e7\u00f5es e Inform\u00e1tica<\/a> [ENGTI]<\/td><td class=\"column-4\"><a href=\"https:\/\/www.di.uminho.pt\/~jno\/sitedi\/nm_1942.html\">Jos\u00e9 Augusto Domingues Fernandes Lima<\/a><\/td><td class=\"column-5\"><a href=\"https:\/\/www.di.uminho.pt\/~jno\/sitedi\/nm_13690.html\">Diogo Afonso Silva Costa<\/a> e <a href=\"https:\/\/www.di.uminho.pt\/~jno\/sitedi\/nm_1942.html\">Jos\u00e9 Augusto Domingues Fernandes Lima<\/a><\/td>\n<\/tr>\n<tr class=\"row-76\">\n\t<td class=\"column-1\">S1<\/td><td class=\"column-2\"><a href=\"https:\/\/www.di.uminho.pt\/~jno\/sitedi\/uc_J603N5.html\">Programa\u00e7\u00e3o Orientada aos Objetos<\/a><\/td><td class=\"column-3\"><a href=\"https:\/\/www.uminho.pt\/PT\/ensino\/oferta-educativa\/Cursos-Conferentes-a-Grau\/_layouts\/15\/UMinho.PortalUM.UI\/Pages\/CatalogoCursoDetail.aspx?itemId=5477&amp;catId=16\">Licenciatura em Engenharia de Telecomunica\u00e7\u00f5es e Inform\u00e1tica<\/a> [ENGTI]<\/td><td class=\"column-4\"><a href=\"https:\/\/www.di.uminho.pt\/~jno\/sitedi\/nm_1962.html\">Paulo Jorge Sousa Azevedo<\/a><\/td><td class=\"column-5\"><a href=\"https:\/\/www.di.uminho.pt\/~jno\/sitedi\/nm_1962.html\">Paulo Jorge Sousa Azevedo<\/a><\/td>\n<\/tr>\n<tr class=\"row-77\">\n\t<td class=\"column-1\">S1<\/td><td class=\"column-2\"><a href=\"https:\/\/www.di.uminho.pt\/~jno\/sitedi\/uc_J605N2.html\">Sistemas Distribu\u00eddos<\/a><\/td><td class=\"column-3\"><a href=\"https:\/\/www.uminho.pt\/PT\/ensino\/oferta-educativa\/Cursos-Conferentes-a-Grau\/_layouts\/15\/UMinho.PortalUM.UI\/Pages\/CatalogoCursoDetail.aspx?itemId=5477&amp;catId=16\">Licenciatura em Engenharia de Telecomunica\u00e7\u00f5es e Inform\u00e1tica<\/a> [ENGTI]<\/td><td class=\"column-4\"><a href=\"https:\/\/www.di.uminho.pt\/~jno\/sitedi\/nm_4199.html\">Ana Lu\u00edsa Parreira Nunes Alonso<\/a><\/td><td class=\"column-5\"><a href=\"https:\/\/www.di.uminho.pt\/~jno\/sitedi\/nm_4199.html\">Ana Lu\u00edsa Parreira Nunes Alonso<\/a><\/td>\n<\/tr>\n<tr class=\"row-78\">\n\t<td class=\"column-1\">S1<\/td><td class=\"column-2\"><a href=\"https:\/\/www.di.uminho.pt\/~jno\/sitedi\/uc_J603N6.html\">Sistemas Operativos<\/a><\/td><td class=\"column-3\"><a href=\"https:\/\/www.uminho.pt\/PT\/ensino\/oferta-educativa\/Cursos-Conferentes-a-Grau\/_layouts\/15\/UMinho.PortalUM.UI\/Pages\/CatalogoCursoDetail.aspx?itemId=5477&amp;catId=16\">Licenciatura em Engenharia de Telecomunica\u00e7\u00f5es e Inform\u00e1tica<\/a> [ENGTI]<\/td><td class=\"column-4\"><a href=\"https:\/\/www.di.uminho.pt\/~jno\/sitedi\/nm_1546.html\">Vitor Francisco Mendes Freitas Gomes Fonte<\/a><\/td><td class=\"column-5\"><a href=\"https:\/\/www.di.uminho.pt\/~jno\/sitedi\/nm_1546.html\">Vitor Francisco Mendes Freitas Gomes Fonte<\/a><\/td>\n<\/tr>\n<tr class=\"row-79\">\n\t<td class=\"column-1\">S2<\/td><td class=\"column-2\"><a href=\"https:\/\/www.di.uminho.pt\/~jno\/sitedi\/uc_J606N5.html\">Projeto Integrado de Telecomunica\u00e7\u00f5es<\/a><\/td><td class=\"column-3\"><a href=\"https:\/\/www.uminho.pt\/PT\/ensino\/oferta-educativa\/Cursos-Conferentes-a-Grau\/_layouts\/15\/UMinho.PortalUM.UI\/Pages\/CatalogoCursoDetail.aspx?itemId=5477&amp;catId=16\">Licenciatura em Engenharia de Telecomunica\u00e7\u00f5es e Inform\u00e1tica<\/a> [ENGTI]<\/td><td class=\"column-4\"><a href=\"https:\/\/arquivo.pt\/wayback\/20191029213930\/http:\/\/www.degois.pt\/visualizador\/curriculum.jsp?key=0850881907848028\">Jos\u00e9 Augusto Afonso<\/a><\/td><td class=\"column-5\"><a href=\"\">Helena Cristina Coutinho Duarte Rodrigues<\/a>, <a href=\"https:\/\/arquivo.pt\/wayback\/20191029213930\/http:\/\/www.degois.pt\/visualizador\/curriculum.jsp?key=0850881907848028\">Jos\u00e9 Augusto Afonso<\/a> e <a href=\"https:\/\/www.di.uminho.pt\/~jno\/sitedi\/nm_7214.html\">Bruno Daniel Mestre Viana Ribeiro<\/a><\/td>\n<\/tr>\n<tr class=\"row-80\">\n\t<td class=\"column-1\">S2<\/td><td class=\"column-2\"><a href=\"https:\/\/www.di.uminho.pt\/~jno\/sitedi\/uc_H602N4.html\">Linguagens para Computa\u00e7\u00e3o Num\u00e9rica<\/a><\/td><td class=\"column-3\"><a href=\"https:\/\/www.uminho.pt\/PT\/ensino\/oferta-educativa\/Cursos-Conferentes-a-Grau\/_layouts\/15\/UMinho.PortalUM.UI\/Pages\/CatalogoCursoDetail.aspx?itemId=5019&amp;catId=15\">Licenciatura em F\u00edsica<\/a> [FIS]<\/td><td class=\"column-4\"><a href=\"https:\/\/www.di.uminho.pt\/~jno\/sitedi\/nm_1356.html\">Jorge Gustavo Pereira Bastos Rocha<\/a><\/td><td class=\"column-5\"><a href=\"https:\/\/www.di.uminho.pt\/~jno\/sitedi\/nm_1356.html\">Jorge Gustavo Pereira Bastos Rocha<\/a><\/td>\n<\/tr>\n<tr class=\"row-81\">\n\t<td class=\"column-1\">S1<\/td><td class=\"column-2\"><a href=\"https:\/\/www.di.uminho.pt\/~jno\/sitedi\/uc_A205P5.html\">Sistemas de Informa\u00e7\u00e3o Geogr\u00e1fica para a Geologia<\/a><\/td><td class=\"column-3\"><a href=\"https:\/\/www.ecum.uminho.pt\/pt\/Ensino\/Paginas\/licenciaturas\/Licenciatura-em-Geologia.aspx\">Licenciatura em Geologia<\/a> [GEOLOG]<\/td><td class=\"column-4\"><a href=\"https:\/\/www.di.uminho.pt\/~jno\/sitedi\/nm_1356.html\">Jorge Gustavo Pereira Bastos Rocha<\/a><\/td><td class=\"column-5\"><a href=\"https:\/\/www.di.uminho.pt\/~jno\/sitedi\/nm_1356.html\">Jorge Gustavo Pereira Bastos Rocha<\/a> e <a href=\"https:\/\/www.di.uminho.pt\/~jno\/sitedi\/nm_6301.html\">Paulo Adelino Dias Almeida<\/a><\/td>\n<\/tr>\n<tr class=\"row-82\">\n\t<td class=\"column-1\">S1<\/td><td class=\"column-2\"><a href=\"https:\/\/www.di.uminho.pt\/~jno\/sitedi\/uc_8401N5.html\">Terminologia e Tecnologias da Informa\u00e7\u00e3o<\/a><\/td><td class=\"column-3\"><a href=\"https:\/\/www.elach.uminho.pt\/pt\/estudar\/Paginas\/Licenciatura-em-Linguas-Aplicadas.aspx\">Licenciatura em L\u00ednguas Aplicadas<\/a> [LA]<\/td><td class=\"column-4\"><a href=\"http:\/\/cehum.ilch.uminho.pt\/researchers\/70\">\u00c1lvaro Iriarte Sanrom\u00e1n<\/a><\/td><td class=\"column-5\"><a href=\"http:\/\/cehum.ilch.uminho.pt\/researchers\/70\">\u00c1lvaro Iriarte Sanrom\u00e1n<\/a> e <a href=\"https:\/\/www.di.uminho.pt\/~jno\/sitedi\/nm_13753.html\">Tiago Manuel Queir\u00f3s Barata<\/a><\/td>\n<\/tr>\n<tr class=\"row-83\">\n\t<td class=\"column-1\">S2<\/td><td class=\"column-2\"><a href=\"https:\/\/www.di.uminho.pt\/~jno\/sitedi\/uc_8404S6.html\">Linguagens para Anota\u00e7\u00e3o de Documentos<\/a><\/td><td class=\"column-3\"><a href=\"https:\/\/www.elach.uminho.pt\/pt\/estudar\/Paginas\/Licenciatura-em-Linguas-Aplicadas.aspx\">Licenciatura em L\u00ednguas Aplicadas<\/a> [LA]<\/td><td class=\"column-4\"><a href=\"https:\/\/www.di.uminho.pt\/~jno\/sitedi\/nm_14986.html\">Hugo Daniel dos Santos Macedo<\/a><\/td><td class=\"column-5\"><a href=\"https:\/\/www.di.uminho.pt\/~jno\/sitedi\/nm_12942.html\">Paulo Jorge Costa Concei\u00e7\u00e3o Mendes<\/a> e <a href=\"https:\/\/www.di.uminho.pt\/~jno\/sitedi\/nm_14986.html\">Hugo Daniel dos Santos Macedo<\/a><\/td>\n<\/tr>\n<tr class=\"row-84\">\n\t<td class=\"column-1\">S2<\/td><td class=\"column-2\"><a href=\"https:\/\/www.di.uminho.pt\/~jno\/sitedi\/uc_8406N5.html\">Tradu\u00e7\u00e3o Especializada 2<\/a><\/td><td class=\"column-3\"><a href=\"https:\/\/www.elach.uminho.pt\/pt\/estudar\/Paginas\/Licenciatura-em-Linguas-Aplicadas.aspx\">Licenciatura em L\u00ednguas Aplicadas<\/a> [LA]<\/td><td class=\"column-4\"><a href=\"https:\/\/cehum.elach.uminho.pt\/researchers\/57\">Fernando Gon\u00e7alves Ferreira Alves<\/a><\/td><td class=\"column-5\"><a href=\"https:\/\/cehum.elach.uminho.pt\/researchers\/57\">Fernando Gon\u00e7alves Ferreira Alves<\/a>, <a href=\"https:\/\/www.ceb.uminho.pt\/People\/Details\/7c1534da-144f-4645-afa5-5194cf160c6c\">Mariana Contente Rangel Henriques<\/a> e <a href=\"https:\/\/www.di.uminho.pt\/~jno\/sitedi\/nm_6687.html\">Jo\u00e3o Marco Cardoso Silva<\/a><\/td>\n<\/tr>\n<tr class=\"row-85\">\n\t<td class=\"column-1\">S2<\/td><td class=\"column-2\"><a href=\"https:\/\/www.di.uminho.pt\/~jno\/sitedi\/uc_MS02MS0200007262.html\">Sistemas de Informa\u00e7\u00e3o Geogr\u00e1fica em Arqueologia<\/a><\/td><td class=\"column-3\"><a href=\"https:\/\/www.ics.uminho.pt\/pt\/Ensino\/Mestrados\/Arqueologia\">Mestrado em Arqueologia<\/a> [MARQ]<\/td><td class=\"column-4\"><a href=\"https:\/\/www.di.uminho.pt\/~jno\/sitedi\/nm_1356.html\">Jorge Gustavo Pereira Bastos Rocha<\/a><\/td><td class=\"column-5\"><a href=\"https:\/\/www.di.uminho.pt\/~jno\/sitedi\/nm_1356.html\">Jorge Gustavo Pereira Bastos Rocha<\/a><\/td>\n<\/tr>\n<tr class=\"row-86\">\n\t<td class=\"column-1\">A<\/td><td class=\"column-2\"><a href=\"https:\/\/www.di.uminho.pt\/~jno\/sitedi\/uc_ME37ME3700000000.html\">Disserta\u00e7\u00e3o<\/a><\/td><td class=\"column-3\"><a href=\"https:\/\/www.uminho.pt\/PT\/ensino\/oferta-educativa\/Cursos-Conferentes-a-Grau\/_layouts\/15\/UMinho.PortalUM.UI\/Pages\/CatalogoCursoDetail.aspx?itemId=5326&amp;catId=16\">Mestrado em Bioinform\u00e1tica<\/a> [MBINF]<\/td><td class=\"column-4\"><a href=\"https:\/\/www.di.uminho.pt\/~jno\/sitedi\/nm_2035.html\">Miguel Francisco Almeida Pereira Rocha<\/a><\/td><td class=\"column-5\"><a href=\"https:\/\/www.di.uminho.pt\/~jno\/sitedi\/nm_2035.html\">Miguel Francisco Almeida Pereira Rocha<\/a><\/td>\n<\/tr>\n<tr class=\"row-87\">\n\t<td class=\"column-1\">S1<\/td><td class=\"column-2\"><a href=\"https:\/\/www.di.uminho.pt\/~jno\/sitedi\/uc_ME37ME3700004761.html\">Algoritmos para An\u00e1lise de Sequ\u00eancias Biol\u00f3gicas<\/a><\/td><td class=\"column-3\"><a href=\"https:\/\/www.uminho.pt\/PT\/ensino\/oferta-educativa\/Cursos-Conferentes-a-Grau\/_layouts\/15\/UMinho.PortalUM.UI\/Pages\/CatalogoCursoDetail.aspx?itemId=5326&amp;catId=16\">Mestrado em Bioinform\u00e1tica<\/a> [MBINF]<\/td><td class=\"column-4\"><a href=\"https:\/\/www.di.uminho.pt\/~jno\/sitedi\/nm_1671.html\">Rui Manuel Ribeiro Castro Mendes<\/a><\/td><td class=\"column-5\"><a href=\"https:\/\/www.di.uminho.pt\/~jno\/sitedi\/nm_12942.html\">Paulo Jorge Costa Concei\u00e7\u00e3o Mendes<\/a> e <a href=\"https:\/\/www.di.uminho.pt\/~jno\/sitedi\/nm_1671.html\">Rui Manuel Ribeiro Castro Mendes<\/a><\/td>\n<\/tr>\n<tr class=\"row-88\">\n\t<td class=\"column-1\">S1<\/td><td class=\"column-2\"><a href=\"https:\/\/www.di.uminho.pt\/~jno\/sitedi\/uc_ME37ME3700007144.html\">Introdu\u00e7\u00e3o aos Algoritmos, \u00e0 Programa\u00e7\u00e3o e \u00e0s Bases de Dados<\/a><\/td><td class=\"column-3\"><a href=\"https:\/\/www.uminho.pt\/PT\/ensino\/oferta-educativa\/Cursos-Conferentes-a-Grau\/_layouts\/15\/UMinho.PortalUM.UI\/Pages\/CatalogoCursoDetail.aspx?itemId=5326&amp;catId=16\">Mestrado em Bioinform\u00e1tica<\/a> [MBINF]<\/td><td class=\"column-4\"><a href=\"https:\/\/www.di.uminho.pt\/~jno\/sitedi\/nm_725.html\">Ant\u00f3nio Carlos Silva Abelha<\/a><\/td><td class=\"column-5\"><a href=\"https:\/\/www.di.uminho.pt\/~jno\/sitedi\/nm_1356.html\">Jorge Gustavo Pereira Bastos Rocha<\/a>, <a href=\"https:\/\/www.di.uminho.pt\/~jno\/sitedi\/nm_6301.html\">Paulo Adelino Dias Almeida<\/a> e <a href=\"https:\/\/www.di.uminho.pt\/~jno\/sitedi\/nm_725.html\">Ant\u00f3nio Carlos Silva Abelha<\/a><\/td>\n<\/tr>\n<tr class=\"row-89\">\n\t<td class=\"column-1\">S1<\/td><td class=\"column-2\"><a href=\"https:\/\/www.di.uminho.pt\/~jno\/sitedi\/uc_ME37ME3700004760.html\">Laborat\u00f3rios de Bioinform\u00e1tica<\/a><\/td><td class=\"column-3\"><a href=\"https:\/\/www.uminho.pt\/PT\/ensino\/oferta-educativa\/Cursos-Conferentes-a-Grau\/_layouts\/15\/UMinho.PortalUM.UI\/Pages\/CatalogoCursoDetail.aspx?itemId=5326&amp;catId=16\">Mestrado em Bioinform\u00e1tica<\/a> [MBINF]<\/td><td class=\"column-4\"><a href=\"https:\/\/www.di.uminho.pt\/~jno\/sitedi\/nm_1671.html\">Rui Manuel Ribeiro Castro Mendes<\/a><\/td><td class=\"column-5\"><a href=\"\">Hugo Alexandre Mendes Oliveira<\/a>, <a href=\"\">Lu\u00eds Daniel Rodrigues Melo<\/a>, <a href=\"\">\u00d3scar Manuel Lima Dias<\/a>, <a href=\"https:\/\/www.di.uminho.pt\/~jno\/sitedi\/nm_12285.html\">Jo\u00e3o Manuel Capela Ara\u00fajo Ribeiro<\/a> e <a href=\"https:\/\/www.di.uminho.pt\/~jno\/sitedi\/nm_1671.html\">Rui Manuel Ribeiro Castro Mendes<\/a><\/td>\n<\/tr>\n<tr class=\"row-90\">\n\t<td class=\"column-1\">S1<\/td><td class=\"column-2\"><a href=\"https:\/\/www.di.uminho.pt\/~jno\/sitedi\/uc_ME37ME3700004772.html\">M\u00e9todos de Investiga\u00e7\u00e3o em Bioinform\u00e1tica<\/a><\/td><td class=\"column-3\"><a href=\"https:\/\/www.uminho.pt\/PT\/ensino\/oferta-educativa\/Cursos-Conferentes-a-Grau\/_layouts\/15\/UMinho.PortalUM.UI\/Pages\/CatalogoCursoDetail.aspx?itemId=5326&amp;catId=16\">Mestrado em Bioinform\u00e1tica<\/a> [MBINF]<\/td><td class=\"column-4\"><a href=\"https:\/\/www.di.uminho.pt\/~jno\/sitedi\/nm_1671.html\">Rui Manuel Ribeiro Castro Mendes<\/a><\/td><td class=\"column-5\"><a href=\"https:\/\/www.di.uminho.pt\/~jno\/sitedi\/nm_12285.html\">Jo\u00e3o Manuel Capela Ara\u00fajo Ribeiro<\/a> e <a href=\"https:\/\/www.di.uminho.pt\/~jno\/sitedi\/nm_1671.html\">Rui Manuel Ribeiro Castro Mendes<\/a><\/td>\n<\/tr>\n<tr class=\"row-91\">\n\t<td class=\"column-1\">S1<\/td><td class=\"column-2\"><a href=\"https:\/\/www.di.uminho.pt\/~jno\/sitedi\/uc_ME37ME3700004770.html\">Sistemas Inteligentes para a Bioinform\u00e1tica<\/a><\/td><td class=\"column-3\"><a href=\"https:\/\/www.uminho.pt\/PT\/ensino\/oferta-educativa\/Cursos-Conferentes-a-Grau\/_layouts\/15\/UMinho.PortalUM.UI\/Pages\/CatalogoCursoDetail.aspx?itemId=5326&amp;catId=16\">Mestrado em Bioinform\u00e1tica<\/a> [MBINF]<\/td><td class=\"column-4\"><a href=\"https:\/\/www.di.uminho.pt\/~jno\/sitedi\/nm_8990.html\">Francisco Supino Marcondes<\/a><\/td><td class=\"column-5\"><a href=\"https:\/\/www.di.uminho.pt\/~jno\/sitedi\/nm_12285.html\">Jo\u00e3o Manuel Capela Ara\u00fajo Ribeiro<\/a> e <a href=\"https:\/\/www.di.uminho.pt\/~jno\/sitedi\/nm_8990.html\">Francisco Supino Marcondes<\/a><\/td>\n<\/tr>\n<tr class=\"row-92\">\n\t<td class=\"column-1\">S2<\/td><td class=\"column-2\"><a href=\"https:\/\/www.di.uminho.pt\/~jno\/sitedi\/uc_ME37ME3700004765.html\">Algoritmos Avan\u00e7ados de Bioinform\u00e1tica<\/a><\/td><td class=\"column-3\"><a href=\"https:\/\/www.uminho.pt\/PT\/ensino\/oferta-educativa\/Cursos-Conferentes-a-Grau\/_layouts\/15\/UMinho.PortalUM.UI\/Pages\/CatalogoCursoDetail.aspx?itemId=5326&amp;catId=16\">Mestrado em Bioinform\u00e1tica<\/a> [MBINF]<\/td><td class=\"column-4\"><a href=\"https:\/\/www.di.uminho.pt\/~jno\/sitedi\/nm_1671.html\">Rui Manuel Ribeiro Castro Mendes<\/a><\/td><td class=\"column-5\"><a href=\"https:\/\/www.di.uminho.pt\/~jno\/sitedi\/nm_1671.html\">Rui Manuel Ribeiro Castro Mendes<\/a><\/td>\n<\/tr>\n<tr class=\"row-93\">\n\t<td class=\"column-1\">S2<\/td><td class=\"column-2\"><a href=\"https:\/\/www.di.uminho.pt\/~jno\/sitedi\/uc_ME37ME3700007141.html\">Extra\u00e7\u00e3o de Conhecimento de Dados Biol\u00f3gicos<\/a><\/td><td class=\"column-3\"><a href=\"https:\/\/www.uminho.pt\/PT\/ensino\/oferta-educativa\/Cursos-Conferentes-a-Grau\/_layouts\/15\/UMinho.PortalUM.UI\/Pages\/CatalogoCursoDetail.aspx?itemId=5326&amp;catId=16\">Mestrado em Bioinform\u00e1tica<\/a> [MBINF]<\/td><td class=\"column-4\"><a href=\"https:\/\/www.di.uminho.pt\/~jno\/sitedi\/nm_2035.html\">Miguel Francisco Almeida Pereira Rocha<\/a><\/td><td class=\"column-5\"><a href=\"https:\/\/www.di.uminho.pt\/~jno\/sitedi\/nm_13428.html\">Diogo Macedo Cachetas<\/a> e <a href=\"https:\/\/www.di.uminho.pt\/~jno\/sitedi\/nm_2035.html\">Miguel Francisco Almeida Pereira Rocha<\/a><\/td>\n<\/tr>\n<tr class=\"row-94\">\n\t<td class=\"column-1\">S2<\/td><td class=\"column-2\"><a href=\"https:\/\/www.di.uminho.pt\/~jno\/sitedi\/uc_ME37ME3700007143.html\">Projeto em Bioinform\u00e1tica<\/a><\/td><td class=\"column-3\"><a href=\"https:\/\/www.uminho.pt\/PT\/ensino\/oferta-educativa\/Cursos-Conferentes-a-Grau\/_layouts\/15\/UMinho.PortalUM.UI\/Pages\/CatalogoCursoDetail.aspx?itemId=5326&amp;catId=16\">Mestrado em Bioinform\u00e1tica<\/a> [MBINF]<\/td><td class=\"column-4\"><a href=\"https:\/\/www.di.uminho.pt\/~jno\/sitedi\/nm_2035.html\">Miguel Francisco Almeida Pereira Rocha<\/a><\/td><td class=\"column-5\"><a href=\"\">Emanuel Rodrigues Cunha<\/a>, <a href=\"\">\u00d3scar Manuel Lima Dias<\/a> e <a href=\"https:\/\/www.di.uminho.pt\/~jno\/sitedi\/nm_2035.html\">Miguel Francisco Almeida Pereira Rocha<\/a><\/td>\n<\/tr>\n<tr class=\"row-95\">\n\t<td class=\"column-1\">S1<\/td><td class=\"column-2\"><a href=\"https:\/\/www.di.uminho.pt\/~jno\/sitedi\/uc_ME97ME9700007445.html\">Ferramentas de Computa\u00e7\u00e3o de Elevado Desempenho<\/a><\/td><td class=\"column-3\"><a href=\"https:\/\/mca.di.uminho.pt\/\">Mestrado em Computa\u00e7\u00e3o Avan\u00e7ada<\/a> [MCA]<\/td><td class=\"column-4\"><a href=\"https:\/\/www.di.uminho.pt\/~jno\/sitedi\/nm_621.html\">Ant\u00f3nio Lu\u00eds Pinto Ferreira Sousa<\/a><\/td><td class=\"column-5\"><a href=\"https:\/\/www.di.uminho.pt\/~jno\/sitedi\/nm_621.html\">Ant\u00f3nio Lu\u00eds Pinto Ferreira Sousa<\/a><\/td>\n<\/tr>\n<tr class=\"row-96\">\n\t<td class=\"column-1\">S1<\/td><td class=\"column-2\"><a href=\"https:\/\/www.di.uminho.pt\/~jno\/sitedi\/uc_ME97ME9700007451.html\">Sistemas e Arquiteturas de Computadores<\/a><\/td><td class=\"column-3\"><a href=\"https:\/\/mca.di.uminho.pt\/\">Mestrado em Computa\u00e7\u00e3o Avan\u00e7ada<\/a> [MCA]<\/td><td class=\"column-4\"><a href=\"https:\/\/www.di.uminho.pt\/~jno\/sitedi\/nm_6571.html\">Andr\u00e9 Martins Pereira<\/a><\/td><td class=\"column-5\"><a href=\"https:\/\/www.di.uminho.pt\/~jno\/sitedi\/nm_14957.html\">Gon\u00e7alo Medeiros S\u00e3o Pedro Raposo<\/a> e <a href=\"https:\/\/www.di.uminho.pt\/~jno\/sitedi\/nm_6571.html\">Andr\u00e9 Martins Pereira<\/a><\/td>\n<\/tr>\n<tr class=\"row-97\">\n\t<td class=\"column-1\">S1<\/td><td class=\"column-2\"><a href=\"https:\/\/www.di.uminho.pt\/~jno\/sitedi\/uc_ME97ME9700007454.html\">Visualiza\u00e7\u00e3o Cient\u00edfica<\/a><\/td><td class=\"column-3\"><a href=\"https:\/\/mca.di.uminho.pt\/\">Mestrado em Computa\u00e7\u00e3o Avan\u00e7ada<\/a> [MCA]<\/td><td class=\"column-4\"><a href=\"https:\/\/www.di.uminho.pt\/~jno\/sitedi\/nm_1063.html\">Lu\u00eds Paulo Peixoto Santos<\/a><\/td><td class=\"column-5\"><a href=\"https:\/\/www.di.uminho.pt\/~jno\/sitedi\/nm_1063.html\">Lu\u00eds Paulo Peixoto Santos<\/a><\/td>\n<\/tr>\n<tr class=\"row-98\">\n\t<td class=\"column-1\">S2<\/td><td class=\"column-2\"><a href=\"https:\/\/www.di.uminho.pt\/~jno\/sitedi\/uc_ME97ME9700005441.html\">Algoritmos Paralelos<\/a><\/td><td class=\"column-3\"><a href=\"https:\/\/mca.di.uminho.pt\/\">Mestrado em Computa\u00e7\u00e3o Avan\u00e7ada<\/a> [MCA]<\/td><td class=\"column-4\"><a href=\"https:\/\/www.di.uminho.pt\/~jno\/sitedi\/nm_1835.html\">Jo\u00e3o Lu\u00eds Ferreira Sobral<\/a><\/td><td class=\"column-5\"><a href=\"https:\/\/www.di.uminho.pt\/~jno\/sitedi\/nm_1835.html\">Jo\u00e3o Lu\u00eds Ferreira Sobral<\/a><\/td>\n<\/tr>\n<tr class=\"row-99\">\n\t<td class=\"column-1\">S2<\/td><td class=\"column-2\"><a href=\"https:\/\/www.di.uminho.pt\/~jno\/sitedi\/uc_ME97ME9700007447.html\">An\u00e1lise de Dados de Elevado Desempenho<\/a><\/td><td class=\"column-3\"><a href=\"https:\/\/mca.di.uminho.pt\/\">Mestrado em Computa\u00e7\u00e3o Avan\u00e7ada<\/a> [MCA]<\/td><td class=\"column-4\"><a href=\"https:\/\/www.di.uminho.pt\/~jno\/sitedi\/nm_621.html\">Ant\u00f3nio Lu\u00eds Pinto Ferreira Sousa<\/a><\/td><td class=\"column-5\"><a href=\"https:\/\/www.di.uminho.pt\/~jno\/sitedi\/nm_13235.html\">Cl\u00e1udia Vanessa Martins Brito<\/a><\/td>\n<\/tr>\n<tr class=\"row-100\">\n\t<td class=\"column-1\">S2<\/td><td class=\"column-2\"><a href=\"https:\/\/www.di.uminho.pt\/~jno\/sitedi\/uc_ME97ME9700007448.html\">Computa\u00e7\u00e3o H\u00edbrida de Larga Escala<\/a><\/td><td class=\"column-3\"><a href=\"https:\/\/mca.di.uminho.pt\/\">Mestrado em Computa\u00e7\u00e3o Avan\u00e7ada<\/a> [MCA]<\/td><td class=\"column-4\"><a href=\"https:\/\/www.di.uminho.pt\/~jno\/sitedi\/nm_6571.html\">Andr\u00e9 Martins Pereira<\/a><\/td><td class=\"column-5\"><a href=\"https:\/\/www.di.uminho.pt\/~jno\/sitedi\/nm_6571.html\">Andr\u00e9 Martins Pereira<\/a><\/td>\n<\/tr>\n<tr class=\"row-101\">\n\t<td class=\"column-1\">S2<\/td><td class=\"column-2\"><a href=\"https:\/\/www.di.uminho.pt\/~jno\/sitedi\/uc_ME97ME9700007449.html\">Projeto em Computa\u00e7\u00e3o de Elevado Desempenho<\/a><\/td><td class=\"column-3\"><a href=\"https:\/\/mca.di.uminho.pt\/\">Mestrado em Computa\u00e7\u00e3o Avan\u00e7ada<\/a> [MCA]<\/td><td class=\"column-4\"><a href=\"https:\/\/www.di.uminho.pt\/~jno\/sitedi\/nm_621.html\">Ant\u00f3nio Lu\u00eds Pinto Ferreira Sousa<\/a><\/td><td class=\"column-5\"><a href=\"https:\/\/www.di.uminho.pt\/~jno\/sitedi\/nm_12010.html\">Ricardo Gon\u00e7alves Macedo<\/a>, <a href=\"https:\/\/www.di.uminho.pt\/~jno\/sitedi\/nm_13235.html\">Cl\u00e1udia Vanessa Martins Brito<\/a>, <a href=\"https:\/\/www.di.uminho.pt\/~jno\/sitedi\/nm_14957.html\">Gon\u00e7alo Medeiros S\u00e3o Pedro Raposo<\/a>, <a href=\"https:\/\/www.di.uminho.pt\/~jno\/sitedi\/nm_621.html\">Ant\u00f3nio Lu\u00eds Pinto Ferreira Sousa<\/a> e <a href=\"https:\/\/www.di.uminho.pt\/~jno\/sitedi\/nm_6571.html\">Andr\u00e9 Martins Pereira<\/a><\/td>\n<\/tr>\n<tr class=\"row-102\">\n\t<td class=\"column-1\">S2<\/td><td class=\"column-2\"><a href=\"https:\/\/www.di.uminho.pt\/~jno\/sitedi\/uc_ME97ME9700007450.html\">Sistemas de Armazenamento de Dados Eficientes<\/a><\/td><td class=\"column-3\"><a href=\"https:\/\/mca.di.uminho.pt\/\">Mestrado em Computa\u00e7\u00e3o Avan\u00e7ada<\/a> [MCA]<\/td><td class=\"column-4\"><a href=\"https:\/\/www.di.uminho.pt\/~jno\/sitedi\/nm_4747.html\">Jo\u00e3o Tiago Medeiros Paulo<\/a><\/td><td class=\"column-5\"><a href=\"https:\/\/www.di.uminho.pt\/~jno\/sitedi\/nm_12010.html\">Ricardo Gon\u00e7alves Macedo<\/a> e <a href=\"https:\/\/www.di.uminho.pt\/~jno\/sitedi\/nm_4747.html\">Jo\u00e3o Tiago Medeiros Paulo<\/a><\/td>\n<\/tr>\n<tr class=\"row-103\">\n\t<td class=\"column-1\">S1<\/td><td class=\"column-2\"><a href=\"https:\/\/www.di.uminho.pt\/~jno\/sitedi\/uc_ME94ME9400006538.html\">Aplica\u00e7\u00f5es e Servi\u00e7os de Computa\u00e7\u00e3o em Nuvem<\/a><\/td><td class=\"column-3\"><a href=\"https:\/\/mcs.di.uminho.pt\/\">Mestrado em Ciberseguran\u00e7a<\/a> [MCS]<\/td><td class=\"column-4\"><a href=\"https:\/\/www.di.uminho.pt\/~jno\/sitedi\/nm_4747.html\">Jo\u00e3o Tiago Medeiros Paulo<\/a><\/td><td class=\"column-5\"><a href=\"https:\/\/www.di.uminho.pt\/~jno\/sitedi\/nm_13235.html\">Cl\u00e1udia Vanessa Martins Brito<\/a><\/td>\n<\/tr>\n<tr class=\"row-104\">\n\t<td class=\"column-1\">S1<\/td><td class=\"column-2\"><a href=\"https:\/\/www.di.uminho.pt\/~jno\/sitedi\/uc_ME94ME9400007406.html\">Seguran\u00e7a de Dados<\/a><\/td><td class=\"column-3\"><a href=\"https:\/\/mcs.di.uminho.pt\/\">Mestrado em Ciberseguran\u00e7a<\/a> [MCS]<\/td><td class=\"column-4\"><a href=\"https:\/\/www.di.uminho.pt\/~jno\/sitedi\/nm_6687.html\">Jo\u00e3o Marco Cardoso Silva<\/a><\/td><td class=\"column-5\"><a href=\"https:\/\/www.di.uminho.pt\/~jno\/sitedi\/nm_6687.html\">Jo\u00e3o Marco Cardoso Silva<\/a><\/td>\n<\/tr>\n<tr class=\"row-105\">\n\t<td class=\"column-1\">S1<\/td><td class=\"column-2\"><a href=\"https:\/\/www.di.uminho.pt\/~jno\/sitedi\/uc_ME94ME9400007389.html\">Seguran\u00e7a de Redes<\/a><\/td><td class=\"column-3\"><a href=\"https:\/\/mcs.di.uminho.pt\/\">Mestrado em Ciberseguran\u00e7a<\/a> [MCS]<\/td><td class=\"column-4\"><a href=\"https:\/\/www.di.uminho.pt\/~jno\/sitedi\/nm_1542.html\">Paulo Manuel Martins Carvalho<\/a><\/td><td class=\"column-5\"><a href=\"https:\/\/www.di.uminho.pt\/~jno\/sitedi\/nm_12943.html\">Pedro Miguel Silva Paiva Ant\u00f3nio<\/a> e <a href=\"https:\/\/www.di.uminho.pt\/~jno\/sitedi\/nm_1542.html\">Paulo Manuel Martins Carvalho<\/a><\/td>\n<\/tr>\n<tr class=\"row-106\">\n\t<td class=\"column-1\">S1<\/td><td class=\"column-2\"><a href=\"https:\/\/www.di.uminho.pt\/~jno\/sitedi\/uc_ME94ME9400007407.html\">Seguran\u00e7a de Sistemas de Computa\u00e7\u00e3o<\/a><\/td><td class=\"column-3\"><a href=\"https:\/\/mcs.di.uminho.pt\/\">Mestrado em Ciberseguran\u00e7a<\/a> [MCS]<\/td><td class=\"column-4\"><a href=\"https:\/\/www.di.uminho.pt\/~jno\/sitedi\/nm_1546.html\">Vitor Francisco Mendes Freitas Gomes Fonte<\/a><\/td><td class=\"column-5\"><a href=\"https:\/\/www.di.uminho.pt\/~jno\/sitedi\/nm_1546.html\">Vitor Francisco Mendes Freitas Gomes Fonte<\/a><\/td>\n<\/tr>\n<tr class=\"row-107\">\n\t<td class=\"column-1\">S2<\/td><td class=\"column-2\"><a href=\"https:\/\/www.di.uminho.pt\/~jno\/sitedi\/uc_ME94ME9400007408.html\">An\u00e1lise de Tr\u00e1fego de Rede<\/a><\/td><td class=\"column-3\"><a href=\"https:\/\/mcs.di.uminho.pt\/\">Mestrado em Ciberseguran\u00e7a<\/a> [MCS]<\/td><td class=\"column-4\"><a href=\"https:\/\/www.di.uminho.pt\/~jno\/sitedi\/nm_1327.html\">Maria Solange Pires Ferreira Rito Lima<\/a><\/td><td class=\"column-5\"><a href=\"https:\/\/www.di.uminho.pt\/~jno\/sitedi\/nm_1327.html\">Maria Solange Pires Ferreira Rito Lima<\/a> e <a href=\"https:\/\/www.di.uminho.pt\/~jno\/sitedi\/nm_7912.html\">Bruno Alexandre Taraio Santos Antunes<\/a><\/td>\n<\/tr>\n<tr class=\"row-108\">\n\t<td class=\"column-1\">S2<\/td><td class=\"column-2\"><a href=\"https:\/\/www.di.uminho.pt\/~jno\/sitedi\/uc_ME94ME9400001218.html\">Criptografia<\/a><\/td><td class=\"column-3\"><a href=\"https:\/\/mcs.di.uminho.pt\/\">Mestrado em Ciberseguran\u00e7a<\/a> [MCS]<\/td><td class=\"column-4\"><a href=\"https:\/\/www.di.uminho.pt\/~jno\/sitedi\/nm_28.html\">Jos\u00e9 Manuel Esgalhado Valen\u00e7a<\/a><\/td><td class=\"column-5\"><a href=\"https:\/\/www.di.uminho.pt\/~jno\/sitedi\/nm_28.html\">Jos\u00e9 Manuel Esgalhado Valen\u00e7a<\/a><\/td>\n<\/tr>\n<tr class=\"row-109\">\n\t<td class=\"column-1\">S2<\/td><td class=\"column-2\"><a href=\"https:\/\/www.di.uminho.pt\/~jno\/sitedi\/uc_ME94ME9400007410.html\">Laborat\u00f3rios de Ciberseguran\u00e7a 1<\/a><\/td><td class=\"column-3\"><a href=\"https:\/\/mcs.di.uminho.pt\/\">Mestrado em Ciberseguran\u00e7a<\/a> [MCS]<\/td><td class=\"column-4\"><a href=\"https:\/\/www.di.uminho.pt\/~jno\/sitedi\/nm_6687.html\">Jo\u00e3o Marco Cardoso Silva<\/a><\/td><td class=\"column-5\"><a href=\"https:\/\/www.di.uminho.pt\/~jno\/sitedi\/nm_1546.html\">Vitor Francisco Mendes Freitas Gomes Fonte<\/a>, <a href=\"https:\/\/www.di.uminho.pt\/~jno\/sitedi\/nm_5743.html\">Tiago Filipe Azevedo Oliveira<\/a>, <a href=\"https:\/\/www.di.uminho.pt\/~jno\/sitedi\/nm_6687.html\">Jo\u00e3o Marco Cardoso Silva<\/a> e <a href=\"https:\/\/www.di.uminho.pt\/~jno\/sitedi\/nm_7119.html\">Hugo Jos\u00e9 Pereira Pacheco<\/a><\/td>\n<\/tr>\n<tr class=\"row-110\">\n\t<td class=\"column-1\">S2<\/td><td class=\"column-2\"><a href=\"https:\/\/www.di.uminho.pt\/~jno\/sitedi\/uc_ME94ME9400007411.html\">Seguran\u00e7a de Software<\/a><\/td><td class=\"column-3\"><a href=\"https:\/\/mcs.di.uminho.pt\/\">Mestrado em Ciberseguran\u00e7a<\/a> [MCS]<\/td><td class=\"column-4\"><a href=\"https:\/\/www.di.uminho.pt\/~jno\/sitedi\/nm_5743.html\">Tiago Filipe Azevedo Oliveira<\/a><\/td><td class=\"column-5\"><a href=\"https:\/\/www.di.uminho.pt\/~jno\/sitedi\/nm_5743.html\">Tiago Filipe Azevedo Oliveira<\/a><\/td>\n<\/tr>\n<tr class=\"row-111\">\n\t<td class=\"column-1\">S2<\/td><td class=\"column-2\"><a href=\"https:\/\/www.di.uminho.pt\/~jno\/sitedi\/uc_ME94ME9400007412.html\">Toler\u00e2ncia a Intrus\u00f5es<\/a><\/td><td class=\"column-3\"><a href=\"https:\/\/mcs.di.uminho.pt\/\">Mestrado em Ciberseguran\u00e7a<\/a> [MCS]<\/td><td class=\"column-4\"><a href=\"https:\/\/www.di.uminho.pt\/~jno\/sitedi\/nm_4199.html\">Ana Lu\u00edsa Parreira Nunes Alonso<\/a><\/td><td class=\"column-5\"><a href=\"https:\/\/www.di.uminho.pt\/~jno\/sitedi\/nm_4199.html\">Ana Lu\u00edsa Parreira Nunes Alonso<\/a><\/td>\n<\/tr>\n<tr class=\"row-112\">\n\t<td class=\"column-1\">S1<\/td><td class=\"column-2\"><a href=\"https:\/\/www.di.uminho.pt\/~jno\/sitedi\/uc_MD08MD0800006192.html\">A Transfer\u00eancia Eletr\u00f3nica de Dados e os Servi\u00e7os de Telecomunica\u00e7\u00f5es<\/a><\/td><td class=\"column-3\"><a href=\"https:\/\/www.uminho.pt\/PT\/ensino\/oferta-educativa\/Cursos-Conferentes-a-Grau\/_layouts\/15\/UMinho.PortalUM.UI\/Pages\/CatalogoCursoDetail.aspx?itemId=4884&amp;catId=15\">Mestrado em Direito e Inform\u00e1tica<\/a> [MDINF]<\/td><td class=\"column-4\"><a href=\"https:\/\/www.di.uminho.pt\/~jno\/sitedi\/nm_1698.html\">Ant\u00f3nio Lu\u00eds Duarte Costa<\/a><\/td><td class=\"column-5\"><a href=\"https:\/\/www.di.uminho.pt\/~jno\/sitedi\/nm_7214.html\">Bruno Daniel Mestre Viana Ribeiro<\/a> e <a href=\"https:\/\/www.jusgov.uminho.pt\/investigadores\/joana-abreu\/\">Joana Rita Sousa Covelo Abreu<\/a><\/td>\n<\/tr>\n<tr class=\"row-113\">\n\t<td class=\"column-1\">S1<\/td><td class=\"column-2\"><a href=\"https:\/\/www.di.uminho.pt\/~jno\/sitedi\/uc_MD08MD0800006189.html\">Criptografia, Identifica\u00e7\u00e3o Eletr\u00f3nica e Documentos<\/a><\/td><td class=\"column-3\"><a href=\"https:\/\/www.uminho.pt\/PT\/ensino\/oferta-educativa\/Cursos-Conferentes-a-Grau\/_layouts\/15\/UMinho.PortalUM.UI\/Pages\/CatalogoCursoDetail.aspx?itemId=4884&amp;catId=15\">Mestrado em Direito e Inform\u00e1tica<\/a> [MDINF]<\/td><td class=\"column-4\"><a href=\"https:\/\/www.di.uminho.pt\/~jno\/sitedi\/nm_1719.html\">Jos\u00e9 Carlos Bacelar Ferreira Junqueira Almeida<\/a><\/td><td class=\"column-5\"><a href=\"https:\/\/www.cienciavitae.pt\/pt\/6F11-E5F7-DFE7\">Francisco Ant\u00f3nio Carneiro Pacheco Andrade<\/a>, <a href=\"https:\/\/www.di.uminho.pt\/~jno\/sitedi\/nm_1719.html\">Jos\u00e9 Carlos Bacelar Ferreira Junqueira Almeida<\/a> e <a href=\"https:\/\/www.jusgov.uminho.pt\/investigadores\/tiago-azevedo-2\/ \">Tiago Jo\u00e3o Lopes Gon\u00e7alves Azevedo<\/a><\/td>\n<\/tr>\n<tr class=\"row-114\">\n\t<td class=\"column-1\">S1<\/td><td class=\"column-2\"><a href=\"https:\/\/www.di.uminho.pt\/~jno\/sitedi\/uc_MD08MD0800004446.html\">L\u00f3gica Jur\u00eddica, Argumenta\u00e7\u00e3o, Representa\u00e7\u00e3o do Conhecimento<\/a><\/td><td class=\"column-3\"><a href=\"https:\/\/www.uminho.pt\/PT\/ensino\/oferta-educativa\/Cursos-Conferentes-a-Grau\/_layouts\/15\/UMinho.PortalUM.UI\/Pages\/CatalogoCursoDetail.aspx?itemId=4884&amp;catId=15\">Mestrado em Direito e Inform\u00e1tica<\/a> [MDINF]<\/td><td class=\"column-4\"><a href=\"https:\/\/www.di.uminho.pt\/~jno\/sitedi\/nm_1573.html\">C\u00e9sar Analide Freitas Silva Costa Rodrigues<\/a><\/td><td class=\"column-5\"><a href=\"https:\/\/www.di.uminho.pt\/~jno\/sitedi\/nm_1573.html\">C\u00e9sar Analide Freitas Silva Costa Rodrigues<\/a> e <a href=\"https:\/\/www.jusgov.uminho.pt\/pt-pt\/investigadores\/jose-velho\/\">Jos\u00e9 Carlos Vegar Alves Velho<\/a><\/td>\n<\/tr>\n<tr class=\"row-115\">\n\t<td class=\"column-1\">S1<\/td><td class=\"column-2\"><a href=\"https:\/\/www.di.uminho.pt\/~jno\/sitedi\/uc_MD08MD0800006190.html\">Propriedade Intelectual da Sociedade da Informa\u00e7\u00e3o<\/a><\/td><td class=\"column-3\"><a href=\"https:\/\/www.uminho.pt\/PT\/ensino\/oferta-educativa\/Cursos-Conferentes-a-Grau\/_layouts\/15\/UMinho.PortalUM.UI\/Pages\/CatalogoCursoDetail.aspx?itemId=4884&amp;catId=15\">Mestrado em Direito e Inform\u00e1tica<\/a> [MDINF]<\/td><td class=\"column-4\"><a href=\"\">Pedro Miguel Dias Ven\u00e2ncio<\/a><\/td><td class=\"column-5\"><a href=\"\">Pedro Miguel Dias Ven\u00e2ncio<\/a> e <a href=\"https:\/\/www.di.uminho.pt\/~jno\/sitedi\/nm_12438.html\">Carlos Manuel Ferreira Alves<\/a><\/td>\n<\/tr>\n<tr class=\"row-116\">\n\t<td class=\"column-1\">S2<\/td><td class=\"column-2\"><a href=\"https:\/\/www.di.uminho.pt\/~jno\/sitedi\/uc_MD08MD0800006187.html\">A Resolu\u00e7\u00e3o de Conflitos<\/a><\/td><td class=\"column-3\"><a href=\"https:\/\/www.uminho.pt\/PT\/ensino\/oferta-educativa\/Cursos-Conferentes-a-Grau\/_layouts\/15\/UMinho.PortalUM.UI\/Pages\/CatalogoCursoDetail.aspx?itemId=4884&amp;catId=15\">Mestrado em Direito e Inform\u00e1tica<\/a> [MDINF]<\/td><td class=\"column-4\"><a href=\"https:\/\/www.di.uminho.pt\/~jno\/sitedi\/nm_931.html\">Jos\u00e9 Manuel Ferreira Machado<\/a><\/td><td class=\"column-5\"><a href=\"http:\/\/www.cedu.direito.uminho.pt\/ModuleLeft.aspx?mdl=~\/Modules\/Generic\/GenericView.ascx&amp;ItemID=1498&amp;Mid=54&amp;lang=pt-PT&amp;pageid=26&amp;tabid=11\">Marco Filipe Carvalho Gon\u00e7alves<\/a> e <a href=\"https:\/\/www.di.uminho.pt\/~jno\/sitedi\/nm_12438.html\">Carlos Manuel Ferreira Alves<\/a><\/td>\n<\/tr>\n<tr class=\"row-117\">\n\t<td class=\"column-1\">S2<\/td><td class=\"column-2\"><a href=\"https:\/\/www.di.uminho.pt\/~jno\/sitedi\/uc_MD08MD0800007052.html\">Cibercrime<\/a><\/td><td class=\"column-3\"><a href=\"https:\/\/www.uminho.pt\/PT\/ensino\/oferta-educativa\/Cursos-Conferentes-a-Grau\/_layouts\/15\/UMinho.PortalUM.UI\/Pages\/CatalogoCursoDetail.aspx?itemId=4884&amp;catId=15\">Mestrado em Direito e Inform\u00e1tica<\/a> [MDINF]<\/td><td class=\"column-4\"><a href=\"\">Pedro Jacob Morais<\/a><\/td><td class=\"column-5\"><a href=\"\">Gabriela Antunes Ara\u00fajo<\/a>, <a href=\"\">Pedro Miguel Dias Ven\u00e2ncio<\/a> e <a href=\"https:\/\/www.di.uminho.pt\/~jno\/sitedi\/nm_1546.html\">Vitor Francisco Mendes Freitas Gomes Fonte<\/a><\/td>\n<\/tr>\n<tr class=\"row-118\">\n\t<td class=\"column-1\">S2<\/td><td class=\"column-2\"><a href=\"https:\/\/www.di.uminho.pt\/~jno\/sitedi\/uc_MD08MD0800006191.html\">Com\u00e9rcio Eletr\u00f3nico e Contrata\u00e7\u00e3o Eletr\u00f3nica<\/a><\/td><td class=\"column-3\"><a href=\"https:\/\/www.uminho.pt\/PT\/ensino\/oferta-educativa\/Cursos-Conferentes-a-Grau\/_layouts\/15\/UMinho.PortalUM.UI\/Pages\/CatalogoCursoDetail.aspx?itemId=4884&amp;catId=15\">Mestrado em Direito e Inform\u00e1tica<\/a> [MDINF]<\/td><td class=\"column-4\"><a href=\"https:\/\/www.cienciavitae.pt\/pt\/6F11-E5F7-DFE7\">Francisco Ant\u00f3nio Carneiro Pacheco Andrade<\/a><\/td><td class=\"column-5\"><a href=\"https:\/\/www.cienciavitae.pt\/pt\/6F11-E5F7-DFE7\">Francisco Ant\u00f3nio Carneiro Pacheco Andrade<\/a>, <a href=\"https:\/\/www.di.uminho.pt\/~jno\/sitedi\/nm_12438.html\">Carlos Manuel Ferreira Alves<\/a>, <a href=\"https:\/\/www.jusgov.uminho.pt\/investigadores\/ana-isa-dias-meireles\/\">Ana Isa Dias Meireles<\/a> e <a href=\"https:\/\/www.jusgov.uminho.pt\/pt-pt\/investigadores\/claudia-viana\/\">Cl\u00e1udia Rita Lopes Carvalho Viana<\/a><\/td>\n<\/tr>\n<tr class=\"row-119\">\n\t<td class=\"column-1\">S2<\/td><td class=\"column-2\"><a href=\"https:\/\/www.di.uminho.pt\/~jno\/sitedi\/uc_MD08MD0800005428.html\">Privacidade e Prote\u00e7\u00e3o de Dados Pessoais<\/a><\/td><td class=\"column-3\"><a href=\"https:\/\/www.uminho.pt\/PT\/ensino\/oferta-educativa\/Cursos-Conferentes-a-Grau\/_layouts\/15\/UMinho.PortalUM.UI\/Pages\/CatalogoCursoDetail.aspx?itemId=4884&amp;catId=15\">Mestrado em Direito e Inform\u00e1tica<\/a> [MDINF]<\/td><td class=\"column-4\"><a href=\"https:\/\/www.cienciavitae.pt\/pt\/6F11-E5F7-DFE7\">Francisco Ant\u00f3nio Carneiro Pacheco Andrade<\/a><\/td><td class=\"column-5\"><a href=\"\">Bruno Reynaud Sousa<\/a>, <a href=\"https:\/\/www.cienciavitae.pt\/pt\/6F11-E5F7-DFE7\">Francisco Ant\u00f3nio Carneiro Pacheco Andrade<\/a>, <a href=\"https:\/\/www.di.uminho.pt\/~jno\/sitedi\/nm_6687.html\">Jo\u00e3o Marco Cardoso Silva<\/a>, <a href=\"https:\/\/www.jusgov.uminho.pt\/investigadores\/joana-abreu\/\">Joana Rita Sousa Covelo Abreu<\/a>, <a href=\"https:\/\/www.jusgov.uminho.pt\/pt-pt\/investigadores\/alessandra-silveira\/\">Alessandra Aparecida Souza Silveira<\/a> e <a href=\"https:\/\/www.jusgov.uminho.pt\/pt-pt\/investigadores\/teresa-moreira\/\">Teresa Alexandra Coelho Moreira<\/a><\/td>\n<\/tr>\n<tr class=\"row-120\">\n\t<td class=\"column-1\">S1<\/td><td class=\"column-2\"><a href=\"https:\/\/www.di.uminho.pt\/~jno\/sitedi\/uc_ME87ME8704007099.html\">Modela\u00e7\u00e3o e An\u00e1lise Avan\u00e7adas de Sistemas<\/a><\/td><td class=\"column-3\"><a href=\"https:\/\/www.uminho.pt\/PT\/ensino\/oferta-educativa\/Cursos-Conferentes-a-Grau\/_layouts\/15\/UMinho.PortalUM.UI\/Pages\/CatalogoCursoDetail.aspx?itemId=5518&amp;catId=16\">Mestrado em Engenharia Aeroespacial<\/a> [MEA]<\/td><td class=\"column-4\"><a href=\"https:\/\/www.di.uminho.pt\/~jno\/sitedi\/nm_683.html\">Lu\u00eds Manuel Dias Coelho Soares Barbosa<\/a><\/td><td class=\"column-5\"><a href=\"https:\/\/www.di.uminho.pt\/~jno\/sitedi\/nm_683.html\">Lu\u00eds Manuel Dias Coelho Soares Barbosa<\/a><\/td>\n<\/tr>\n<tr class=\"row-121\">\n\t<td class=\"column-1\">S1<\/td><td class=\"column-2\"><a href=\"https:\/\/www.di.uminho.pt\/~jno\/sitedi\/uc_ME79ME7903003064.html\">Bioinform\u00e1tica<\/a><\/td><td class=\"column-3\"><a href=\"https:\/\/www.eng.uminho.pt\/pt\/Estudar\/_layouts\/15\/UMinho.PortaisUOEI.UI\/Pages\/CatalogoCursoDetail.aspx?itemId=5490&amp;catId=16\">Mestrado em Engenharia Biom\u00e9dica<\/a> [MEB]<\/td><td class=\"column-4\"><a href=\"https:\/\/www.di.uminho.pt\/~jno\/sitedi\/nm_1671.html\">Rui Manuel Ribeiro Castro Mendes<\/a><\/td><td class=\"column-5\"><a href=\"\">Andreia Filipa Ferreira Salvador<\/a>, <a href=\"\">Hugo Alexandre Mendes Oliveira<\/a>, <a href=\"\">Maria Fernanda Silva Vieira<\/a>, <a href=\"\">\u00d3scar Manuel Lima Dias<\/a>, <a href=\"https:\/\/www.di.uminho.pt\/~jno\/sitedi\/nm_12155.html\">Nuno Miguel Caetano Alves<\/a>, <a href=\"https:\/\/www.di.uminho.pt\/~jno\/sitedi\/nm_12285.html\">Jo\u00e3o Manuel Capela Ara\u00fajo Ribeiro<\/a> e <a href=\"https:\/\/www.di.uminho.pt\/~jno\/sitedi\/nm_1671.html\">Rui Manuel Ribeiro Castro Mendes<\/a><\/td>\n<\/tr>\n<tr class=\"row-122\">\n\t<td class=\"column-1\">S1<\/td><td class=\"column-2\"><a href=\"https:\/\/www.di.uminho.pt\/~jno\/sitedi\/uc_MG37MG3700006393.html\">Sistemas de Informa\u00e7\u00e3o Anal\u00edticos<\/a><\/td><td class=\"column-3\"><a href=\"https:\/\/www.uminho.pt\/PT\/ensino\/oferta-educativa\/Cursos-Conferentes-a-Grau\/_layouts\/15\/UMinho.PortalUM.UI\/Pages\/CatalogoCursoDetail.aspx?itemId=4895&amp;catId=15\">Mestrado em Economia<\/a> [MECO]<\/td><td class=\"column-4\"><a href=\"https:\/\/www.di.uminho.pt\/~jno\/sitedi\/nm_762.html\">Orlando Manuel Oliveira Belo<\/a><\/td><td class=\"column-5\"><a href=\"\">Sergey Volozhenin<\/a> e <a href=\"https:\/\/www.di.uminho.pt\/~jno\/sitedi\/nm_762.html\">Orlando Manuel Oliveira Belo<\/a><\/td>\n<\/tr>\n<tr class=\"row-123\">\n\t<td class=\"column-1\">A<\/td><td class=\"column-2\"><a href=\"https:\/\/www.di.uminho.pt\/~jno\/sitedi\/uc_MP16MP1600003330.html\">Est\u00e1gio Profissional<\/a><\/td><td class=\"column-3\"><a href=\"https:\/\/www.ie.uminho.pt\/pt\/Ensino\/mestrados\/ensino\/Paginas\/EnsinodeInformatica.aspx \">Mestrado em Ensino de Inform\u00e1tica<\/a> [MEI]<\/td><td class=\"column-4\"><a href=\"https:\/\/jlencastre.com\/\">Jos\u00e9 Alberto Lencastre Freitas Borges Ara\u00fajo<\/a><\/td><td class=\"column-5\"><a href=\"http:\/\/www.valente.org.pt\/\">Ant\u00f3nio Lu\u00eds Valente Sousa Teixeira<\/a>, <a href=\"https:\/\/jlencastre.com\/\">Jos\u00e9 Alberto Lencastre Freitas Borges Ara\u00fajo<\/a>, <a href=\"https:\/\/www.di.uminho.pt\/~jno\/sitedi\/nm_7712.html\">Cristiana Esteves Ara\u00fajo<\/a>, <a href=\"https:\/\/www.researchgate.net\/profile\/Maria-Gomes-36\">Maria Jo\u00e3o Silva Ferreira Gomes<\/a> e N\/D<\/td>\n<\/tr>\n<tr class=\"row-124\">\n\t<td class=\"column-1\">S1<\/td><td class=\"column-2\"><a href=\"https:\/\/www.di.uminho.pt\/~jno\/sitedi\/uc_MP16MP1600007630.html\">Pensamento Computacional e Paradigmas de Programa\u00e7\u00e3o<\/a><\/td><td class=\"column-3\"><a href=\"https:\/\/www.ie.uminho.pt\/pt\/Ensino\/mestrados\/ensino\/Paginas\/EnsinodeInformatica.aspx \">Mestrado em Ensino de Inform\u00e1tica<\/a> [MEI]<\/td><td class=\"column-4\"><a href=\"https:\/\/www.di.uminho.pt\/~jno\/sitedi\/nm_12166.html\">Dalila Alves Dur\u00e3es<\/a><\/td><td class=\"column-5\"><a href=\"https:\/\/www.di.uminho.pt\/~jno\/sitedi\/nm_7712.html\">Cristiana Esteves Ara\u00fajo<\/a><\/td>\n<\/tr>\n<tr class=\"row-125\">\n\t<td class=\"column-1\">S2<\/td><td class=\"column-2\"><a href=\"https:\/\/www.di.uminho.pt\/~jno\/sitedi\/uc_MP16MP1600007631.html\">Pensamento Computacional e Recursos de Aprendizagem<\/a><\/td><td class=\"column-3\"><a href=\"https:\/\/www.ie.uminho.pt\/pt\/Ensino\/mestrados\/ensino\/Paginas\/EnsinodeInformatica.aspx \">Mestrado em Ensino de Inform\u00e1tica<\/a> [MEI]<\/td><td class=\"column-4\"><a href=\"https:\/\/www.di.uminho.pt\/~jno\/sitedi\/nm_12166.html\">Dalila Alves Dur\u00e3es<\/a><\/td><td class=\"column-5\"><a href=\"https:\/\/www.di.uminho.pt\/~jno\/sitedi\/nm_7712.html\">Cristiana Esteves Ara\u00fajo<\/a><\/td>\n<\/tr>\n<tr class=\"row-126\">\n\t<td class=\"column-1\">A<\/td><td class=\"column-2\"><a href=\"https:\/\/www.di.uminho.pt\/~jno\/sitedi\/uc_ME78ME7800000000.html\">Disserta\u00e7\u00e3o<\/a><\/td><td class=\"column-3\"><a href=\"https:\/\/mei.di.uminho.pt\">Mestrado em Engenharia Inform\u00e1tica<\/a> [MEINF]<\/td><td class=\"column-4\"><a href=\"https:\/\/www.di.uminho.pt\/~jno\/sitedi\/nm_621.html\">Ant\u00f3nio Lu\u00eds Pinto Ferreira Sousa<\/a><\/td><td class=\"column-5\"><a href=\"https:\/\/www.di.uminho.pt\/~jno\/sitedi\/nm_1076.html\">Jos\u00e9 Francisco Creissac Freitas Campos<\/a>, <a href=\"https:\/\/www.di.uminho.pt\/~jno\/sitedi\/nm_1551.html\">Ant\u00f3nio Manuel Nestor Ribeiro<\/a> e <a href=\"https:\/\/www.di.uminho.pt\/~jno\/sitedi\/nm_621.html\">Ant\u00f3nio Lu\u00eds Pinto Ferreira Sousa<\/a><\/td>\n<\/tr>\n<tr class=\"row-127\">\n\t<td class=\"column-1\">S1<\/td><td class=\"column-2\"><a href=\"https:\/\/www.di.uminho.pt\/~jno\/sitedi\/uc_ME78ME7800005544.html\">Administra\u00e7\u00e3o de Bases de Dados<\/a><\/td><td class=\"column-3\"><a href=\"https:\/\/mei.di.uminho.pt\">Mestrado em Engenharia Inform\u00e1tica<\/a> [MEINF]<\/td><td class=\"column-4\"><a href=\"https:\/\/www.di.uminho.pt\/~jno\/sitedi\/nm_617.html\">Jos\u00e9 Orlando Roque Nascimento Pereira<\/a><\/td><td class=\"column-5\"><a href=\"https:\/\/www.di.uminho.pt\/~jno\/sitedi\/nm_12956.html\">Nuno Filipe Pinto Faria<\/a> e <a href=\"https:\/\/www.di.uminho.pt\/~jno\/sitedi\/nm_617.html\">Jos\u00e9 Orlando Roque Nascimento Pereira<\/a><\/td>\n<\/tr>\n<tr class=\"row-128\">\n\t<td class=\"column-1\">S1<\/td><td class=\"column-2\"><a href=\"https:\/\/www.di.uminho.pt\/~jno\/sitedi\/uc_ME78ME7800006548.html\">Agentes e Sistemas Multiagente<\/a><\/td><td class=\"column-3\"><a href=\"https:\/\/mei.di.uminho.pt\">Mestrado em Engenharia Inform\u00e1tica<\/a> [MEINF]<\/td><td class=\"column-4\"><a href=\"https:\/\/www.di.uminho.pt\/~jno\/sitedi\/nm_931.html\">Jos\u00e9 Manuel Ferreira Machado<\/a><\/td><td class=\"column-5\"><a href=\"https:\/\/www.di.uminho.pt\/~jno\/sitedi\/nm_12085.html\">Pedro Jos\u00e9 Costa Oliveira<\/a> e <a href=\"https:\/\/www.di.uminho.pt\/~jno\/sitedi\/nm_931.html\">Jos\u00e9 Manuel Ferreira Machado<\/a><\/td>\n<\/tr>\n<tr class=\"row-129\">\n\t<td class=\"column-1\">S1<\/td><td class=\"column-2\"><a href=\"https:\/\/www.di.uminho.pt\/~jno\/sitedi\/uc_ME78ME7800006538.html\">Aplica\u00e7\u00f5es e Servi\u00e7os de Computa\u00e7\u00e3o em Nuvem<\/a><\/td><td class=\"column-3\"><a href=\"https:\/\/mei.di.uminho.pt\">Mestrado em Engenharia Inform\u00e1tica<\/a> [MEINF]<\/td><td class=\"column-4\"><a href=\"https:\/\/www.di.uminho.pt\/~jno\/sitedi\/nm_4747.html\">Jo\u00e3o Tiago Medeiros Paulo<\/a><\/td><td class=\"column-5\"><a href=\"https:\/\/www.di.uminho.pt\/~jno\/sitedi\/nm_12729.html\">T\u00e2nia Concei\u00e7\u00e3o Ara\u00fajo Esteves<\/a>, <a href=\"https:\/\/www.di.uminho.pt\/~jno\/sitedi\/nm_14112.html\">Pedro Miguel Braga Moreira<\/a>, <a href=\"https:\/\/www.di.uminho.pt\/~jno\/sitedi\/nm_14951.html\">Bruno Filipe Miranda Pereira<\/a> e <a href=\"https:\/\/www.di.uminho.pt\/~jno\/sitedi\/nm_4747.html\">Jo\u00e3o Tiago Medeiros Paulo<\/a><\/td>\n<\/tr>\n<tr class=\"row-130\">\n\t<td class=\"column-1\">S1<\/td><td class=\"column-2\"><a href=\"https:\/\/www.di.uminho.pt\/~jno\/sitedi\/uc_ME78ME7800007444.html\">Arquiteturas Avan\u00e7adas de Computadores<\/a><\/td><td class=\"column-3\"><a href=\"https:\/\/mei.di.uminho.pt\">Mestrado em Engenharia Inform\u00e1tica<\/a> [MEINF]<\/td><td class=\"column-4\"><a href=\"https:\/\/www.di.uminho.pt\/~jno\/sitedi\/nm_6571.html\">Andr\u00e9 Martins Pereira<\/a><\/td><td class=\"column-5\"><a href=\"https:\/\/www.di.uminho.pt\/~jno\/sitedi\/nm_14957.html\">Gon\u00e7alo Medeiros S\u00e3o Pedro Raposo<\/a> e <a href=\"https:\/\/www.di.uminho.pt\/~jno\/sitedi\/nm_6571.html\">Andr\u00e9 Martins Pereira<\/a><\/td>\n<\/tr>\n<tr class=\"row-131\">\n\t<td class=\"column-1\">S1<\/td><td class=\"column-2\"><a href=\"https:\/\/www.di.uminho.pt\/~jno\/sitedi\/uc_ME78ME7800007147.html\">Bases de Dados NOSQL<\/a><\/td><td class=\"column-3\"><a href=\"https:\/\/mei.di.uminho.pt\">Mestrado em Engenharia Inform\u00e1tica<\/a> [MEINF]<\/td><td class=\"column-4\"><a href=\"https:\/\/www.di.uminho.pt\/~jno\/sitedi\/nm_725.html\">Ant\u00f3nio Carlos Silva Abelha<\/a><\/td><td class=\"column-5\"><a href=\"https:\/\/www.di.uminho.pt\/~jno\/sitedi\/nm_725.html\">Ant\u00f3nio Carlos Silva Abelha<\/a> e <a href=\"https:\/\/www.di.uminho.pt\/~jno\/sitedi\/nm_8115.html\">Cristiana Marisa Pereira Neto<\/a><\/td>\n<\/tr>\n<tr class=\"row-132\">\n\t<td class=\"column-1\">S1<\/td><td class=\"column-2\"><a href=\"https:\/\/www.di.uminho.pt\/~jno\/sitedi\/uc_ME78ME7800000097.html\">Computa\u00e7\u00e3o Paralela<\/a><\/td><td class=\"column-3\"><a href=\"https:\/\/mei.di.uminho.pt\">Mestrado em Engenharia Inform\u00e1tica<\/a> [MEINF]<\/td><td class=\"column-4\"><a href=\"https:\/\/www.di.uminho.pt\/~jno\/sitedi\/nm_1835.html\">Jo\u00e3o Lu\u00eds Ferreira Sobral<\/a><\/td><td class=\"column-5\"><a href=\"https:\/\/www.di.uminho.pt\/~jno\/sitedi\/nm_14956.html\">Bernardo Farinha Malaca<\/a>, <a href=\"https:\/\/www.di.uminho.pt\/~jno\/sitedi\/nm_1835.html\">Jo\u00e3o Lu\u00eds Ferreira Sobral<\/a> e <a href=\"https:\/\/www.di.uminho.pt\/~jno\/sitedi\/nm_4949.html\">Rui Ant\u00f3nio Sabino Casti\u00e7o Silva<\/a><\/td>\n<\/tr>\n<tr class=\"row-133\">\n\t<td class=\"column-1\">S1<\/td><td class=\"column-2\"><a href=\"https:\/\/www.di.uminho.pt\/~jno\/sitedi\/uc_ME78ME7800007352.html\">Conce\u00e7\u00e3o e Implementa\u00e7\u00e3o de Armaz\u00e9ns de Dados<\/a><\/td><td class=\"column-3\"><a href=\"https:\/\/mei.di.uminho.pt\">Mestrado em Engenharia Inform\u00e1tica<\/a> [MEINF]<\/td><td class=\"column-4\"><a href=\"https:\/\/www.di.uminho.pt\/~jno\/sitedi\/nm_762.html\">Orlando Manuel Oliveira Belo<\/a><\/td><td class=\"column-5\"><a href=\"https:\/\/www.di.uminho.pt\/~jno\/sitedi\/nm_12724.html\">Ant\u00f3nio Jorge Monteiro Chaves<\/a> e <a href=\"https:\/\/www.di.uminho.pt\/~jno\/sitedi\/nm_762.html\">Orlando Manuel Oliveira Belo<\/a><\/td>\n<\/tr>\n<tr class=\"row-134\">\n\t<td class=\"column-1\">S1<\/td><td class=\"column-2\"><a href=\"https:\/\/www.di.uminho.pt\/~jno\/sitedi\/uc_ME78ME7800006081.html\">C\u00e1lculo de Sistemas de Informa\u00e7\u00e3o<\/a><\/td><td class=\"column-3\"><a href=\"https:\/\/mei.di.uminho.pt\">Mestrado em Engenharia Inform\u00e1tica<\/a> [MEINF]<\/td><td class=\"column-4\"><a href=\"https:\/\/www.di.uminho.pt\/~jno\/sitedi\/nm_683.html\">Lu\u00eds Manuel Dias Coelho Soares Barbosa<\/a><\/td><td class=\"column-5\"><a href=\"https:\/\/www.di.uminho.pt\/~jno\/sitedi\/nm_683.html\">Lu\u00eds Manuel Dias Coelho Soares Barbosa<\/a> e <a href=\"https:\/\/www.di.uminho.pt\/~jno\/sitedi\/nm_88.html\">Jos\u00e9 Nuno Fonseca Oliveira<\/a><\/td>\n<\/tr>\n<tr class=\"row-135\">\n\t<td class=\"column-1\">S1<\/td><td class=\"column-2\"><a href=\"https:\/\/www.di.uminho.pt\/~jno\/sitedi\/uc_ME78ME7800006536.html\">Dados e Aprendizagem Autom\u00e1tica<\/a><\/td><td class=\"column-3\"><a href=\"https:\/\/mei.di.uminho.pt\">Mestrado em Engenharia Inform\u00e1tica<\/a> [MEINF]<\/td><td class=\"column-4\"><a href=\"https:\/\/www.di.uminho.pt\/~jno\/sitedi\/nm_1358.html\">Victor Manuel Rodrigues Alves<\/a><\/td><td class=\"column-5\"><a href=\"https:\/\/www.di.uminho.pt\/~jno\/sitedi\/nm_12166.html\">Dalila Alves Dur\u00e3es<\/a>, <a href=\"https:\/\/www.di.uminho.pt\/~jno\/sitedi\/nm_1358.html\">Victor Manuel Rodrigues Alves<\/a> e <a href=\"https:\/\/www.di.uminho.pt\/~jno\/sitedi\/nm_7266.html\">Filipa Tinoco Ferraz<\/a><\/td>\n<\/tr>\n<tr class=\"row-136\">\n\t<td class=\"column-1\">S1<\/td><td class=\"column-2\"><a href=\"https:\/\/www.di.uminho.pt\/~jno\/sitedi\/uc_ME78ME7800006544.html\">Engenharia Gramatical<\/a><\/td><td class=\"column-3\"><a href=\"https:\/\/mei.di.uminho.pt\">Mestrado em Engenharia Inform\u00e1tica<\/a> [MEINF]<\/td><td class=\"column-4\"><a href=\"https:\/\/www.di.uminho.pt\/~jno\/sitedi\/nm_6210.html\">Nuno Filipe Moreira Macedo<\/a><\/td><td class=\"column-5\"><a href=\"https:\/\/www.di.uminho.pt\/~jno\/sitedi\/nm_6210.html\">Nuno Filipe Moreira Macedo<\/a><\/td>\n<\/tr>\n<tr class=\"row-137\">\n\t<td class=\"column-1\">S1<\/td><td class=\"column-2\"><a href=\"https:\/\/www.di.uminho.pt\/~jno\/sitedi\/uc_ME78ME7800006537.html\">Engenharia de Servi\u00e7os em Rede<\/a><\/td><td class=\"column-3\"><a href=\"https:\/\/mei.di.uminho.pt\">Mestrado em Engenharia Inform\u00e1tica<\/a> [MEINF]<\/td><td class=\"column-4\"><a href=\"https:\/\/www.di.uminho.pt\/~jno\/sitedi\/nm_13616.html\">Fl\u00e1vio Oliveira Silva<\/a><\/td><td class=\"column-5\"><a href=\"https:\/\/www.di.uminho.pt\/~jno\/sitedi\/nm_12521.html\">Pedro Jorge Rito Lima<\/a>, <a href=\"https:\/\/www.di.uminho.pt\/~jno\/sitedi\/nm_13616.html\">Fl\u00e1vio Oliveira Silva<\/a> e <a href=\"https:\/\/www.di.uminho.pt\/~jno\/sitedi\/nm_7912.html\">Bruno Alexandre Taraio Santos Antunes<\/a><\/td>\n<\/tr>\n<tr class=\"row-138\">\n\t<td class=\"column-1\">S1<\/td><td class=\"column-2\"><a href=\"https:\/\/www.di.uminho.pt\/~jno\/sitedi\/uc_ME78ME7800006553.html\">Manuten\u00e7\u00e3o e Evolu\u00e7\u00e3o de Software<\/a><\/td><td class=\"column-3\"><a href=\"https:\/\/mei.di.uminho.pt\">Mestrado em Engenharia Inform\u00e1tica<\/a> [MEINF]<\/td><td class=\"column-4\"><a href=\"https:\/\/www.di.uminho.pt\/~jno\/sitedi\/nm_1550.html\">Jo\u00e3o Alexandre Baptista Vieira Saraiva<\/a><\/td><td class=\"column-5\"><a href=\"https:\/\/www.di.uminho.pt\/~jno\/sitedi\/nm_14960.html\">Jos\u00e9 Emanuel Silva Rodrigues<\/a> e <a href=\"https:\/\/www.di.uminho.pt\/~jno\/sitedi\/nm_1550.html\">Jo\u00e3o Alexandre Baptista Vieira Saraiva<\/a><\/td>\n<\/tr>\n<tr class=\"row-139\">\n\t<td class=\"column-1\">S1<\/td><td class=\"column-2\"><a href=\"https:\/\/www.di.uminho.pt\/~jno\/sitedi\/uc_ME78ME7800003255.html\">M\u00e9todos Formais em Engenharia de Software<\/a><\/td><td class=\"column-3\"><a href=\"https:\/\/mei.di.uminho.pt\">Mestrado em Engenharia Inform\u00e1tica<\/a> [MEINF]<\/td><td class=\"column-4\"><a href=\"https:\/\/www.di.uminho.pt\/~jno\/sitedi\/nm_1936.html\">Jorge Miguel Matos Sousa Pinto<\/a><\/td><td class=\"column-5\"><a href=\"https:\/\/www.di.uminho.pt\/~jno\/sitedi\/nm_1171.html\">Maria Jo\u00e3o Gomes Frade<\/a>, <a href=\"https:\/\/www.di.uminho.pt\/~jno\/sitedi\/nm_1936.html\">Jorge Miguel Matos Sousa Pinto<\/a> e <a href=\"https:\/\/www.di.uminho.pt\/~jno\/sitedi\/nm_6210.html\">Nuno Filipe Moreira Macedo<\/a><\/td>\n<\/tr>\n<tr class=\"row-140\">\n\t<td class=\"column-1\">S1<\/td><td class=\"column-2\"><a href=\"https:\/\/www.di.uminho.pt\/~jno\/sitedi\/uc_ME78ME7800006540.html\">Projeto de Inform\u00e1tica<\/a><\/td><td class=\"column-3\"><a href=\"https:\/\/mei.di.uminho.pt\">Mestrado em Engenharia Inform\u00e1tica<\/a> [MEINF]<\/td><td class=\"column-4\"><a href=\"https:\/\/www.di.uminho.pt\/~jno\/sitedi\/nm_1240.html\">Jo\u00e3o Miguel Lobo Fernandes<\/a><\/td><td class=\"column-5\"><a href=\"https:\/\/algoritmi.uminho.pt\/user\/paulo-sergio-lima-pereira-afonso\/\">Paulo S\u00e9rgio Lima Pereira Afonso<\/a>, <a href=\"https:\/\/www.di.uminho.pt\/~jno\/sitedi\/nm_1240.html\">Jo\u00e3o Miguel Lobo Fernandes<\/a>, <a href=\"https:\/\/www.di.uminho.pt\/~jno\/sitedi\/nm_1358.html\">Victor Manuel Rodrigues Alves<\/a>, <a href=\"https:\/\/www.di.uminho.pt\/~jno\/sitedi\/nm_13616.html\">Fl\u00e1vio Oliveira Silva<\/a>, <a href=\"https:\/\/www.di.uminho.pt\/~jno\/sitedi\/nm_1546.html\">Vitor Francisco Mendes Freitas Gomes Fonte<\/a> e <a href=\"https:\/\/www.di.uminho.pt\/~jno\/sitedi\/nm_621.html\">Ant\u00f3nio Lu\u00eds Pinto Ferreira Sousa<\/a><\/td>\n<\/tr>\n<tr class=\"row-141\">\n\t<td class=\"column-1\">S1<\/td><td class=\"column-2\"><a href=\"https:\/\/www.di.uminho.pt\/~jno\/sitedi\/uc_ME78ME7800006090.html\">Qualidade de Servi\u00e7o na Internet<\/a><\/td><td class=\"column-3\"><a href=\"https:\/\/mei.di.uminho.pt\">Mestrado em Engenharia Inform\u00e1tica<\/a> [MEINF]<\/td><td class=\"column-4\"><a href=\"https:\/\/www.di.uminho.pt\/~jno\/sitedi\/nm_1327.html\">Maria Solange Pires Ferreira Rito Lima<\/a><\/td><td class=\"column-5\"><a href=\"https:\/\/www.di.uminho.pt\/~jno\/sitedi\/nm_1327.html\">Maria Solange Pires Ferreira Rito Lima<\/a>, <a href=\"https:\/\/www.di.uminho.pt\/~jno\/sitedi\/nm_2276.html\">Pedro Nuno Miranda Sousa<\/a> e <a href=\"https:\/\/www.di.uminho.pt\/~jno\/sitedi\/nm_7912.html\">Bruno Alexandre Taraio Santos Antunes<\/a><\/td>\n<\/tr>\n<tr class=\"row-142\">\n\t<td class=\"column-1\">S1<\/td><td class=\"column-2\"><a href=\"https:\/\/www.di.uminho.pt\/~jno\/sitedi\/uc_ME78ME7800006552.html\">Redes Fixas e M\u00f3veis<\/a><\/td><td class=\"column-3\"><a href=\"https:\/\/mei.di.uminho.pt\">Mestrado em Engenharia Inform\u00e1tica<\/a> [MEINF]<\/td><td class=\"column-4\"><a href=\"https:\/\/www.di.uminho.pt\/~jno\/sitedi\/nm_13616.html\">Fl\u00e1vio Oliveira Silva<\/a><\/td><td class=\"column-5\"><a href=\"https:\/\/www.di.uminho.pt\/~jno\/sitedi\/nm_13616.html\">Fl\u00e1vio Oliveira Silva<\/a><\/td>\n<\/tr>\n<tr class=\"row-143\">\n\t<td class=\"column-1\">S1<\/td><td class=\"column-2\"><a href=\"https:\/\/www.di.uminho.pt\/~jno\/sitedi\/uc_ME78ME7800006539.html\">Requisitos e Arquiteturas de Software<\/a><\/td><td class=\"column-3\"><a href=\"https:\/\/mei.di.uminho.pt\">Mestrado em Engenharia Inform\u00e1tica<\/a> [MEINF]<\/td><td class=\"column-4\"><a href=\"https:\/\/www.di.uminho.pt\/~jno\/sitedi\/nm_1240.html\">Jo\u00e3o Miguel Lobo Fernandes<\/a><\/td><td class=\"column-5\"><a href=\"https:\/\/www.di.uminho.pt\/~jno\/sitedi\/nm_1240.html\">Jo\u00e3o Miguel Lobo Fernandes<\/a>, <a href=\"https:\/\/www.di.uminho.pt\/~jno\/sitedi\/nm_13690.html\">Diogo Afonso Silva Costa<\/a>, <a href=\"https:\/\/www.di.uminho.pt\/~jno\/sitedi\/nm_6859.html\">Andr\u00e9 Leite Ferreira<\/a> e <a href=\"https:\/\/www.di.uminho.pt\/~jno\/sitedi\/nm_7157.html\">Paulo Rafael Costa Sousa<\/a><\/td>\n<\/tr>\n<tr class=\"row-144\">\n\t<td class=\"column-1\">S1<\/td><td class=\"column-2\"><a href=\"https:\/\/www.di.uminho.pt\/~jno\/sitedi\/uc_ME78ME7800006091.html\">Toler\u00e2ncia a Faltas<\/a><\/td><td class=\"column-3\"><a href=\"https:\/\/mei.di.uminho.pt\">Mestrado em Engenharia Inform\u00e1tica<\/a> [MEINF]<\/td><td class=\"column-4\"><a href=\"https:\/\/www.di.uminho.pt\/~jno\/sitedi\/nm_1720.html\">Rui Carlos Mendes Oliveira<\/a><\/td><td class=\"column-5\"><a href=\"https:\/\/www.di.uminho.pt\/~jno\/sitedi\/nm_1720.html\">Rui Carlos Mendes Oliveira<\/a> e <a href=\"https:\/\/www.di.uminho.pt\/~jno\/sitedi\/nm_4199.html\">Ana Lu\u00edsa Parreira Nunes Alonso<\/a><\/td>\n<\/tr>\n<tr class=\"row-145\">\n\t<td class=\"column-1\">S1<\/td><td class=\"column-2\"><a href=\"https:\/\/www.di.uminho.pt\/~jno\/sitedi\/uc_ME78ME7800006555.html\">Visualiza\u00e7\u00e3o em Tempo Real<\/a><\/td><td class=\"column-3\"><a href=\"https:\/\/mei.di.uminho.pt\">Mestrado em Engenharia Inform\u00e1tica<\/a> [MEINF]<\/td><td class=\"column-4\"><a href=\"https:\/\/www.di.uminho.pt\/~jno\/sitedi\/nm_1243.html\">Ant\u00f3nio Jos\u00e9 Borba Ramires Fernandes<\/a><\/td><td class=\"column-5\"><a href=\"https:\/\/www.di.uminho.pt\/~jno\/sitedi\/nm_1243.html\">Ant\u00f3nio Jos\u00e9 Borba Ramires Fernandes<\/a><\/td>\n<\/tr>\n<tr class=\"row-146\">\n\t<td class=\"column-1\">S2<\/td><td class=\"column-2\"><a href=\"https:\/\/www.di.uminho.pt\/~jno\/sitedi\/uc_ME78ME7800007146.html\">An\u00e1lise Inteligente em Sistemas de Big Data<\/a><\/td><td class=\"column-3\"><a href=\"https:\/\/mei.di.uminho.pt\">Mestrado em Engenharia Inform\u00e1tica<\/a> [MEINF]<\/td><td class=\"column-4\"><a href=\"https:\/\/www.di.uminho.pt\/~jno\/sitedi\/nm_931.html\">Jos\u00e9 Manuel Ferreira Machado<\/a><\/td><td class=\"column-5\"><a href=\"https:\/\/www.di.uminho.pt\/~jno\/sitedi\/nm_12033.html\">Ana Regina Coelho Sousa<\/a> e <a href=\"https:\/\/www.di.uminho.pt\/~jno\/sitedi\/nm_931.html\">Jos\u00e9 Manuel Ferreira Machado<\/a><\/td>\n<\/tr>\n<tr class=\"row-147\">\n\t<td class=\"column-1\">S2<\/td><td class=\"column-2\"><a href=\"https:\/\/www.di.uminho.pt\/~jno\/sitedi\/uc_ME78ME7800007447.html\">An\u00e1lise de Dados de Elevado Desempenho<\/a><\/td><td class=\"column-3\"><a href=\"https:\/\/mei.di.uminho.pt\">Mestrado em Engenharia Inform\u00e1tica<\/a> [MEINF]<\/td><td class=\"column-4\"><a href=\"https:\/\/www.di.uminho.pt\/~jno\/sitedi\/nm_621.html\">Ant\u00f3nio Lu\u00eds Pinto Ferreira Sousa<\/a><\/td><td class=\"column-5\"><a href=\"https:\/\/www.di.uminho.pt\/~jno\/sitedi\/nm_621.html\">Ant\u00f3nio Lu\u00eds Pinto Ferreira Sousa<\/a><\/td>\n<\/tr>\n<tr class=\"row-148\">\n\t<td class=\"column-1\">S2<\/td><td class=\"column-2\"><a href=\"https:\/\/www.di.uminho.pt\/~jno\/sitedi\/uc_ME78ME7800006554.html\">Aprendizagem Profunda<\/a><\/td><td class=\"column-3\"><a href=\"https:\/\/mei.di.uminho.pt\">Mestrado em Engenharia Inform\u00e1tica<\/a> [MEINF]<\/td><td class=\"column-4\"><a href=\"https:\/\/www.di.uminho.pt\/~jno\/sitedi\/nm_1358.html\">Victor Manuel Rodrigues Alves<\/a><\/td><td class=\"column-5\"><a href=\"https:\/\/www.di.uminho.pt\/~jno\/sitedi\/nm_1358.html\">Victor Manuel Rodrigues Alves<\/a> e <a href=\"https:\/\/www.di.uminho.pt\/~jno\/sitedi\/nm_2035.html\">Miguel Francisco Almeida Pereira Rocha<\/a><\/td>\n<\/tr>\n<tr class=\"row-149\">\n\t<td class=\"column-1\">S2<\/td><td class=\"column-2\"><a href=\"https:\/\/www.di.uminho.pt\/~jno\/sitedi\/uc_ME78ME7800005445.html\">Arquiteturas Aplicacionais<\/a><\/td><td class=\"column-3\"><a href=\"https:\/\/mei.di.uminho.pt\">Mestrado em Engenharia Inform\u00e1tica<\/a> [MEINF]<\/td><td class=\"column-4\"><a href=\"https:\/\/www.di.uminho.pt\/~jno\/sitedi\/nm_1551.html\">Ant\u00f3nio Manuel Nestor Ribeiro<\/a><\/td><td class=\"column-5\"><a href=\"https:\/\/www.di.uminho.pt\/~jno\/sitedi\/nm_1551.html\">Ant\u00f3nio Manuel Nestor Ribeiro<\/a><\/td>\n<\/tr>\n<tr class=\"row-150\">\n\t<td class=\"column-1\">S2<\/td><td class=\"column-2\"><a href=\"https:\/\/www.di.uminho.pt\/~jno\/sitedi\/uc_ME78ME7800006547.html\">Experimenta\u00e7\u00e3o em Engenharia de Software<\/a><\/td><td class=\"column-3\"><a href=\"https:\/\/mei.di.uminho.pt\">Mestrado em Engenharia Inform\u00e1tica<\/a> [MEINF]<\/td><td class=\"column-4\"><a href=\"https:\/\/www.di.uminho.pt\/~jno\/sitedi\/nm_1550.html\">Jo\u00e3o Alexandre Baptista Vieira Saraiva<\/a><\/td><td class=\"column-5\"><a href=\"https:\/\/www.di.uminho.pt\/~jno\/sitedi\/nm_1550.html\">Jo\u00e3o Alexandre Baptista Vieira Saraiva<\/a> e <a href=\"https:\/\/www.di.uminho.pt\/~jno\/sitedi\/nm_1962.html\">Paulo Jorge Sousa Azevedo<\/a><\/td>\n<\/tr>\n<tr class=\"row-151\">\n\t<td class=\"column-1\">S2<\/td><td class=\"column-2\"><a href=\"https:\/\/www.di.uminho.pt\/~jno\/sitedi\/uc_ME78ME7800007525.html\">Extra\u00e7\u00e3o de Conhecimento em Armaz\u00e9ns de Dados<\/a><\/td><td class=\"column-3\"><a href=\"https:\/\/mei.di.uminho.pt\">Mestrado em Engenharia Inform\u00e1tica<\/a> [MEINF]<\/td><td class=\"column-4\"><a href=\"https:\/\/www.di.uminho.pt\/~jno\/sitedi\/nm_1573.html\">C\u00e9sar Analide Freitas Silva Costa Rodrigues<\/a><\/td><td class=\"column-5\"><a href=\"https:\/\/www.di.uminho.pt\/~jno\/sitedi\/nm_14560.html\">Guilherme Jo\u00e3o Fernandes Barbosa<\/a> e <a href=\"https:\/\/www.di.uminho.pt\/~jno\/sitedi\/nm_1573.html\">C\u00e9sar Analide Freitas Silva Costa Rodrigues<\/a><\/td>\n<\/tr>\n<tr class=\"row-152\">\n\t<td class=\"column-1\">S2<\/td><td class=\"column-2\"><a href=\"https:\/\/www.di.uminho.pt\/~jno\/sitedi\/uc_ME78ME7800006543.html\">Gest\u00e3o e Seguran\u00e7a de Redes<\/a><\/td><td class=\"column-3\"><a href=\"https:\/\/mei.di.uminho.pt\">Mestrado em Engenharia Inform\u00e1tica<\/a> [MEINF]<\/td><td class=\"column-4\"><a href=\"https:\/\/www.di.uminho.pt\/~jno\/sitedi\/nm_1698.html\">Ant\u00f3nio Lu\u00eds Duarte Costa<\/a><\/td><td class=\"column-5\"><a href=\"https:\/\/www.di.uminho.pt\/~jno\/sitedi\/nm_14967.html\">Rodrigo Manuel Matos Pereira<\/a> e <a href=\"https:\/\/www.di.uminho.pt\/~jno\/sitedi\/nm_1698.html\">Ant\u00f3nio Lu\u00eds Duarte Costa<\/a><\/td>\n<\/tr>\n<tr class=\"row-153\">\n\t<td class=\"column-1\">S2<\/td><td class=\"column-2\"><a href=\"https:\/\/www.di.uminho.pt\/~jno\/sitedi\/uc_ME78ME7800007426.html\">Internet das Coisas<\/a><\/td><td class=\"column-3\"><a href=\"https:\/\/mei.di.uminho.pt\">Mestrado em Engenharia Inform\u00e1tica<\/a> [MEINF]<\/td><td class=\"column-4\"><a href=\"https:\/\/www.di.uminho.pt\/~jno\/sitedi\/nm_13616.html\">Fl\u00e1vio Oliveira Silva<\/a><\/td><td class=\"column-5\"><a href=\"https:\/\/www.di.uminho.pt\/~jno\/sitedi\/nm_1327.html\">Maria Solange Pires Ferreira Rito Lima<\/a>, <a href=\"https:\/\/www.di.uminho.pt\/~jno\/sitedi\/nm_13616.html\">Fl\u00e1vio Oliveira Silva<\/a> e <a href=\"https:\/\/www.di.uminho.pt\/~jno\/sitedi\/nm_2276.html\">Pedro Nuno Miranda Sousa<\/a><\/td>\n<\/tr>\n<tr class=\"row-154\">\n\t<td class=\"column-1\">S2<\/td><td class=\"column-2\"><a href=\"https:\/\/www.di.uminho.pt\/~jno\/sitedi\/uc_ME78ME7800006084.html\">Minera\u00e7\u00e3o de Dados<\/a><\/td><td class=\"column-3\"><a href=\"https:\/\/mei.di.uminho.pt\">Mestrado em Engenharia Inform\u00e1tica<\/a> [MEINF]<\/td><td class=\"column-4\"><a href=\"https:\/\/www.di.uminho.pt\/~jno\/sitedi\/nm_2035.html\">Miguel Francisco Almeida Pereira Rocha<\/a><\/td><td class=\"column-5\"><a href=\"https:\/\/www.di.uminho.pt\/~jno\/sitedi\/nm_2035.html\">Miguel Francisco Almeida Pereira Rocha<\/a> e <a href=\"https:\/\/www.di.uminho.pt\/~jno\/sitedi\/nm_8117.html\">Diana Lisandra Azevedo Ferreira<\/a><\/td>\n<\/tr>\n<tr class=\"row-155\">\n\t<td class=\"column-1\">S2<\/td><td class=\"column-2\"><a href=\"https:\/\/www.di.uminho.pt\/~jno\/sitedi\/uc_ME78ME7800006559.html\">Novos Paradigmas de Rede<\/a><\/td><td class=\"column-3\"><a href=\"https:\/\/mei.di.uminho.pt\">Mestrado em Engenharia Inform\u00e1tica<\/a> [MEINF]<\/td><td class=\"column-4\"><a href=\"https:\/\/www.di.uminho.pt\/~jno\/sitedi\/nm_1698.html\">Ant\u00f3nio Lu\u00eds Duarte Costa<\/a><\/td><td class=\"column-5\"><a href=\"https:\/\/www.di.uminho.pt\/~jno\/sitedi\/nm_12267.html\">Jo\u00e3o Fernandes Pereira<\/a> e <a href=\"https:\/\/www.di.uminho.pt\/~jno\/sitedi\/nm_1698.html\">Ant\u00f3nio Lu\u00eds Duarte Costa<\/a><\/td>\n<\/tr>\n<tr class=\"row-156\">\n\t<td class=\"column-1\">S2<\/td><td class=\"column-2\"><a href=\"https:\/\/www.di.uminho.pt\/~jno\/sitedi\/uc_ME78ME7800005182.html\">Paradigmas de Sistemas Distribu\u00eddos<\/a><\/td><td class=\"column-3\"><a href=\"https:\/\/mei.di.uminho.pt\">Mestrado em Engenharia Inform\u00e1tica<\/a> [MEINF]<\/td><td class=\"column-4\"><a href=\"https:\/\/www.di.uminho.pt\/~jno\/sitedi\/nm_1362.html\">Paulo S\u00e9rgio Soares Almeida<\/a><\/td><td class=\"column-5\"><a href=\"https:\/\/www.di.uminho.pt\/~jno\/sitedi\/nm_1362.html\">Paulo S\u00e9rgio Soares Almeida<\/a> e <a href=\"https:\/\/www.di.uminho.pt\/~jno\/sitedi\/nm_6263.html\">F\u00e1bio Andr\u00e9 Castanheira Lu\u00eds Coelho<\/a><\/td>\n<\/tr>\n<tr class=\"row-157\">\n\t<td class=\"column-1\">S2<\/td><td class=\"column-2\"><a href=\"https:\/\/www.di.uminho.pt\/~jno\/sitedi\/uc_ME78ME7800006551.html\">Programa\u00e7\u00e3o Ciber-F\u00edsica<\/a><\/td><td class=\"column-3\"><a href=\"https:\/\/mei.di.uminho.pt\">Mestrado em Engenharia Inform\u00e1tica<\/a> [MEINF]<\/td><td class=\"column-4\"><a href=\"https:\/\/www.di.uminho.pt\/~jno\/sitedi\/nm_5832.html\">Renato Jorge Ara\u00fajo Neves<\/a><\/td><td class=\"column-5\"><a href=\"https:\/\/www.di.uminho.pt\/~jno\/sitedi\/nm_5832.html\">Renato Jorge Ara\u00fajo Neves<\/a><\/td>\n<\/tr>\n<tr class=\"row-158\">\n\t<td class=\"column-1\">S2<\/td><td class=\"column-2\"><a href=\"https:\/\/www.di.uminho.pt\/~jno\/sitedi\/uc_ME78ME7800007512.html\">Projeto em Computa\u00e7\u00e3o Avan\u00e7ada<\/a><\/td><td class=\"column-3\"><a href=\"https:\/\/mei.di.uminho.pt\">Mestrado em Engenharia Inform\u00e1tica<\/a> [MEINF]<\/td><td class=\"column-4\"><a href=\"https:\/\/www.di.uminho.pt\/~jno\/sitedi\/nm_621.html\">Ant\u00f3nio Lu\u00eds Pinto Ferreira Sousa<\/a><\/td><td class=\"column-5\"><a href=\"https:\/\/www.di.uminho.pt\/~jno\/sitedi\/nm_12010.html\">Ricardo Gon\u00e7alves Macedo<\/a>, <a href=\"https:\/\/www.di.uminho.pt\/~jno\/sitedi\/nm_13235.html\">Cl\u00e1udia Vanessa Martins Brito<\/a> e <a href=\"https:\/\/www.di.uminho.pt\/~jno\/sitedi\/nm_621.html\">Ant\u00f3nio Lu\u00eds Pinto Ferreira Sousa<\/a><\/td>\n<\/tr>\n<tr class=\"row-159\">\n\t<td class=\"column-1\">S2<\/td><td class=\"column-2\"><a href=\"https:\/\/www.di.uminho.pt\/~jno\/sitedi\/uc_ME78ME7800007513.html\">Projeto em Computa\u00e7\u00e3o Gr\u00e1fica e Vis\u00e3o por Computador<\/a><\/td><td class=\"column-3\"><a href=\"https:\/\/mei.di.uminho.pt\">Mestrado em Engenharia Inform\u00e1tica<\/a> [MEINF]<\/td><td class=\"column-4\"><a href=\"https:\/\/www.di.uminho.pt\/~jno\/sitedi\/nm_1243.html\">Ant\u00f3nio Jos\u00e9 Borba Ramires Fernandes<\/a><\/td><td class=\"column-5\"><a href=\"https:\/\/www.di.uminho.pt\/~jno\/sitedi\/nm_1243.html\">Ant\u00f3nio Jos\u00e9 Borba Ramires Fernandes<\/a><\/td>\n<\/tr>\n<tr class=\"row-160\">\n\t<td class=\"column-1\">S2<\/td><td class=\"column-2\"><a href=\"https:\/\/www.di.uminho.pt\/~jno\/sitedi\/uc_ME78ME7800007514.html\">Projeto em Criptografia e Seguran\u00e7a da Informa\u00e7\u00e3o<\/a><\/td><td class=\"column-3\"><a href=\"https:\/\/mei.di.uminho.pt\">Mestrado em Engenharia Inform\u00e1tica<\/a> [MEINF]<\/td><td class=\"column-4\"><a href=\"https:\/\/www.di.uminho.pt\/~jno\/sitedi\/nm_5743.html\">Tiago Filipe Azevedo Oliveira<\/a><\/td><td class=\"column-5\"><a href=\"https:\/\/www.di.uminho.pt\/~jno\/sitedi\/nm_6687.html\">Jo\u00e3o Marco Cardoso Silva<\/a> e <a href=\"https:\/\/www.di.uminho.pt\/~jno\/sitedi\/nm_7119.html\">Hugo Jos\u00e9 Pereira Pacheco<\/a><\/td>\n<\/tr>\n<tr class=\"row-161\">\n\t<td class=\"column-1\">S2<\/td><td class=\"column-2\"><a href=\"https:\/\/www.di.uminho.pt\/~jno\/sitedi\/uc_ME78ME7800007515.html\">Projeto em Desenvolvimento Valida\u00e7\u00e3o e Manuten\u00e7\u00e3o de Software<\/a><\/td><td class=\"column-3\"><a href=\"https:\/\/mei.di.uminho.pt\">Mestrado em Engenharia Inform\u00e1tica<\/a> [MEINF]<\/td><td class=\"column-4\"><a href=\"https:\/\/www.di.uminho.pt\/~jno\/sitedi\/nm_1550.html\">Jo\u00e3o Alexandre Baptista Vieira Saraiva<\/a><\/td><td class=\"column-5\"><a href=\"https:\/\/www.di.uminho.pt\/~jno\/sitedi\/nm_13177.html\">Sofia Guilherme Rodrigues Santos<\/a><\/td>\n<\/tr>\n<tr class=\"row-162\">\n\t<td class=\"column-1\">S2<\/td><td class=\"column-2\"><a href=\"https:\/\/www.di.uminho.pt\/~jno\/sitedi\/uc_ME78ME7800007519.html\">Projeto em Engenharia Internet<\/a><\/td><td class=\"column-3\"><a href=\"https:\/\/mei.di.uminho.pt\">Mestrado em Engenharia Inform\u00e1tica<\/a> [MEINF]<\/td><td class=\"column-4\"><a href=\"https:\/\/www.di.uminho.pt\/~jno\/sitedi\/nm_7196.html\">Ivo Miguel Menezes Silva<\/a><\/td><td class=\"column-5\"><a href=\"https:\/\/www.di.uminho.pt\/~jno\/sitedi\/nm_7912.html\">Bruno Alexandre Taraio Santos Antunes<\/a><\/td>\n<\/tr>\n<tr class=\"row-163\">\n\t<td class=\"column-1\">S2<\/td><td class=\"column-2\"><a href=\"https:\/\/www.di.uminho.pt\/~jno\/sitedi\/uc_ME78ME7800007516.html\">Projeto em Engenharia de Aplica\u00e7\u00f5es<\/a><\/td><td class=\"column-3\"><a href=\"https:\/\/mei.di.uminho.pt\">Mestrado em Engenharia Inform\u00e1tica<\/a> [MEINF]<\/td><td class=\"column-4\"><a href=\"https:\/\/www.di.uminho.pt\/~jno\/sitedi\/nm_617.html\">Jos\u00e9 Orlando Roque Nascimento Pereira<\/a><\/td><td class=\"column-5\"><a href=\"https:\/\/www.di.uminho.pt\/~jno\/sitedi\/nm_1551.html\">Ant\u00f3nio Manuel Nestor Ribeiro<\/a> e <a href=\"https:\/\/www.di.uminho.pt\/~jno\/sitedi\/nm_617.html\">Jos\u00e9 Orlando Roque Nascimento Pereira<\/a><\/td>\n<\/tr>\n<tr class=\"row-164\">\n\t<td class=\"column-1\">S2<\/td><td class=\"column-2\"><a href=\"https:\/\/www.di.uminho.pt\/~jno\/sitedi\/uc_ME78ME7800007517.html\">Projeto em Engenharia de Linguagens<\/a><\/td><td class=\"column-3\"><a href=\"https:\/\/mei.di.uminho.pt\">Mestrado em Engenharia Inform\u00e1tica<\/a> [MEINF]<\/td><td class=\"column-4\"><a href=\"https:\/\/www.di.uminho.pt\/~jno\/sitedi\/nm_1513.html\">Jos\u00e9 Carlos Leite Ramalho<\/a><\/td><td class=\"column-5\"><a href=\"https:\/\/www.di.uminho.pt\/~jno\/sitedi\/nm_1513.html\">Jos\u00e9 Carlos Leite Ramalho<\/a> e <a href=\"https:\/\/www.di.uminho.pt\/~jno\/sitedi\/nm_6210.html\">Nuno Filipe Moreira Macedo<\/a><\/td>\n<\/tr>\n<tr class=\"row-165\">\n\t<td class=\"column-1\">S2<\/td><td class=\"column-2\"><a href=\"https:\/\/www.di.uminho.pt\/~jno\/sitedi\/uc_ME78ME7800007518.html\">Projeto em Engenharia do Conhecimento<\/a><\/td><td class=\"column-3\"><a href=\"https:\/\/mei.di.uminho.pt\">Mestrado em Engenharia Inform\u00e1tica<\/a> [MEINF]<\/td><td class=\"column-4\"><a href=\"https:\/\/www.di.uminho.pt\/~jno\/sitedi\/nm_931.html\">Jos\u00e9 Manuel Ferreira Machado<\/a><\/td><td class=\"column-5\"><a href=\"https:\/\/www.di.uminho.pt\/~jno\/sitedi\/nm_8990.html\">Francisco Supino Marcondes<\/a><\/td>\n<\/tr>\n<tr class=\"row-166\">\n\t<td class=\"column-1\">S2<\/td><td class=\"column-2\"><a href=\"https:\/\/www.di.uminho.pt\/~jno\/sitedi\/uc_ME78ME7800007520.html\">Projeto em M\u00e9todos Formais de Programa\u00e7\u00e3o<\/a><\/td><td class=\"column-3\"><a href=\"https:\/\/mei.di.uminho.pt\">Mestrado em Engenharia Inform\u00e1tica<\/a> [MEINF]<\/td><td class=\"column-4\"><a href=\"https:\/\/www.di.uminho.pt\/~jno\/sitedi\/nm_5832.html\">Renato Jorge Ara\u00fajo Neves<\/a><\/td><td class=\"column-5\"><a href=\"https:\/\/www.di.uminho.pt\/~jno\/sitedi\/nm_1171.html\">Maria Jo\u00e3o Gomes Frade<\/a>, <a href=\"https:\/\/www.di.uminho.pt\/~jno\/sitedi\/nm_1936.html\">Jorge Miguel Matos Sousa Pinto<\/a>, <a href=\"https:\/\/www.di.uminho.pt\/~jno\/sitedi\/nm_5832.html\">Renato Jorge Ara\u00fajo Neves<\/a> e <a href=\"https:\/\/www.di.uminho.pt\/~jno\/sitedi\/nm_683.html\">Lu\u00eds Manuel Dias Coelho Soares Barbosa<\/a><\/td>\n<\/tr>\n<tr class=\"row-167\">\n\t<td class=\"column-1\">S2<\/td><td class=\"column-2\"><a href=\"https:\/\/www.di.uminho.pt\/~jno\/sitedi\/uc_ME78ME7800007521.html\">Projeto em Redes de Nova Gera\u00e7\u00e3o<\/a><\/td><td class=\"column-3\"><a href=\"https:\/\/mei.di.uminho.pt\">Mestrado em Engenharia Inform\u00e1tica<\/a> [MEINF]<\/td><td class=\"column-4\"><a href=\"https:\/\/www.di.uminho.pt\/~jno\/sitedi\/nm_7196.html\">Ivo Miguel Menezes Silva<\/a><\/td><td class=\"column-5\"><a href=\"https:\/\/www.di.uminho.pt\/~jno\/sitedi\/nm_7768.html\">Vadym Serhiyovych Hapanchak<\/a><\/td>\n<\/tr>\n<tr class=\"row-168\">\n\t<td class=\"column-1\">S2<\/td><td class=\"column-2\"><a href=\"https:\/\/www.di.uminho.pt\/~jno\/sitedi\/uc_ME78ME7800007523.html\">Projeto em Sistemas Distribu\u00eddos<\/a><\/td><td class=\"column-3\"><a href=\"https:\/\/mei.di.uminho.pt\">Mestrado em Engenharia Inform\u00e1tica<\/a> [MEINF]<\/td><td class=\"column-4\"><a href=\"https:\/\/www.di.uminho.pt\/~jno\/sitedi\/nm_4199.html\">Ana Lu\u00edsa Parreira Nunes Alonso<\/a><\/td><td class=\"column-5\"><a href=\"https:\/\/www.di.uminho.pt\/~jno\/sitedi\/nm_1362.html\">Paulo S\u00e9rgio Soares Almeida<\/a>, <a href=\"https:\/\/www.di.uminho.pt\/~jno\/sitedi\/nm_4199.html\">Ana Lu\u00edsa Parreira Nunes Alonso<\/a> e <a href=\"https:\/\/www.di.uminho.pt\/~jno\/sitedi\/nm_6263.html\">F\u00e1bio Andr\u00e9 Castanheira Lu\u00eds Coelho<\/a><\/td>\n<\/tr>\n<tr class=\"row-169\">\n\t<td class=\"column-1\">S2<\/td><td class=\"column-2\"><a href=\"https:\/\/www.di.uminho.pt\/~jno\/sitedi\/uc_ME78ME7800007524.html\">Projeto em Sistemas Inteligentes<\/a><\/td><td class=\"column-3\"><a href=\"https:\/\/mei.di.uminho.pt\">Mestrado em Engenharia Inform\u00e1tica<\/a> [MEINF]<\/td><td class=\"column-4\"><a href=\"https:\/\/www.di.uminho.pt\/~jno\/sitedi\/nm_1573.html\">C\u00e9sar Analide Freitas Silva Costa Rodrigues<\/a><\/td><td class=\"column-5\"><a href=\"https:\/\/www.di.uminho.pt\/~jno\/sitedi\/nm_1573.html\">C\u00e9sar Analide Freitas Silva Costa Rodrigues<\/a><\/td>\n<\/tr>\n<tr class=\"row-170\">\n\t<td class=\"column-1\">S2<\/td><td class=\"column-2\"><a href=\"https:\/\/www.di.uminho.pt\/~jno\/sitedi\/uc_ME78ME7800007522.html\">Projeto em Sistemas de Data Warehousing<\/a><\/td><td class=\"column-3\"><a href=\"https:\/\/mei.di.uminho.pt\">Mestrado em Engenharia Inform\u00e1tica<\/a> [MEINF]<\/td><td class=\"column-4\"><a href=\"https:\/\/www.di.uminho.pt\/~jno\/sitedi\/nm_762.html\">Orlando Manuel Oliveira Belo<\/a><\/td><td class=\"column-5\"><a href=\"https:\/\/www.di.uminho.pt\/~jno\/sitedi\/nm_762.html\">Orlando Manuel Oliveira Belo<\/a><\/td>\n<\/tr>\n<tr class=\"row-171\">\n\t<td class=\"column-1\">S2<\/td><td class=\"column-2\"><a href=\"https:\/\/www.di.uminho.pt\/~jno\/sitedi\/uc_ME78ME7800006545.html\">Redes Definidas por Software<\/a><\/td><td class=\"column-3\"><a href=\"https:\/\/mei.di.uminho.pt\">Mestrado em Engenharia Inform\u00e1tica<\/a> [MEINF]<\/td><td class=\"column-4\"><a href=\"https:\/\/www.di.uminho.pt\/~jno\/sitedi\/nm_2276.html\">Pedro Nuno Miranda Sousa<\/a><\/td><td class=\"column-5\"><a href=\"https:\/\/www.di.uminho.pt\/~jno\/sitedi\/nm_12267.html\">Jo\u00e3o Fernandes Pereira<\/a> e <a href=\"https:\/\/www.di.uminho.pt\/~jno\/sitedi\/nm_2276.html\">Pedro Nuno Miranda Sousa<\/a><\/td>\n<\/tr>\n<tr class=\"row-172\">\n\t<td class=\"column-1\">S2<\/td><td class=\"column-2\"><a href=\"https:\/\/www.di.uminho.pt\/~jno\/sitedi\/uc_ME78ME7800006558.html\">Representa\u00e7\u00e3o e Processamento de Conhecimento na Web<\/a><\/td><td class=\"column-3\"><a href=\"https:\/\/mei.di.uminho.pt\">Mestrado em Engenharia Inform\u00e1tica<\/a> [MEINF]<\/td><td class=\"column-4\"><a href=\"https:\/\/www.di.uminho.pt\/~jno\/sitedi\/nm_1513.html\">Jos\u00e9 Carlos Leite Ramalho<\/a><\/td><td class=\"column-5\"><a href=\"https:\/\/www.di.uminho.pt\/~jno\/sitedi\/nm_1513.html\">Jos\u00e9 Carlos Leite Ramalho<\/a><\/td>\n<\/tr>\n<tr class=\"row-173\">\n\t<td class=\"column-1\">S2<\/td><td class=\"column-2\"><a href=\"https:\/\/www.di.uminho.pt\/~jno\/sitedi\/uc_ME78ME7800005454.html\">Scripting no Processamento de Linguagem Natural<\/a><\/td><td class=\"column-3\"><a href=\"https:\/\/mei.di.uminho.pt\">Mestrado em Engenharia Inform\u00e1tica<\/a> [MEINF]<\/td><td class=\"column-4\"><a href=\"https:\/\/www.di.uminho.pt\/~jno\/sitedi\/nm_14986.html\">Hugo Daniel dos Santos Macedo<\/a><\/td><td class=\"column-5\"><a href=\"https:\/\/www.di.uminho.pt\/~jno\/sitedi\/nm_12959.html\">Lu\u00eds Filipe Costa Cunha<\/a> e <a href=\"https:\/\/www.di.uminho.pt\/~jno\/sitedi\/nm_14986.html\">Hugo Daniel dos Santos Macedo<\/a><\/td>\n<\/tr>\n<tr class=\"row-174\">\n\t<td class=\"column-1\">S2<\/td><td class=\"column-2\"><a href=\"https:\/\/www.di.uminho.pt\/~jno\/sitedi\/uc_ME78ME7800007411.html\">Seguran\u00e7a de Software<\/a><\/td><td class=\"column-3\"><a href=\"https:\/\/mei.di.uminho.pt\">Mestrado em Engenharia Inform\u00e1tica<\/a> [MEINF]<\/td><td class=\"column-4\"><a href=\"https:\/\/www.di.uminho.pt\/~jno\/sitedi\/nm_5743.html\">Tiago Filipe Azevedo Oliveira<\/a><\/td><td class=\"column-5\"><a href=\"https:\/\/www.di.uminho.pt\/~jno\/sitedi\/nm_5743.html\">Tiago Filipe Azevedo Oliveira<\/a><\/td>\n<\/tr>\n<tr class=\"row-175\">\n\t<td class=\"column-1\">S2<\/td><td class=\"column-2\"><a href=\"https:\/\/www.di.uminho.pt\/~jno\/sitedi\/uc_ME78ME7800006561.html\">Sensoriza\u00e7\u00e3o e Ambiente<\/a><\/td><td class=\"column-3\"><a href=\"https:\/\/mei.di.uminho.pt\">Mestrado em Engenharia Inform\u00e1tica<\/a> [MEINF]<\/td><td class=\"column-4\"><a href=\"https:\/\/www.di.uminho.pt\/~jno\/sitedi\/nm_1573.html\">C\u00e9sar Analide Freitas Silva Costa Rodrigues<\/a><\/td><td class=\"column-5\"><a href=\"https:\/\/www.di.uminho.pt\/~jno\/sitedi\/nm_1573.html\">C\u00e9sar Analide Freitas Silva Costa Rodrigues<\/a> e <a href=\"https:\/\/www.di.uminho.pt\/~jno\/sitedi\/nm_7266.html\">Filipa Tinoco Ferraz<\/a><\/td>\n<\/tr>\n<tr class=\"row-176\">\n\t<td class=\"column-1\">S2<\/td><td class=\"column-2\"><a href=\"https:\/\/www.di.uminho.pt\/~jno\/sitedi\/uc_ME78ME7800006546.html\">Sistemas Distribu\u00eddos em Grande Escala<\/a><\/td><td class=\"column-3\"><a href=\"https:\/\/mei.di.uminho.pt\">Mestrado em Engenharia Inform\u00e1tica<\/a> [MEINF]<\/td><td class=\"column-4\"><a href=\"https:\/\/www.di.uminho.pt\/~jno\/sitedi\/nm_617.html\">Jos\u00e9 Orlando Roque Nascimento Pereira<\/a><\/td><td class=\"column-5\"><a href=\"https:\/\/www.di.uminho.pt\/~jno\/sitedi\/nm_1362.html\">Paulo S\u00e9rgio Soares Almeida<\/a> e <a href=\"https:\/\/www.di.uminho.pt\/~jno\/sitedi\/nm_617.html\">Jos\u00e9 Orlando Roque Nascimento Pereira<\/a><\/td>\n<\/tr>\n<tr class=\"row-177\">\n\t<td class=\"column-1\">S2<\/td><td class=\"column-2\"><a href=\"https:\/\/www.di.uminho.pt\/~jno\/sitedi\/uc_ME78ME7800006557.html\">Sistemas Interativos Confi\u00e1veis<\/a><\/td><td class=\"column-3\"><a href=\"https:\/\/mei.di.uminho.pt\">Mestrado em Engenharia Inform\u00e1tica<\/a> [MEINF]<\/td><td class=\"column-4\"><a href=\"https:\/\/www.di.uminho.pt\/~jno\/sitedi\/nm_1551.html\">Ant\u00f3nio Manuel Nestor Ribeiro<\/a><\/td><td class=\"column-5\"><a href=\"https:\/\/www.di.uminho.pt\/~jno\/sitedi\/nm_13414.html\">Rafael Braga Gomes Costa<\/a> e <a href=\"https:\/\/www.di.uminho.pt\/~jno\/sitedi\/nm_1551.html\">Ant\u00f3nio Manuel Nestor Ribeiro<\/a><\/td>\n<\/tr>\n<tr class=\"row-178\">\n\t<td class=\"column-1\">S2<\/td><td class=\"column-2\"><a href=\"https:\/\/www.di.uminho.pt\/~jno\/sitedi\/uc_ME78ME7800007450.html\">Sistemas de Armazenamento de Dados Eficientes<\/a><\/td><td class=\"column-3\"><a href=\"https:\/\/mei.di.uminho.pt\">Mestrado em Engenharia Inform\u00e1tica<\/a> [MEINF]<\/td><td class=\"column-4\"><a href=\"https:\/\/www.di.uminho.pt\/~jno\/sitedi\/nm_4747.html\">Jo\u00e3o Tiago Medeiros Paulo<\/a><\/td><td class=\"column-5\"><a href=\"https:\/\/www.di.uminho.pt\/~jno\/sitedi\/nm_12010.html\">Ricardo Gon\u00e7alves Macedo<\/a> e <a href=\"https:\/\/www.di.uminho.pt\/~jno\/sitedi\/nm_4747.html\">Jo\u00e3o Tiago Medeiros Paulo<\/a><\/td>\n<\/tr>\n<tr class=\"row-179\">\n\t<td class=\"column-1\">S2<\/td><td class=\"column-2\"><a href=\"https:\/\/www.di.uminho.pt\/~jno\/sitedi\/uc_ME78ME7800007357.html\">Sistemas de Extra\u00e7\u00e3o, Transforma\u00e7\u00e3o e Carregamento de Dados<\/a><\/td><td class=\"column-3\"><a href=\"https:\/\/mei.di.uminho.pt\">Mestrado em Engenharia Inform\u00e1tica<\/a> [MEINF]<\/td><td class=\"column-4\"><a href=\"https:\/\/www.di.uminho.pt\/~jno\/sitedi\/nm_762.html\">Orlando Manuel Oliveira Belo<\/a><\/td><td class=\"column-5\"><a href=\"https:\/\/www.di.uminho.pt\/~jno\/sitedi\/nm_14295.html\">Ana Filipa Barros Duarte<\/a> e <a href=\"https:\/\/www.di.uminho.pt\/~jno\/sitedi\/nm_762.html\">Orlando Manuel Oliveira Belo<\/a><\/td>\n<\/tr>\n<tr class=\"row-180\">\n\t<td class=\"column-1\">S2<\/td><td class=\"column-2\"><a href=\"https:\/\/www.di.uminho.pt\/~jno\/sitedi\/uc_ME78ME7800006560.html\">T\u00f3picos de Desenvolvimento de Software<\/a><\/td><td class=\"column-3\"><a href=\"https:\/\/mei.di.uminho.pt\">Mestrado em Engenharia Inform\u00e1tica<\/a> [MEINF]<\/td><td class=\"column-4\"><a href=\"https:\/\/www.di.uminho.pt\/~jno\/sitedi\/nm_1550.html\">Jo\u00e3o Alexandre Baptista Vieira Saraiva<\/a><\/td><td class=\"column-5\"><a href=\"https:\/\/www.di.uminho.pt\/~jno\/sitedi\/nm_14299.html\">Sim\u00e3o Pedro S\u00e1 Cunha<\/a> e <a href=\"https:\/\/www.di.uminho.pt\/~jno\/sitedi\/nm_1550.html\">Jo\u00e3o Alexandre Baptista Vieira Saraiva<\/a><\/td>\n<\/tr>\n<tr class=\"row-181\">\n\t<td class=\"column-1\">S2<\/td><td class=\"column-2\"><a href=\"https:\/\/www.di.uminho.pt\/~jno\/sitedi\/uc_ME78ME7800005186.html\">Verifica\u00e7\u00e3o Formal<\/a><\/td><td class=\"column-3\"><a href=\"https:\/\/mei.di.uminho.pt\">Mestrado em Engenharia Inform\u00e1tica<\/a> [MEINF]<\/td><td class=\"column-4\"><a href=\"https:\/\/www.di.uminho.pt\/~jno\/sitedi\/nm_1171.html\">Maria Jo\u00e3o Gomes Frade<\/a><\/td><td class=\"column-5\"><a href=\"https:\/\/www.di.uminho.pt\/~jno\/sitedi\/nm_1171.html\">Maria Jo\u00e3o Gomes Frade<\/a> e <a href=\"https:\/\/www.di.uminho.pt\/~jno\/sitedi\/nm_1936.html\">Jorge Miguel Matos Sousa Pinto<\/a><\/td>\n<\/tr>\n<tr class=\"row-182\">\n\t<td class=\"column-1\">S2<\/td><td class=\"column-2\"><a href=\"https:\/\/www.di.uminho.pt\/~jno\/sitedi\/uc_ME78ME7800006549.html\">Visualiza\u00e7\u00e3o e Ilumina\u00e7\u00e3o<\/a><\/td><td class=\"column-3\"><a href=\"https:\/\/mei.di.uminho.pt\">Mestrado em Engenharia Inform\u00e1tica<\/a> [MEINF]<\/td><td class=\"column-4\"><a href=\"https:\/\/www.di.uminho.pt\/~jno\/sitedi\/nm_1063.html\">Lu\u00eds Paulo Peixoto Santos<\/a><\/td><td class=\"column-5\"><a href=\"https:\/\/www.di.uminho.pt\/~jno\/sitedi\/nm_1063.html\">Lu\u00eds Paulo Peixoto Santos<\/a> e <a href=\"https:\/\/www.di.uminho.pt\/~jno\/sitedi\/nm_14390.html\">Artur Jorge Castro Leite<\/a><\/td>\n<\/tr>\n<tr class=\"row-183\">\n\t<td class=\"column-1\">S2<\/td><td class=\"column-2\"><a href=\"https:\/\/www.di.uminho.pt\/~jno\/sitedi\/uc_ME78ME7800006541.html\">Vis\u00e3o por Computador e Processamento de Imagem<\/a><\/td><td class=\"column-3\"><a href=\"https:\/\/mei.di.uminho.pt\">Mestrado em Engenharia Inform\u00e1tica<\/a> [MEINF]<\/td><td class=\"column-4\"><a href=\"https:\/\/www.di.uminho.pt\/~jno\/sitedi\/nm_1243.html\">Ant\u00f3nio Jos\u00e9 Borba Ramires Fernandes<\/a><\/td><td class=\"column-5\"><a href=\"https:\/\/www.di.uminho.pt\/~jno\/sitedi\/nm_1063.html\">Lu\u00eds Paulo Peixoto Santos<\/a> e <a href=\"https:\/\/www.di.uminho.pt\/~jno\/sitedi\/nm_1243.html\">Ant\u00f3nio Jos\u00e9 Borba Ramires Fernandes<\/a><\/td>\n<\/tr>\n<tr class=\"row-184\">\n\t<td class=\"column-1\">S1<\/td><td class=\"column-2\"><a href=\"https:\/\/www.di.uminho.pt\/~jno\/sitedi\/uc_ME47ME4700007526.html\">Conce\u00e7\u00e3o e Implementa\u00e7\u00e3o de Bases de Dados<\/a><\/td><td class=\"column-3\"><a href=\"http:\/\/www.dps.uminho.pt\/Default.aspx?tabid=7&amp;pageid=662&amp;lang=pt-PT\">Mestrado em Engenharia de Sistemas<\/a> [MES]<\/td><td class=\"column-4\"><a href=\"https:\/\/www.di.uminho.pt\/~jno\/sitedi\/nm_762.html\">Orlando Manuel Oliveira Belo<\/a><\/td><td class=\"column-5\"><a href=\"https:\/\/www.di.uminho.pt\/~jno\/sitedi\/nm_14006.html\">L\u00eddia Ana\u00eds Coelho Sousa<\/a> e <a href=\"https:\/\/www.di.uminho.pt\/~jno\/sitedi\/nm_762.html\">Orlando Manuel Oliveira Belo<\/a><\/td>\n<\/tr>\n<tr class=\"row-185\">\n\t<td class=\"column-1\">S2<\/td><td class=\"column-2\"><a href=\"https:\/\/www.di.uminho.pt\/~jno\/sitedi\/uc_ME47ME4700007529.html\">Interpreta\u00e7\u00e3o e An\u00e1lise de Dados<\/a><\/td><td class=\"column-3\"><a href=\"http:\/\/www.dps.uminho.pt\/Default.aspx?tabid=7&amp;pageid=662&amp;lang=pt-PT\">Mestrado em Engenharia de Sistemas<\/a> [MES]<\/td><td class=\"column-4\"><a href=\"https:\/\/www.di.uminho.pt\/~jno\/sitedi\/nm_762.html\">Orlando Manuel Oliveira Belo<\/a><\/td><td class=\"column-5\"><a href=\"https:\/\/www.di.uminho.pt\/~jno\/sitedi\/nm_14295.html\">Ana Filipa Barros Duarte<\/a> e <a href=\"https:\/\/www.di.uminho.pt\/~jno\/sitedi\/nm_762.html\">Orlando Manuel Oliveira Belo<\/a><\/td>\n<\/tr>\n<tr class=\"row-186\">\n\t<td class=\"column-1\">A<\/td><td class=\"column-2\"><a href=\"https:\/\/www.di.uminho.pt\/~jno\/sitedi\/uc_ME81ME8100000000.html\">Disserta\u00e7\u00e3o<\/a><\/td><td class=\"column-3\"><a href=\"https:\/\/www.eng.uminho.pt\/pt\/Estudar\/_layouts\/15\/UMinho.PortaisUOEI.UI\/Pages\/CatalogoCursoDetail.aspx?itemId=5492&amp;catId=16\">Mestrado em Engenharia de Telecomunica\u00e7\u00f5es e Inform\u00e1tica<\/a> [METI]<\/td><td class=\"column-4\"><a href=\"http:\/\/www.degois.pt\/visualizador\/curriculum.jsp?key=0492495310810673\">Adriano Jorge Cardoso Moreira<\/a><\/td><td class=\"column-5\"><a href=\"https:\/\/www.di.uminho.pt\/~jno\/sitedi\/nm_174.html\">Alexandre J\u00falio Teixeira Santos<\/a><\/td>\n<\/tr>\n<tr class=\"row-187\">\n\t<td class=\"column-1\">S1<\/td><td class=\"column-2\"><a href=\"https:\/\/www.di.uminho.pt\/~jno\/sitedi\/uc_ME81ME8100006783.html\">Emula\u00e7\u00e3o e Simula\u00e7\u00e3o de Redes de Telecomunica\u00e7\u00f5es<\/a><\/td><td class=\"column-3\"><a href=\"https:\/\/www.eng.uminho.pt\/pt\/Estudar\/_layouts\/15\/UMinho.PortaisUOEI.UI\/Pages\/CatalogoCursoDetail.aspx?itemId=5492&amp;catId=16\">Mestrado em Engenharia de Telecomunica\u00e7\u00f5es e Inform\u00e1tica<\/a> [METI]<\/td><td class=\"column-4\"><a href=\"http:\/\/www.degois.pt\/visualizador\/curriculum.jsp?key=0492495310810673\">Adriano Jorge Cardoso Moreira<\/a><\/td><td class=\"column-5\"><a href=\"http:\/\/www.degois.pt\/visualizador\/curriculum.jsp?key=0492495310810673\">Adriano Jorge Cardoso Moreira<\/a>, <a href=\"https:\/\/arquivo.pt\/wayback\/20191029213930\/http:\/\/www.degois.pt\/visualizador\/curriculum.jsp?key=0850881907848028\">Jos\u00e9 Augusto Afonso<\/a> e <a href=\"https:\/\/www.di.uminho.pt\/~jno\/sitedi\/nm_7214.html\">Bruno Daniel Mestre Viana Ribeiro<\/a><\/td>\n<\/tr>\n<tr class=\"row-188\">\n\t<td class=\"column-1\">S1<\/td><td class=\"column-2\"><a href=\"https:\/\/www.di.uminho.pt\/~jno\/sitedi\/uc_ME81ME8100006782.html\">Gest\u00e3o e Virtualiza\u00e7\u00e3o de Redes<\/a><\/td><td class=\"column-3\"><a href=\"https:\/\/www.eng.uminho.pt\/pt\/Estudar\/_layouts\/15\/UMinho.PortaisUOEI.UI\/Pages\/CatalogoCursoDetail.aspx?itemId=5492&amp;catId=16\">Mestrado em Engenharia de Telecomunica\u00e7\u00f5es e Inform\u00e1tica<\/a> [METI]<\/td><td class=\"column-4\"><a href=\"https:\/\/www.di.uminho.pt\/~jno\/sitedi\/nm_1698.html\">Ant\u00f3nio Lu\u00eds Duarte Costa<\/a><\/td><td class=\"column-5\"><a href=\"https:\/\/www.di.uminho.pt\/~jno\/sitedi\/nm_12267.html\">Jo\u00e3o Fernandes Pereira<\/a> e <a href=\"https:\/\/www.di.uminho.pt\/~jno\/sitedi\/nm_1698.html\">Ant\u00f3nio Lu\u00eds Duarte Costa<\/a><\/td>\n<\/tr>\n<tr class=\"row-189\">\n\t<td class=\"column-1\">S1<\/td><td class=\"column-2\"><a href=\"https:\/\/www.di.uminho.pt\/~jno\/sitedi\/uc_ME81ME8100006791.html\">Intelig\u00eancia Artificial para as Telecomunica\u00e7\u00f5es<\/a><\/td><td class=\"column-3\"><a href=\"https:\/\/www.eng.uminho.pt\/pt\/Estudar\/_layouts\/15\/UMinho.PortaisUOEI.UI\/Pages\/CatalogoCursoDetail.aspx?itemId=5492&amp;catId=16\">Mestrado em Engenharia de Telecomunica\u00e7\u00f5es e Inform\u00e1tica<\/a> [METI]<\/td><td class=\"column-4\"><a href=\"https:\/\/www.di.uminho.pt\/~jno\/sitedi\/nm_12166.html\">Dalila Alves Dur\u00e3es<\/a><\/td><td class=\"column-5\"><a href=\"https:\/\/www.di.uminho.pt\/~jno\/sitedi\/nm_12166.html\">Dalila Alves Dur\u00e3es<\/a> e <a href=\"https:\/\/www.di.uminho.pt\/~jno\/sitedi\/nm_13413.html\">Renata Sofia Vieira Magalh\u00e3es<\/a><\/td>\n<\/tr>\n<tr class=\"row-190\">\n\t<td class=\"column-1\">S2<\/td><td class=\"column-2\"><a href=\"https:\/\/www.di.uminho.pt\/~jno\/sitedi\/uc_ME81ME8100006786.html\">Projeto Integrador em Telecomunica\u00e7\u00f5es e Inform\u00e1tica<\/a><\/td><td class=\"column-3\"><a href=\"https:\/\/www.eng.uminho.pt\/pt\/Estudar\/_layouts\/15\/UMinho.PortaisUOEI.UI\/Pages\/CatalogoCursoDetail.aspx?itemId=5492&amp;catId=16\">Mestrado em Engenharia de Telecomunica\u00e7\u00f5es e Inform\u00e1tica<\/a> [METI]<\/td><td class=\"column-4\"><a href=\"https:\/\/www.di.uminho.pt\/~jno\/sitedi\/nm_1698.html\">Ant\u00f3nio Lu\u00eds Duarte Costa<\/a><\/td><td class=\"column-5\"><a href=\"\">Gon\u00e7alo Santos Dores<\/a>, <a href=\"http:\/\/www.degois.pt\/visualizador\/curriculum.jsp?key=0492495310810673\">Adriano Jorge Cardoso Moreira<\/a> e <a href=\"https:\/\/www.di.uminho.pt\/~jno\/sitedi\/nm_7214.html\">Bruno Daniel Mestre Viana Ribeiro<\/a><\/td>\n<\/tr>\n<tr class=\"row-191\">\n\t<td class=\"column-1\">S2<\/td><td class=\"column-2\"><a href=\"https:\/\/www.di.uminho.pt\/~jno\/sitedi\/uc_ME81ME8100006794.html\">Redes Veiculares<\/a><\/td><td class=\"column-3\"><a href=\"https:\/\/www.eng.uminho.pt\/pt\/Estudar\/_layouts\/15\/UMinho.PortaisUOEI.UI\/Pages\/CatalogoCursoDetail.aspx?itemId=5492&amp;catId=16\">Mestrado em Engenharia de Telecomunica\u00e7\u00f5es e Inform\u00e1tica<\/a> [METI]<\/td><td class=\"column-4\"><a href=\"https:\/\/www.di.uminho.pt\/~jno\/sitedi\/nm_1698.html\">Ant\u00f3nio Lu\u00eds Duarte Costa<\/a><\/td><td class=\"column-5\"><a href=\"https:\/\/www.di.uminho.pt\/~jno\/sitedi\/nm_1698.html\">Ant\u00f3nio Lu\u00eds Duarte Costa<\/a><\/td>\n<\/tr>\n<tr class=\"row-192\">\n\t<td class=\"column-1\">S2<\/td><td class=\"column-2\"><a href=\"https:\/\/www.di.uminho.pt\/~jno\/sitedi\/uc_ME81ME8100006784.html\">Redes de Acesso e N\u00facleo<\/a><\/td><td class=\"column-3\"><a href=\"https:\/\/www.eng.uminho.pt\/pt\/Estudar\/_layouts\/15\/UMinho.PortaisUOEI.UI\/Pages\/CatalogoCursoDetail.aspx?itemId=5492&amp;catId=16\">Mestrado em Engenharia de Telecomunica\u00e7\u00f5es e Inform\u00e1tica<\/a> [METI]<\/td><td class=\"column-4\"><a href=\"https:\/\/www.di.uminho.pt\/~jno\/sitedi\/nm_13616.html\">Fl\u00e1vio Oliveira Silva<\/a><\/td><td class=\"column-5\"><a href=\"https:\/\/www.di.uminho.pt\/~jno\/sitedi\/nm_13616.html\">Fl\u00e1vio Oliveira Silva<\/a><\/td>\n<\/tr>\n<tr class=\"row-193\">\n\t<td class=\"column-1\">S2<\/td><td class=\"column-2\"><a href=\"https:\/\/www.di.uminho.pt\/~jno\/sitedi\/uc_ME81ME8100006785.html\">Servi\u00e7os de Rede e Aplica\u00e7\u00f5es Multim\u00e9dia<\/a><\/td><td class=\"column-3\"><a href=\"https:\/\/www.eng.uminho.pt\/pt\/Estudar\/_layouts\/15\/UMinho.PortaisUOEI.UI\/Pages\/CatalogoCursoDetail.aspx?itemId=5492&amp;catId=16\">Mestrado em Engenharia de Telecomunica\u00e7\u00f5es e Inform\u00e1tica<\/a> [METI]<\/td><td class=\"column-4\"><a href=\"https:\/\/www.di.uminho.pt\/~jno\/sitedi\/nm_7196.html\">Ivo Miguel Menezes Silva<\/a><\/td><td class=\"column-5\"><a href=\"https:\/\/www.di.uminho.pt\/~jno\/sitedi\/nm_7196.html\">Ivo Miguel Menezes Silva<\/a><\/td>\n<\/tr>\n<tr class=\"row-194\">\n\t<td class=\"column-1\">S1<\/td><td class=\"column-2\"><a href=\"https:\/\/www.di.uminho.pt\/~jno\/sitedi\/uc_ML29ML2900007484.html\">Introdu\u00e7\u00e3o ao Python para An\u00e1lise Lexical e Textual<\/a><\/td><td class=\"column-3\"><a href=\"https:\/\/www.uminho.pt\/PT\/ensino\/oferta-educativa\/Cursos-Conferentes-a-Grau\/_layouts\/15\/UMinho.PortalUM.UI\/Pages\/CatalogoCursoDetail.aspx?itemId=5036&amp;catId=15\">Mestrado em Humanidades Digitais<\/a> [MHDIG]<\/td><td class=\"column-4\"><a href=\"https:\/\/www.di.uminho.pt\/~jno\/sitedi\/nm_1942.html\">Jos\u00e9 Augusto Domingues Fernandes Lima<\/a><\/td><td class=\"column-5\"><a href=\"https:\/\/www.di.uminho.pt\/~jno\/sitedi\/nm_1942.html\">Jos\u00e9 Augusto Domingues Fernandes Lima<\/a><\/td>\n<\/tr>\n<tr class=\"row-195\">\n\t<td class=\"column-1\">S1<\/td><td class=\"column-2\"><a href=\"https:\/\/www.di.uminho.pt\/~jno\/sitedi\/uc_ML29ML2900007485.html\">Projeto Integrado em Humanidades Digitais I<\/a><\/td><td class=\"column-3\"><a href=\"https:\/\/www.uminho.pt\/PT\/ensino\/oferta-educativa\/Cursos-Conferentes-a-Grau\/_layouts\/15\/UMinho.PortalUM.UI\/Pages\/CatalogoCursoDetail.aspx?itemId=5036&amp;catId=15\">Mestrado em Humanidades Digitais<\/a> [MHDIG]<\/td><td class=\"column-4\"><a href=\"https:\/\/cehum.elach.uminho.pt\/researchers\/25\">S\u00edlvia Lima Gon\u00e7alves Ara\u00fajo<\/a><\/td><td class=\"column-5\"><a href=\"http:\/\/cehum.ilch.uminho.pt\/researchers\/6\">Idalete Maria Silva Dias<\/a>, <a href=\"http:\/\/www.degois.pt\/visualizador\/curriculum.jsp?key=7964017573880135\">Cec\u00edlia Maria Vasconcelos Costa Castro<\/a>, <a href=\"https:\/\/cehum.elach.uminho.pt\/researchers\/25\">S\u00edlvia Lima Gon\u00e7alves Ara\u00fajo<\/a>, <a href=\"https:\/\/cehum.elach.uminho.pt\/researchers\/86\">Anabela Leal Barros<\/a> e <a href=\"https:\/\/www.di.uminho.pt\/~jno\/sitedi\/nm_14986.html\">Hugo Daniel dos Santos Macedo<\/a><\/td>\n<\/tr>\n<tr class=\"row-196\">\n\t<td class=\"column-1\">S2<\/td><td class=\"column-2\"><a href=\"https:\/\/www.di.uminho.pt\/~jno\/sitedi\/uc_ML29ML2900006169.html\">An\u00e1lise e Visualiza\u00e7\u00e3o de Dados<\/a><\/td><td class=\"column-3\"><a href=\"https:\/\/www.uminho.pt\/PT\/ensino\/oferta-educativa\/Cursos-Conferentes-a-Grau\/_layouts\/15\/UMinho.PortalUM.UI\/Pages\/CatalogoCursoDetail.aspx?itemId=5036&amp;catId=15\">Mestrado em Humanidades Digitais<\/a> [MHDIG]<\/td><td class=\"column-4\"><a href=\"https:\/\/www.di.uminho.pt\/~jno\/sitedi\/nm_14986.html\">Hugo Daniel dos Santos Macedo<\/a><\/td><td class=\"column-5\"><a href=\"http:\/\/cehum.ilch.uminho.pt\/researchers\/70\">\u00c1lvaro Iriarte Sanrom\u00e1n<\/a> e <a href=\"https:\/\/www.di.uminho.pt\/~jno\/sitedi\/nm_14986.html\">Hugo Daniel dos Santos Macedo<\/a><\/td>\n<\/tr>\n<tr class=\"row-197\">\n\t<td class=\"column-1\">S2<\/td><td class=\"column-2\"><a href=\"https:\/\/www.di.uminho.pt\/~jno\/sitedi\/uc_ML29ML2900007486.html\">Projeto Integrado em Humanidades Digitais II<\/a><\/td><td class=\"column-3\"><a href=\"https:\/\/www.uminho.pt\/PT\/ensino\/oferta-educativa\/Cursos-Conferentes-a-Grau\/_layouts\/15\/UMinho.PortalUM.UI\/Pages\/CatalogoCursoDetail.aspx?itemId=5036&amp;catId=15\">Mestrado em Humanidades Digitais<\/a> [MHDIG]<\/td><td class=\"column-4\"><a href=\"http:\/\/cehum.ilch.uminho.pt\/researchers\/70\">\u00c1lvaro Iriarte Sanrom\u00e1n<\/a><\/td><td class=\"column-5\"><a href=\"http:\/\/cehum.ilch.uminho.pt\/researchers\/6\">Idalete Maria Silva Dias<\/a>, <a href=\"http:\/\/cehum.ilch.uminho.pt\/researchers\/70\">\u00c1lvaro Iriarte Sanrom\u00e1n<\/a>, <a href=\"https:\/\/algoritmi.uminho.pt\/user\/luis-gonzaga-mendes-magalhaes\/\">Lu\u00eds Gonzaga Mendes Magalh\u00e3es<\/a>, <a href=\"https:\/\/cehum.elach.uminho.pt\/researchers\/25\">S\u00edlvia Lima Gon\u00e7alves Ara\u00fajo<\/a> e <a href=\"https:\/\/www.di.uminho.pt\/~jno\/sitedi\/nm_14986.html\">Hugo Daniel dos Santos Macedo<\/a><\/td>\n<\/tr>\n<tr class=\"row-198\">\n\t<td class=\"column-1\">S1<\/td><td class=\"column-2\"><a href=\"https:\/\/www.di.uminho.pt\/~jno\/sitedi\/uc_ME95ME9500007417.html\">Computa\u00e7\u00e3o Inspirada na Natureza<\/a><\/td><td class=\"column-3\"><a href=\"https:\/\/mia.di.uminho.pt\/\">Mestrado em Intelig\u00eancia Artificial<\/a> [MIA]<\/td><td class=\"column-4\"><a href=\"https:\/\/www.di.uminho.pt\/~jno\/sitedi\/nm_1671.html\">Rui Manuel Ribeiro Castro Mendes<\/a><\/td><td class=\"column-5\"><a href=\"https:\/\/www.di.uminho.pt\/~jno\/sitedi\/nm_15013.html\">Marta Vasconcelos Castro Azevedo<\/a> e <a href=\"https:\/\/www.di.uminho.pt\/~jno\/sitedi\/nm_1671.html\">Rui Manuel Ribeiro Castro Mendes<\/a><\/td>\n<\/tr>\n<tr class=\"row-199\">\n\t<td class=\"column-1\">S1<\/td><td class=\"column-2\"><a href=\"https:\/\/www.di.uminho.pt\/~jno\/sitedi\/uc_ME95ME9500006536.html\">Dados e Aprendizagem Autom\u00e1tica<\/a><\/td><td class=\"column-3\"><a href=\"https:\/\/mia.di.uminho.pt\/\">Mestrado em Intelig\u00eancia Artificial<\/a> [MIA]<\/td><td class=\"column-4\"><a href=\"https:\/\/www.di.uminho.pt\/~jno\/sitedi\/nm_1358.html\">Victor Manuel Rodrigues Alves<\/a><\/td><td class=\"column-5\"><a href=\"https:\/\/www.di.uminho.pt\/~jno\/sitedi\/nm_14560.html\">Guilherme Jo\u00e3o Fernandes Barbosa<\/a><\/td>\n<\/tr>\n<tr class=\"row-200\">\n\t<td class=\"column-1\">S1<\/td><td class=\"column-2\"><a href=\"https:\/\/www.di.uminho.pt\/~jno\/sitedi\/uc_ME95ME9500007418.html\">Engenharia de Sistemas de Dados<\/a><\/td><td class=\"column-3\"><a href=\"https:\/\/mia.di.uminho.pt\/\">Mestrado em Intelig\u00eancia Artificial<\/a> [MIA]<\/td><td class=\"column-4\"><a href=\"https:\/\/www.di.uminho.pt\/~jno\/sitedi\/nm_762.html\">Orlando Manuel Oliveira Belo<\/a><\/td><td class=\"column-5\"><a href=\"https:\/\/www.di.uminho.pt\/~jno\/sitedi\/nm_12724.html\">Ant\u00f3nio Jorge Monteiro Chaves<\/a> e <a href=\"https:\/\/www.di.uminho.pt\/~jno\/sitedi\/nm_762.html\">Orlando Manuel Oliveira Belo<\/a><\/td>\n<\/tr>\n<tr class=\"row-201\">\n\t<td class=\"column-1\">S1<\/td><td class=\"column-2\"><a href=\"https:\/\/www.di.uminho.pt\/~jno\/sitedi\/uc_ME95ME9500007426.html\">Internet das Coisas<\/a><\/td><td class=\"column-3\"><a href=\"https:\/\/mia.di.uminho.pt\/\">Mestrado em Intelig\u00eancia Artificial<\/a> [MIA]<\/td><td class=\"column-4\"><a href=\"https:\/\/www.di.uminho.pt\/~jno\/sitedi\/nm_13616.html\">Fl\u00e1vio Oliveira Silva<\/a><\/td><td class=\"column-5\"><a href=\"https:\/\/www.di.uminho.pt\/~jno\/sitedi\/nm_1327.html\">Maria Solange Pires Ferreira Rito Lima<\/a>, <a href=\"https:\/\/www.di.uminho.pt\/~jno\/sitedi\/nm_13616.html\">Fl\u00e1vio Oliveira Silva<\/a> e <a href=\"https:\/\/www.di.uminho.pt\/~jno\/sitedi\/nm_2276.html\">Pedro Nuno Miranda Sousa<\/a><\/td>\n<\/tr>\n<tr class=\"row-202\">\n\t<td class=\"column-1\">S1<\/td><td class=\"column-2\"><a href=\"https:\/\/www.di.uminho.pt\/~jno\/sitedi\/uc_ME95ME9500007419.html\">Introdu\u00e7\u00e3o \u00e0 Intelig\u00eancia Artificial<\/a><\/td><td class=\"column-3\"><a href=\"https:\/\/mia.di.uminho.pt\/\">Mestrado em Intelig\u00eancia Artificial<\/a> [MIA]<\/td><td class=\"column-4\"><a href=\"https:\/\/www.di.uminho.pt\/~jno\/sitedi\/nm_931.html\">Jos\u00e9 Manuel Ferreira Machado<\/a><\/td><td class=\"column-5\"><a href=\"https:\/\/www.di.uminho.pt\/~jno\/sitedi\/nm_7616.html\">Hugo Daniel Abreu Peixoto<\/a> e <a href=\"https:\/\/www.di.uminho.pt\/~jno\/sitedi\/nm_931.html\">Jos\u00e9 Manuel Ferreira Machado<\/a><\/td>\n<\/tr>\n<tr class=\"row-203\">\n\t<td class=\"column-1\">S1<\/td><td class=\"column-2\"><a href=\"https:\/\/www.di.uminho.pt\/~jno\/sitedi\/uc_ME95ME9500007420.html\">L\u00f3gica e Intelig\u00eancia Artificial<\/a><\/td><td class=\"column-3\"><a href=\"https:\/\/mia.di.uminho.pt\/\">Mestrado em Intelig\u00eancia Artificial<\/a> [MIA]<\/td><td class=\"column-4\"><a href=\"https:\/\/www.di.uminho.pt\/~jno\/sitedi\/nm_931.html\">Jos\u00e9 Manuel Ferreira Machado<\/a><\/td><td class=\"column-5\"><a href=\"https:\/\/www.di.uminho.pt\/~jno\/sitedi\/nm_12438.html\">Carlos Manuel Ferreira Alves<\/a> e <a href=\"https:\/\/www.di.uminho.pt\/~jno\/sitedi\/nm_931.html\">Jos\u00e9 Manuel Ferreira Machado<\/a><\/td>\n<\/tr>\n<tr class=\"row-204\">\n\t<td class=\"column-1\">S1<\/td><td class=\"column-2\"><a href=\"https:\/\/www.di.uminho.pt\/~jno\/sitedi\/uc_ME95ME9500007425.html\">Op\u00e7ao I &#8211; Engenharia de Software para Sistemas Inteligentes<\/a><\/td><td class=\"column-3\"><a href=\"https:\/\/mia.di.uminho.pt\/\">Mestrado em Intelig\u00eancia Artificial<\/a> [MIA]<\/td><td class=\"column-4\"><a href=\"https:\/\/www.di.uminho.pt\/~jno\/sitedi\/nm_1240.html\">Jo\u00e3o Miguel Lobo Fernandes<\/a><\/td><td class=\"column-5\"><a href=\"https:\/\/www.di.uminho.pt\/~jno\/sitedi\/nm_1240.html\">Jo\u00e3o Miguel Lobo Fernandes<\/a> e <a href=\"https:\/\/www.di.uminho.pt\/~jno\/sitedi\/nm_14998.html\">Afonso Rafael Carvalho Sousa<\/a><\/td>\n<\/tr>\n<tr class=\"row-205\">\n\t<td class=\"column-1\">S2<\/td><td class=\"column-2\"><a href=\"https:\/\/www.di.uminho.pt\/~jno\/sitedi\/uc_ME95ME9500006548.html\">Agentes e Sistemas Multiagente<\/a><\/td><td class=\"column-3\"><a href=\"https:\/\/mia.di.uminho.pt\/\">Mestrado em Intelig\u00eancia Artificial<\/a> [MIA]<\/td><td class=\"column-4\"><a href=\"https:\/\/www.di.uminho.pt\/~jno\/sitedi\/nm_931.html\">Jos\u00e9 Manuel Ferreira Machado<\/a><\/td><td class=\"column-5\"><a href=\"https:\/\/www.di.uminho.pt\/~jno\/sitedi\/nm_14560.html\">Guilherme Jo\u00e3o Fernandes Barbosa<\/a> e <a href=\"https:\/\/www.di.uminho.pt\/~jno\/sitedi\/nm_931.html\">Jos\u00e9 Manuel Ferreira Machado<\/a><\/td>\n<\/tr>\n<tr class=\"row-206\">\n\t<td class=\"column-1\">S2<\/td><td class=\"column-2\"><a href=\"https:\/\/www.di.uminho.pt\/~jno\/sitedi\/uc_ME95ME9500006554.html\">Aprendizagem Profunda<\/a><\/td><td class=\"column-3\"><a href=\"https:\/\/mia.di.uminho.pt\/\">Mestrado em Intelig\u00eancia Artificial<\/a> [MIA]<\/td><td class=\"column-4\"><a href=\"https:\/\/www.di.uminho.pt\/~jno\/sitedi\/nm_2035.html\">Miguel Francisco Almeida Pereira Rocha<\/a><\/td><td class=\"column-5\"><a href=\"https:\/\/www.di.uminho.pt\/~jno\/sitedi\/nm_1358.html\">Victor Manuel Rodrigues Alves<\/a> e <a href=\"https:\/\/www.di.uminho.pt\/~jno\/sitedi\/nm_2035.html\">Miguel Francisco Almeida Pereira Rocha<\/a><\/td>\n<\/tr>\n<tr class=\"row-207\">\n\t<td class=\"column-1\">S2<\/td><td class=\"column-2\"><a href=\"https:\/\/www.di.uminho.pt\/~jno\/sitedi\/uc_ME95ME9500002024.html\">Aprendizagem por Refor\u00e7o<\/a><\/td><td class=\"column-3\"><a href=\"https:\/\/mia.di.uminho.pt\/\">Mestrado em Intelig\u00eancia Artificial<\/a> [MIA]<\/td><td class=\"column-4\"><a href=\"https:\/\/www.di.uminho.pt\/~jno\/sitedi\/nm_2035.html\">Miguel Francisco Almeida Pereira Rocha<\/a><\/td><td class=\"column-5\"><a href=\"https:\/\/www.di.uminho.pt\/~jno\/sitedi\/nm_12155.html\">Nuno Miguel Caetano Alves<\/a> e <a href=\"https:\/\/www.di.uminho.pt\/~jno\/sitedi\/nm_2035.html\">Miguel Francisco Almeida Pereira Rocha<\/a><\/td>\n<\/tr>\n<tr class=\"row-208\">\n\t<td class=\"column-1\">S2<\/td><td class=\"column-2\"><a href=\"https:\/\/www.di.uminho.pt\/~jno\/sitedi\/uc_ME95ME9500007427.html\">Computa\u00e7\u00e3o Afetiva<\/a><\/td><td class=\"column-3\"><a href=\"https:\/\/mia.di.uminho.pt\/\">Mestrado em Intelig\u00eancia Artificial<\/a> [MIA]<\/td><td class=\"column-4\"><a href=\"https:\/\/www.di.uminho.pt\/~jno\/sitedi\/nm_12166.html\">Dalila Alves Dur\u00e3es<\/a><\/td><td class=\"column-5\"><a href=\"\">Adriana Concei\u00e7\u00e3o Soares Sampaio<\/a>, <a href=\"https:\/\/www.di.uminho.pt\/~jno\/sitedi\/nm_12166.html\">Dalila Alves Dur\u00e3es<\/a> e <a href=\"https:\/\/www.di.uminho.pt\/~jno\/sitedi\/nm_13413.html\">Renata Sofia Vieira Magalh\u00e3es<\/a><\/td>\n<\/tr>\n<tr class=\"row-209\">\n\t<td class=\"column-1\">S2<\/td><td class=\"column-2\"><a href=\"https:\/\/www.di.uminho.pt\/~jno\/sitedi\/uc_ME95ME9500007421.html\">Projeto em Intelig\u00eancia Artificial<\/a><\/td><td class=\"column-3\"><a href=\"https:\/\/mia.di.uminho.pt\/\">Mestrado em Intelig\u00eancia Artificial<\/a> [MIA]<\/td><td class=\"column-4\"><a href=\"https:\/\/www.di.uminho.pt\/~jno\/sitedi\/nm_725.html\">Ant\u00f3nio Carlos Silva Abelha<\/a><\/td><td class=\"column-5\"><a href=\"https:\/\/www.di.uminho.pt\/~jno\/sitedi\/nm_725.html\">Ant\u00f3nio Carlos Silva Abelha<\/a><\/td>\n<\/tr>\n<tr class=\"row-210\">\n\t<td class=\"column-1\">S2<\/td><td class=\"column-2\"><a href=\"https:\/\/www.di.uminho.pt\/~jno\/sitedi\/uc_ME95ME9500006561.html\">Sensoriza\u00e7\u00e3o e Ambiente<\/a><\/td><td class=\"column-3\"><a href=\"https:\/\/mia.di.uminho.pt\/\">Mestrado em Intelig\u00eancia Artificial<\/a> [MIA]<\/td><td class=\"column-4\"><a href=\"https:\/\/www.di.uminho.pt\/~jno\/sitedi\/nm_1573.html\">C\u00e9sar Analide Freitas Silva Costa Rodrigues<\/a><\/td><td class=\"column-5\"><a href=\"https:\/\/www.di.uminho.pt\/~jno\/sitedi\/nm_12085.html\">Pedro Jos\u00e9 Costa Oliveira<\/a><\/td>\n<\/tr>\n<tr class=\"row-211\">\n\t<td class=\"column-1\">S2<\/td><td class=\"column-2\"><a href=\"https:\/\/www.di.uminho.pt\/~jno\/sitedi\/uc_ME95ME9500007422.html\">Sistemas de Visualiza\u00e7\u00e3o de Dados e Conhecimento<\/a><\/td><td class=\"column-3\"><a href=\"https:\/\/mia.di.uminho.pt\/\">Mestrado em Intelig\u00eancia Artificial<\/a> [MIA]<\/td><td class=\"column-4\"><a href=\"https:\/\/www.di.uminho.pt\/~jno\/sitedi\/nm_1356.html\">Jorge Gustavo Pereira Bastos Rocha<\/a><\/td><td class=\"column-5\"><a href=\"https:\/\/www.di.uminho.pt\/~jno\/sitedi\/nm_1356.html\">Jorge Gustavo Pereira Bastos Rocha<\/a> e <a href=\"https:\/\/www.di.uminho.pt\/~jno\/sitedi\/nm_6301.html\">Paulo Adelino Dias Almeida<\/a><\/td>\n<\/tr>\n<tr class=\"row-212\">\n\t<td class=\"column-1\">S1<\/td><td class=\"column-2\"><a href=\"https:\/\/www.di.uminho.pt\/~jno\/sitedi\/uc_MC25MC2503004762.html\">Introdu\u00e7\u00e3o aos Algoritmos e \u00e0 Programa\u00e7\u00e3o<\/a><\/td><td class=\"column-3\"><a href=\"https:\/\/www.uminho.pt\/PT\/ensino\/oferta-educativa\/Cursos-Conferentes-a-Grau\/_layouts\/15\/UMinho.PortalUM.UI\/Pages\/CatalogoCursoDetail.aspx?itemId=5287&amp;catId=16\">Mestrado em Matem\u00e1tica e Computa\u00e7\u00e3o<\/a> [MMC]<\/td><td class=\"column-4\"><a href=\"https:\/\/www.di.uminho.pt\/~jno\/sitedi\/nm_725.html\">Ant\u00f3nio Carlos Silva Abelha<\/a><\/td><td class=\"column-5\"><a href=\"https:\/\/www.di.uminho.pt\/~jno\/sitedi\/nm_1356.html\">Jorge Gustavo Pereira Bastos Rocha<\/a> e <a href=\"https:\/\/www.di.uminho.pt\/~jno\/sitedi\/nm_725.html\">Ant\u00f3nio Carlos Silva Abelha<\/a><\/td>\n<\/tr>\n<tr class=\"row-213\">\n\t<td class=\"column-1\">S1<\/td><td class=\"column-2\"><a href=\"https:\/\/www.di.uminho.pt\/~jno\/sitedi\/uc_MC25MC2503003255.html\">M\u00e9todos Formais em Engenharia de Software<\/a><\/td><td class=\"column-3\"><a href=\"https:\/\/www.uminho.pt\/PT\/ensino\/oferta-educativa\/Cursos-Conferentes-a-Grau\/_layouts\/15\/UMinho.PortalUM.UI\/Pages\/CatalogoCursoDetail.aspx?itemId=5287&amp;catId=16\">Mestrado em Matem\u00e1tica e Computa\u00e7\u00e3o<\/a> [MMC]<\/td><td class=\"column-4\"><a href=\"https:\/\/www.di.uminho.pt\/~jno\/sitedi\/nm_1936.html\">Jorge Miguel Matos Sousa Pinto<\/a><\/td><td class=\"column-5\"><a href=\"https:\/\/www.di.uminho.pt\/~jno\/sitedi\/nm_1936.html\">Jorge Miguel Matos Sousa Pinto<\/a> e <a href=\"https:\/\/www.di.uminho.pt\/~jno\/sitedi\/nm_6210.html\">Nuno Filipe Moreira Macedo<\/a><\/td>\n<\/tr>\n<tr class=\"row-214\">\n\t<td class=\"column-1\">S1<\/td><td class=\"column-2\"><a href=\"https:\/\/www.di.uminho.pt\/~jno\/sitedi\/uc_I305N6.html\">Inform\u00e1tica para a Musicologia<\/a><\/td><td class=\"column-3\"><a href=\"https:\/\/www.elach.uminho.pt\/pt\/estudar\/Paginas\/Licenciatura-em-Musica.aspx\">Licenciatura em M\u00fasica<\/a> [MUS]<\/td><td class=\"column-4\"><a href=\"https:\/\/www.di.uminho.pt\/~jno\/sitedi\/nm_88.html\">Jos\u00e9 Nuno Fonseca Oliveira<\/a><\/td><td class=\"column-5\"><a href=\"https:\/\/www.di.uminho.pt\/~jno\/sitedi\/nm_88.html\">Jos\u00e9 Nuno Fonseca Oliveira<\/a><\/td>\n<\/tr>\n<tr class=\"row-215\">\n\t<td class=\"column-1\">S1<\/td><td class=\"column-2\"><a href=\"https:\/\/www.di.uminho.pt\/~jno\/sitedi\/uc_ME93ME9300007380.html\">Fundamentos da Ciberseguran\u00e7a Internacional<\/a><\/td><td class=\"column-3\"> [Mestrado em Ciberseguran\u00e7a e Ciberintelig\u00eancia Internacionais]<\/td><td class=\"column-4\"><a href=\"\">Teresa Susana Mendes Pereira Bernardino<\/a><\/td><td class=\"column-5\"><a href=\"\">Jos\u00e9 Filipe S\u00e1 Rodrigues Soares<\/a>, <a href=\"\">Teresa Susana Mendes Pereira Bernardino<\/a> e <a href=\"https:\/\/www.di.uminho.pt\/~jno\/sitedi\/nm_1546.html\">Vitor Francisco Mendes Freitas Gomes Fonte<\/a><\/td>\n<\/tr>\n<tr class=\"row-216\">\n\t<td class=\"column-1\">A<\/td><td class=\"column-2\"><a href=\"https:\/\/www.di.uminho.pt\/~jno\/sitedi\/uc_ME79ME7902000000.html\">Disserta\u00e7\u00e3o<\/a><\/td><td class=\"column-3\"> [Mestrado em Engenharia Biom\u00e9dica ]<\/td><td class=\"column-4\"><a href=\"https:\/\/www.di.uminho.pt\/~jno\/sitedi\/nm_1358.html\">Victor Manuel Rodrigues Alves<\/a><\/td><td class=\"column-5\"><a href=\"\">Carlos Alberto Batista Silva<\/a>, <a href=\"\">Cristina Manuela Peixoto Santos<\/a>, <a href=\"\">Eurico Augusto Rodrigues Seabra<\/a> e <a href=\"https:\/\/www.di.uminho.pt\/~jno\/sitedi\/nm_1358.html\">Victor Manuel Rodrigues Alves<\/a><\/td>\n<\/tr>\n<tr class=\"row-217\">\n\t<td class=\"column-1\">S1<\/td><td class=\"column-2\"><a href=\"https:\/\/www.di.uminho.pt\/~jno\/sitedi\/uc_ME79ME7903006737.html\">Aplica\u00e7\u00f5es Distribu\u00eddas<\/a><\/td><td class=\"column-3\"> [Mestrado em Engenharia Biom\u00e9dica &#8211; Inform\u00e1tica M\u00e9dica]<\/td><td class=\"column-4\"><a href=\"https:\/\/www.di.uminho.pt\/~jno\/sitedi\/nm_621.html\">Ant\u00f3nio Lu\u00eds Pinto Ferreira Sousa<\/a><\/td><td class=\"column-5\"><a href=\"https:\/\/www.di.uminho.pt\/~jno\/sitedi\/nm_621.html\">Ant\u00f3nio Lu\u00eds Pinto Ferreira Sousa<\/a><\/td>\n<\/tr>\n<tr class=\"row-218\">\n\t<td class=\"column-1\">S1<\/td><td class=\"column-2\"><a href=\"https:\/\/www.di.uminho.pt\/~jno\/sitedi\/uc_ME79ME7903005459.html\">Aprendizagem e Extra\u00e7\u00e3o de Conhecimento<\/a><\/td><td class=\"column-3\"> [Mestrado em Engenharia Biom\u00e9dica &#8211; Inform\u00e1tica M\u00e9dica]<\/td><td class=\"column-4\"><a href=\"https:\/\/www.di.uminho.pt\/~jno\/sitedi\/nm_931.html\">Jos\u00e9 Manuel Ferreira Machado<\/a><\/td><td class=\"column-5\"><a href=\"https:\/\/www.di.uminho.pt\/~jno\/sitedi\/nm_7616.html\">Hugo Daniel Abreu Peixoto<\/a> e <a href=\"https:\/\/www.di.uminho.pt\/~jno\/sitedi\/nm_931.html\">Jos\u00e9 Manuel Ferreira Machado<\/a><\/td>\n<\/tr>\n<tr class=\"row-219\">\n\t<td class=\"column-1\">S1<\/td><td class=\"column-2\"><a href=\"https:\/\/www.di.uminho.pt\/~jno\/sitedi\/uc_ME79ME7903006736.html\">Plataformas de Software<\/a><\/td><td class=\"column-3\"> [Mestrado em Engenharia Biom\u00e9dica &#8211; Inform\u00e1tica M\u00e9dica]<\/td><td class=\"column-4\"><a href=\"https:\/\/www.di.uminho.pt\/~jno\/sitedi\/nm_4747.html\">Jo\u00e3o Tiago Medeiros Paulo<\/a><\/td><td class=\"column-5\"><a href=\"https:\/\/www.di.uminho.pt\/~jno\/sitedi\/nm_13235.html\">Cl\u00e1udia Vanessa Martins Brito<\/a> e <a href=\"https:\/\/www.di.uminho.pt\/~jno\/sitedi\/nm_4747.html\">Jo\u00e3o Tiago Medeiros Paulo<\/a><\/td>\n<\/tr>\n<tr class=\"row-220\">\n\t<td class=\"column-1\">S1<\/td><td class=\"column-2\"><a href=\"https:\/\/www.di.uminho.pt\/~jno\/sitedi\/uc_ME79ME7903006726.html\">Projeto Individual em Engenharia Biom\u00e9dica<\/a><\/td><td class=\"column-3\"> [Mestrado em Engenharia Biom\u00e9dica &#8211; Inform\u00e1tica M\u00e9dica]<\/td><td class=\"column-4\"><a href=\"https:\/\/www.di.uminho.pt\/~jno\/sitedi\/nm_1358.html\">Victor Manuel Rodrigues Alves<\/a><\/td><td class=\"column-5\"><a href=\"\">Carlos Alberto Batista Silva<\/a>, <a href=\"\">Eurico Augusto Rodrigues Seabra<\/a>, <a href=\"https:\/\/www.ceb.uminho.pt\/People\/Details\/7c1534da-144f-4645-afa5-5194cf160c6c\">Mariana Contente Rangel Henriques<\/a> e <a href=\"https:\/\/www.di.uminho.pt\/~jno\/sitedi\/nm_1358.html\">Victor Manuel Rodrigues Alves<\/a><\/td>\n<\/tr>\n<tr class=\"row-221\">\n\t<td class=\"column-1\">S1<\/td><td class=\"column-2\"><a href=\"https:\/\/www.di.uminho.pt\/~jno\/sitedi\/uc_ME79ME7903006735.html\">Servi\u00e7os e Seguran\u00e7a em Redes Inform\u00e1ticas<\/a><\/td><td class=\"column-3\"> [Mestrado em Engenharia Biom\u00e9dica &#8211; Inform\u00e1tica M\u00e9dica]<\/td><td class=\"column-4\"><a href=\"https:\/\/www.di.uminho.pt\/~jno\/sitedi\/nm_1542.html\">Paulo Manuel Martins Carvalho<\/a><\/td><td class=\"column-5\"><a href=\"https:\/\/www.di.uminho.pt\/~jno\/sitedi\/nm_1542.html\">Paulo Manuel Martins Carvalho<\/a><\/td>\n<\/tr>\n<tr class=\"row-222\">\n\t<td class=\"column-1\">S1<\/td><td class=\"column-2\"><a href=\"https:\/\/www.di.uminho.pt\/~jno\/sitedi\/uc_ME79ME7903001953.html\">Sistemas Inteligentes<\/a><\/td><td class=\"column-3\"> [Mestrado em Engenharia Biom\u00e9dica &#8211; Inform\u00e1tica M\u00e9dica]<\/td><td class=\"column-4\"><a href=\"https:\/\/www.di.uminho.pt\/~jno\/sitedi\/nm_931.html\">Jos\u00e9 Manuel Ferreira Machado<\/a><\/td><td class=\"column-5\"><a href=\"https:\/\/www.di.uminho.pt\/~jno\/sitedi\/nm_12085.html\">Pedro Jos\u00e9 Costa Oliveira<\/a> e <a href=\"https:\/\/www.di.uminho.pt\/~jno\/sitedi\/nm_931.html\">Jos\u00e9 Manuel Ferreira Machado<\/a><\/td>\n<\/tr>\n<tr class=\"row-223\">\n\t<td class=\"column-1\">S2<\/td><td class=\"column-2\"><a href=\"https:\/\/www.di.uminho.pt\/~jno\/sitedi\/uc_ME79ME7903006738.html\">Ambientes Inteligentes para a Sa\u00fade<\/a><\/td><td class=\"column-3\"> [Mestrado em Engenharia Biom\u00e9dica &#8211; Inform\u00e1tica M\u00e9dica]<\/td><td class=\"column-4\"><a href=\"https:\/\/www.di.uminho.pt\/~jno\/sitedi\/nm_12166.html\">Dalila Alves Dur\u00e3es<\/a><\/td><td class=\"column-5\"><a href=\"https:\/\/www.di.uminho.pt\/~jno\/sitedi\/nm_12166.html\">Dalila Alves Dur\u00e3es<\/a> e <a href=\"https:\/\/www.di.uminho.pt\/~jno\/sitedi\/nm_13413.html\">Renata Sofia Vieira Magalh\u00e3es<\/a><\/td>\n<\/tr>\n<tr class=\"row-224\">\n\t<td class=\"column-1\">S2<\/td><td class=\"column-2\"><a href=\"https:\/\/www.di.uminho.pt\/~jno\/sitedi\/uc_ME79ME7903006743.html\">Aplica\u00e7\u00f5es Inform\u00e1ticas em Engenharia Biom\u00e9dica<\/a><\/td><td class=\"column-3\"> [Mestrado em Engenharia Biom\u00e9dica &#8211; Inform\u00e1tica M\u00e9dica]<\/td><td class=\"column-4\"><a href=\"https:\/\/www.di.uminho.pt\/~jno\/sitedi\/nm_931.html\">Jos\u00e9 Manuel Ferreira Machado<\/a><\/td><td class=\"column-5\"><a href=\"https:\/\/www.di.uminho.pt\/~jno\/sitedi\/nm_12438.html\">Carlos Manuel Ferreira Alves<\/a> e <a href=\"https:\/\/www.di.uminho.pt\/~jno\/sitedi\/nm_931.html\">Jos\u00e9 Manuel Ferreira Machado<\/a><\/td>\n<\/tr>\n<tr class=\"row-225\">\n\t<td class=\"column-1\">S2<\/td><td class=\"column-2\"><a href=\"https:\/\/www.di.uminho.pt\/~jno\/sitedi\/uc_ME79ME7903006742.html\">Imagiologia<\/a><\/td><td class=\"column-3\"> [Mestrado em Engenharia Biom\u00e9dica &#8211; Inform\u00e1tica M\u00e9dica]<\/td><td class=\"column-4\"><a href=\"https:\/\/www.di.uminho.pt\/~jno\/sitedi\/nm_1358.html\">Victor Manuel Rodrigues Alves<\/a><\/td><td class=\"column-5\"><a href=\"https:\/\/www.di.uminho.pt\/~jno\/sitedi\/nm_1358.html\">Victor Manuel Rodrigues Alves<\/a><\/td>\n<\/tr>\n<tr class=\"row-226\">\n\t<td class=\"column-1\">S2<\/td><td class=\"column-2\"><a href=\"https:\/\/www.di.uminho.pt\/~jno\/sitedi\/uc_ME79ME7903006741.html\">O Processo Cl\u00ednico Eletr\u00f3nico<\/a><\/td><td class=\"column-3\"> [Mestrado em Engenharia Biom\u00e9dica &#8211; Inform\u00e1tica M\u00e9dica]<\/td><td class=\"column-4\"><a href=\"https:\/\/www.di.uminho.pt\/~jno\/sitedi\/nm_725.html\">Ant\u00f3nio Carlos Silva Abelha<\/a><\/td><td class=\"column-5\"><a href=\"https:\/\/www.di.uminho.pt\/~jno\/sitedi\/nm_12724.html\">Ant\u00f3nio Jorge Monteiro Chaves<\/a> e <a href=\"https:\/\/www.di.uminho.pt\/~jno\/sitedi\/nm_725.html\">Ant\u00f3nio Carlos Silva Abelha<\/a><\/td>\n<\/tr>\n<tr class=\"row-227\">\n\t<td class=\"column-1\">S2<\/td><td class=\"column-2\"><a href=\"https:\/\/www.di.uminho.pt\/~jno\/sitedi\/uc_ME79ME7903006739.html\">Processamento de Linguagem Natural em Engenharia Biom\u00e9dica<\/a><\/td><td class=\"column-3\"> [Mestrado em Engenharia Biom\u00e9dica &#8211; Inform\u00e1tica M\u00e9dica]<\/td><td class=\"column-4\"><a href=\"https:\/\/www.di.uminho.pt\/~jno\/sitedi\/nm_14986.html\">Hugo Daniel dos Santos Macedo<\/a><\/td><td class=\"column-5\"><a href=\"https:\/\/www.di.uminho.pt\/~jno\/sitedi\/nm_12959.html\">Lu\u00eds Filipe Costa Cunha<\/a> e <a href=\"https:\/\/www.di.uminho.pt\/~jno\/sitedi\/nm_14986.html\">Hugo Daniel dos Santos Macedo<\/a><\/td>\n<\/tr>\n<tr class=\"row-228\">\n\t<td class=\"column-1\">S2<\/td><td class=\"column-2\"><a href=\"https:\/\/www.di.uminho.pt\/~jno\/sitedi\/uc_ME79ME7903006740.html\">Processamento e Recupera\u00e7\u00e3o de Informa\u00e7\u00e3o<\/a><\/td><td class=\"column-3\"> [Mestrado em Engenharia Biom\u00e9dica &#8211; Inform\u00e1tica M\u00e9dica]<\/td><td class=\"column-4\"><a href=\"https:\/\/www.di.uminho.pt\/~jno\/sitedi\/nm_1698.html\">Ant\u00f3nio Lu\u00eds Duarte Costa<\/a><\/td><td class=\"column-5\"><a href=\"https:\/\/www.di.uminho.pt\/~jno\/sitedi\/nm_1698.html\">Ant\u00f3nio Lu\u00eds Duarte Costa<\/a> e <a href=\"https:\/\/www.di.uminho.pt\/~jno\/sitedi\/nm_7768.html\">Vadym Serhiyovych Hapanchak<\/a><\/td>\n<\/tr>\n<tr class=\"row-229\">\n\t<td class=\"column-1\">S1<\/td><td class=\"column-2\"><a href=\"https:\/\/www.di.uminho.pt\/~jno\/sitedi\/uc_ME80ME8002006771.html\">Computa\u00e7\u00e3o Qu\u00e2ntica<\/a><\/td><td class=\"column-3\"> [Mestrado em Engenharia F\u00edsica &#8211; F\u00edsica da Informa\u00e7\u00e3o]<\/td><td class=\"column-4\"><a href=\"https:\/\/www.di.uminho.pt\/~jno\/sitedi\/nm_683.html\">Lu\u00eds Manuel Dias Coelho Soares Barbosa<\/a><\/td><td class=\"column-5\"><a href=\"https:\/\/www.di.uminho.pt\/~jno\/sitedi\/nm_12955.html\">Andr\u00e9 Manuel Resende Sequeira<\/a> e <a href=\"https:\/\/www.di.uminho.pt\/~jno\/sitedi\/nm_683.html\">Lu\u00eds Manuel Dias Coelho Soares Barbosa<\/a><\/td>\n<\/tr>\n<tr class=\"row-230\">\n\t<td class=\"column-1\">S1<\/td><td class=\"column-2\"><a href=\"https:\/\/www.di.uminho.pt\/~jno\/sitedi\/uc_ME80ME8002006770.html\">Engenharia F\u00edsica Aplicada<\/a><\/td><td class=\"column-3\"> [Mestrado em Engenharia F\u00edsica &#8211; F\u00edsica da Informa\u00e7\u00e3o]<\/td><td class=\"column-4\"><a href=\"http:\/\/www.degois.pt\/visualizador\/curriculum.jsp?key=7906786999764812\">Lu\u00eds Miguel Valente Gon\u00e7alves<\/a><\/td><td class=\"column-5\"><a href=\"\">Cristina Manuela Peixoto Santos<\/a>, <a href=\"\">Martin Andritschky<\/a> e <a href=\"https:\/\/www.di.uminho.pt\/~jno\/sitedi\/nm_1063.html\">Lu\u00eds Paulo Peixoto Santos<\/a><\/td>\n<\/tr>\n<tr class=\"row-231\">\n\t<td class=\"column-1\">S1<\/td><td class=\"column-2\"><a href=\"https:\/\/www.di.uminho.pt\/~jno\/sitedi\/uc_ME80ME8002006772.html\">Programa\u00e7\u00e3o Probabil\u00edstica<\/a><\/td><td class=\"column-3\"> [Mestrado em Engenharia F\u00edsica &#8211; F\u00edsica da Informa\u00e7\u00e3o]<\/td><td class=\"column-4\"><a href=\"https:\/\/www.di.uminho.pt\/~jno\/sitedi\/nm_1671.html\">Rui Manuel Ribeiro Castro Mendes<\/a><\/td><td class=\"column-5\"><a href=\"https:\/\/www.di.uminho.pt\/~jno\/sitedi\/nm_15013.html\">Marta Vasconcelos Castro Azevedo<\/a> e <a href=\"https:\/\/www.di.uminho.pt\/~jno\/sitedi\/nm_1671.html\">Rui Manuel Ribeiro Castro Mendes<\/a><\/td>\n<\/tr>\n<tr class=\"row-232\">\n\t<td class=\"column-1\">S2<\/td><td class=\"column-2\"><a href=\"https:\/\/www.di.uminho.pt\/~jno\/sitedi\/uc_ME80ME8002006777.html\">Ci\u00eancia de Dados Qu\u00e2ntica<\/a><\/td><td class=\"column-3\"> [Mestrado em Engenharia F\u00edsica &#8211; F\u00edsica da Informa\u00e7\u00e3o]<\/td><td class=\"column-4\"><a href=\"https:\/\/www.di.uminho.pt\/~jno\/sitedi\/nm_1063.html\">Lu\u00eds Paulo Peixoto Santos<\/a><\/td><td class=\"column-5\"><a href=\"https:\/\/www.di.uminho.pt\/~jno\/sitedi\/nm_1063.html\">Lu\u00eds Paulo Peixoto Santos<\/a> e <a href=\"https:\/\/www.di.uminho.pt\/~jno\/sitedi\/nm_12955.html\">Andr\u00e9 Manuel Resende Sequeira<\/a><\/td>\n<\/tr>\n<tr class=\"row-233\">\n\t<td class=\"column-1\">S2<\/td><td class=\"column-2\"><a href=\"https:\/\/www.di.uminho.pt\/~jno\/sitedi\/uc_ME80ME8002006775.html\">Computa\u00e7\u00e3o Ciber-F\u00edsica<\/a><\/td><td class=\"column-3\"> [Mestrado em Engenharia F\u00edsica &#8211; F\u00edsica da Informa\u00e7\u00e3o]<\/td><td class=\"column-4\"><a href=\"https:\/\/www.di.uminho.pt\/~jno\/sitedi\/nm_5832.html\">Renato Jorge Ara\u00fajo Neves<\/a><\/td><td class=\"column-5\"><a href=\"https:\/\/www.di.uminho.pt\/~jno\/sitedi\/nm_5832.html\">Renato Jorge Ara\u00fajo Neves<\/a><\/td>\n<\/tr>\n<tr class=\"row-234\">\n\t<td class=\"column-1\">S2<\/td><td class=\"column-2\"><a href=\"https:\/\/www.di.uminho.pt\/~jno\/sitedi\/uc_ME80ME8002006776.html\">Comunica\u00e7\u00f5es e Redes<\/a><\/td><td class=\"column-3\"> [Mestrado em Engenharia F\u00edsica &#8211; F\u00edsica da Informa\u00e7\u00e3o]<\/td><td class=\"column-4\"><a href=\"https:\/\/www.di.uminho.pt\/~jno\/sitedi\/nm_2276.html\">Pedro Nuno Miranda Sousa<\/a><\/td><td class=\"column-5\"><a href=\"https:\/\/www.di.uminho.pt\/~jno\/sitedi\/nm_14967.html\">Rodrigo Manuel Matos Pereira<\/a> e <a href=\"https:\/\/www.di.uminho.pt\/~jno\/sitedi\/nm_2276.html\">Pedro Nuno Miranda Sousa<\/a><\/td>\n<\/tr>\n<tr class=\"row-235\">\n\t<td class=\"column-1\">S2<\/td><td class=\"column-2\"><a href=\"https:\/\/www.di.uminho.pt\/~jno\/sitedi\/uc_ME80ME8002005181.html\">Criptografia e Seguran\u00e7a da Informa\u00e7\u00e3o<\/a><\/td><td class=\"column-3\"> [Mestrado em Engenharia F\u00edsica &#8211; F\u00edsica da Informa\u00e7\u00e3o]<\/td><td class=\"column-4\"><a href=\"https:\/\/www.di.uminho.pt\/~jno\/sitedi\/nm_1719.html\">Jos\u00e9 Carlos Bacelar Ferreira Junqueira Almeida<\/a><\/td><td class=\"column-5\"><a href=\"https:\/\/www.di.uminho.pt\/~jno\/sitedi\/nm_1719.html\">Jos\u00e9 Carlos Bacelar Ferreira Junqueira Almeida<\/a><\/td>\n<\/tr>\n<tr class=\"row-236\">\n\t<td class=\"column-1\">S2<\/td><td class=\"column-2\"><a href=\"https:\/\/www.di.uminho.pt\/~jno\/sitedi\/uc_ME80ME8002006774.html\">L\u00f3gica Qu\u00e2ntica<\/a><\/td><td class=\"column-3\"> [Mestrado em Engenharia F\u00edsica &#8211; F\u00edsica da Informa\u00e7\u00e3o]<\/td><td class=\"column-4\"><a href=\"https:\/\/www.di.uminho.pt\/~jno\/sitedi\/nm_683.html\">Lu\u00eds Manuel Dias Coelho Soares Barbosa<\/a><\/td><td class=\"column-5\"><a href=\"https:\/\/www.di.uminho.pt\/~jno\/sitedi\/nm_14393.html\">Nico Maximilian Wittrock<\/a> e <a href=\"https:\/\/www.di.uminho.pt\/~jno\/sitedi\/nm_683.html\">Lu\u00eds Manuel Dias Coelho Soares Barbosa<\/a><\/td>\n<\/tr>\n<tr class=\"row-237\">\n\t<td class=\"column-1\">S1<\/td><td class=\"column-2\"><a href=\"https:\/\/www.di.uminho.pt\/~jno\/sitedi\/uc_ME96ME9600006536.html\">Dados e Aprendizagem Autom\u00e1tica<\/a><\/td><td class=\"column-3\"> [Mestrado em Engenharia e Ci\u00eancia de Dados]<\/td><td class=\"column-4\"><a href=\"https:\/\/www.di.uminho.pt\/~jno\/sitedi\/nm_1358.html\">Victor Manuel Rodrigues Alves<\/a><\/td><td class=\"column-5\"><a href=\"https:\/\/www.di.uminho.pt\/~jno\/sitedi\/nm_1358.html\">Victor Manuel Rodrigues Alves<\/a> e <a href=\"https:\/\/www.di.uminho.pt\/~jno\/sitedi\/nm_8990.html\">Francisco Supino Marcondes<\/a><\/td>\n<\/tr>\n<tr class=\"row-238\">\n\t<td class=\"column-1\">S2<\/td><td class=\"column-2\"><a href=\"https:\/\/www.di.uminho.pt\/~jno\/sitedi\/uc_ME96ME9600006554.html\">Aprendizagem Profunda<\/a><\/td><td class=\"column-3\"> [Mestrado em Engenharia e Ci\u00eancia de Dados]<\/td><td class=\"column-4\"><a href=\"https:\/\/www.di.uminho.pt\/~jno\/sitedi\/nm_2035.html\">Miguel Francisco Almeida Pereira Rocha<\/a><\/td><td class=\"column-5\"><a href=\"https:\/\/www.di.uminho.pt\/~jno\/sitedi\/nm_13428.html\">Diogo Macedo Cachetas<\/a>, <a href=\"https:\/\/www.di.uminho.pt\/~jno\/sitedi\/nm_1358.html\">Victor Manuel Rodrigues Alves<\/a> e <a href=\"https:\/\/www.di.uminho.pt\/~jno\/sitedi\/nm_2035.html\">Miguel Francisco Almeida Pereira Rocha<\/a><\/td>\n<\/tr>\n<tr class=\"row-239\">\n\t<td class=\"column-1\">S1<\/td><td class=\"column-2\"><a href=\"https:\/\/www.di.uminho.pt\/~jno\/sitedi\/uc_ML21ML2101003909.html\">Ferramentas Avan\u00e7adas para Tradu\u00e7\u00e3o<\/a><\/td><td class=\"column-3\"> [Mestrado em Tradu\u00e7\u00e3o e Comunica\u00e7\u00e3o Multilingue &#8211; Tradu\u00e7\u00e3o]<\/td><td class=\"column-4\"><a href=\"https:\/\/www.di.uminho.pt\/~jno\/sitedi\/nm_14986.html\">Hugo Daniel dos Santos Macedo<\/a><\/td><td class=\"column-5\"><a href=\"https:\/\/www.di.uminho.pt\/~jno\/sitedi\/nm_14986.html\">Hugo Daniel dos Santos Macedo<\/a><\/td>\n<\/tr>\n<\/tbody>\n<\/table>\n<!-- #tablepress-13 from cache -->\n\n  <\/div>\n  <div class=\"column\" style=\"background-color:#fff;width:0%\">\n    \n  <\/div>\n<\/div>\n\t\t\t\t\t\t\t\t<\/div>\n\t\t\t\t<\/div>\n\t\t\t\t\t<\/div>\n\t\t<\/div>\n\t\t\t\t\t<\/div>\n\t\t<\/section>\n\t\t\t\t<section class=\"ob-is-breaking-bad elementor-section elementor-top-section elementor-element elementor-element-6580682 elementor-section-boxed elementor-section-height-default elementor-section-height-default\" data-id=\"6580682\" data-element_type=\"section\" data-e-type=\"section\" data-settings=\"{&quot;_ob_bbad_use_it&quot;:&quot;yes&quot;,&quot;_ob_bbad_sssic_use&quot;:&quot;no&quot;,&quot;_ob_glider_is_slider&quot;:&quot;no&quot;}\">\n\t\t\t\t\t\t<div class=\"elementor-container elementor-column-gap-default\">\n\t\t\t\t\t<div class=\"elementor-column elementor-col-100 elementor-top-column elementor-element elementor-element-6020ddc\" data-id=\"6020ddc\" data-element_type=\"column\" data-e-type=\"column\" data-settings=\"{&quot;_ob_bbad_is_stalker&quot;:&quot;no&quot;,&quot;_ob_teleporter_use&quot;:false,&quot;_ob_column_hoveranimator&quot;:&quot;no&quot;,&quot;_ob_column_has_pseudo&quot;:&quot;no&quot;}\">\n\t\t\t<div class=\"elementor-widget-wrap elementor-element-populated\">\n\t\t\t\t\t\t\t<\/div>\n\t\t<\/div>\n\t\t\t\t\t<\/div>\n\t\t<\/section>\n\t\t\t\t<section class=\"ob-is-breaking-bad elementor-section elementor-top-section elementor-element elementor-element-c3f5b68 elementor-section-boxed elementor-section-height-default elementor-section-height-default\" data-id=\"c3f5b68\" data-element_type=\"section\" data-e-type=\"section\" data-settings=\"{&quot;_ob_bbad_use_it&quot;:&quot;yes&quot;,&quot;_ob_bbad_sssic_use&quot;:&quot;no&quot;,&quot;_ob_glider_is_slider&quot;:&quot;no&quot;}\">\n\t\t\t\t\t\t<div class=\"elementor-container elementor-column-gap-default\">\n\t\t\t\t\t<div class=\"elementor-column elementor-col-100 elementor-top-column elementor-element elementor-element-dbd9165\" data-id=\"dbd9165\" data-element_type=\"column\" data-e-type=\"column\" data-settings=\"{&quot;_ob_bbad_is_stalker&quot;:&quot;no&quot;,&quot;_ob_teleporter_use&quot;:false,&quot;_ob_column_hoveranimator&quot;:&quot;no&quot;,&quot;_ob_column_has_pseudo&quot;:&quot;no&quot;}\">\n\t\t\t<div class=\"elementor-widget-wrap elementor-element-populated\">\n\t\t\t\t\t\t\t<\/div>\n\t\t<\/div>\n\t\t\t\t\t<\/div>\n\t\t<\/section>\n\t\t\t\t<\/div>\n\t\t","protected":false},"excerpt":{"rendered":"<p>O quadro abaixo elenca as 238 unidades curriculares em que participam actualmente (ano lectivo 2025\/26) os docentes do DIUM. Este quadro, que \u00e9 orden\u00e1vel e pesquis\u00e1vel, \u00e9 complementado pelo que &#8230;<\/p>\n","protected":false},"author":5,"featured_media":0,"parent":0,"menu_order":0,"comment_status":"closed","ping_status":"closed","template":"","meta":{"_exactmetrics_skip_tracking":false,"_exactmetrics_sitenote_active":false,"_exactmetrics_sitenote_note":"","_exactmetrics_sitenote_category":0,"_themeisle_gutenberg_block_has_review":false,"footnotes":""},"class_list":["post-1778","page","type-page","status-publish","hentry"],"_links":{"self":[{"href":"https:\/\/web.di.uminho.pt\/sitedi\/wp-json\/wp\/v2\/pages\/1778","targetHints":{"allow":["GET"]}}],"collection":[{"href":"https:\/\/web.di.uminho.pt\/sitedi\/wp-json\/wp\/v2\/pages"}],"about":[{"href":"https:\/\/web.di.uminho.pt\/sitedi\/wp-json\/wp\/v2\/types\/page"}],"author":[{"embeddable":true,"href":"https:\/\/web.di.uminho.pt\/sitedi\/wp-json\/wp\/v2\/users\/5"}],"replies":[{"embeddable":true,"href":"https:\/\/web.di.uminho.pt\/sitedi\/wp-json\/wp\/v2\/comments?post=1778"}],"version-history":[{"count":92,"href":"https:\/\/web.di.uminho.pt\/sitedi\/wp-json\/wp\/v2\/pages\/1778\/revisions"}],"predecessor-version":[{"id":4500,"href":"https:\/\/web.di.uminho.pt\/sitedi\/wp-json\/wp\/v2\/pages\/1778\/revisions\/4500"}],"wp:attachment":[{"href":"https:\/\/web.di.uminho.pt\/sitedi\/wp-json\/wp\/v2\/media?parent=1778"}],"curies":[{"name":"wp","href":"https:\/\/api.w.org\/{rel}","templated":true}]}}